{"id":2236,"date":"2022-10-14T07:38:50","date_gmt":"2022-10-14T07:38:50","guid":{"rendered":"https:\/\/neos-music.com\/?post_type=product&#038;p=2236"},"modified":"2023-01-28T15:29:08","modified_gmt":"2023-01-28T15:29:08","slug":"rene-wohlhauser-aus-der-tiefe-der-zeit","status":"publish","type":"product","link":"https:\/\/neos-music.com\/en_us\/product\/rene-wohlhauser-aus-der-tiefe-der-zeit\/","title":{"rendered":"Rene Wohlhauser: Aus der Tiefe der Zeit"},"content":{"rendered":"<p>(*Ren\u00e9 Wohlhauser)<\/p>\n<p>Infotext:<\/p>\n<p>AUS DER TIEFE DER ZEIT<br \/>\nWerke f\u00fcr verschiedene Ensemble-Kombinationen<br \/>\nAus der Tiefe der Zeit<br \/>\nEnsemblefassung f\u00fcr Sopran, Bariton, Fl\u00f6te, Klarinette, Violine und Violoncello (2019), auf ein dialogisches Gedicht des Komponisten<br \/>\nErgon 73, Nr. 2, Musikwerknummer 1918<br \/>\nKompositionsauftrag des Fachausschusses Musik Basel-Stadt und Baselland<br \/>\nBei der Aufnahme handelt es sich um eine Studioproduktion mit dem \u00bbEnsemble Polysono\u00ab, das dieses St\u00fcck im Jahre 2020 auf einer Europa-Tournee uraufgef\u00fchrt hat: Christine Simolka (Sopran) \u00b7 Ren\u00e9 Wohlhauser (Bariton) \u00b7 Anastasia Chulkowa (Fl\u00f6te) \u00b7 Andriy Bandurin (Klarinette) \u00b7 Maria Ten (Violine) \u00b7 Vladislav Smirnov (Violoncello)<br \/>\nKonflikte zwischen Gegens\u00e4tzlichem geh\u00f6ren zur heutigen Lebensrealit\u00e4t. Das \u00bbKonzept des Gegens\u00e4tzlichen\u00ab ist auch ein Thema in diesem Werk auf ein dialogisches Gedicht des Komponisten.<br \/>\nDer Konflikt findet bereits auf der Textebene statt, einerseits in Form eines relativ traditionellen Reimgedichts, das aber bereits als Gedicht selber durch eine kritisch-reflektierende Haltung, gestaltet als ironisch-sp\u00f6ttische Zwischenkommentare, aufgebrochen wird. Daraus ergibt sich eine neue Textform, die ich als \u00bbdialogisches Gedicht\u00ab bezeichne.<br \/>\nDieser Anlage folgt die Gestaltung der Singstimmen. Der eher belcanto-artigen Linienf\u00fchrung der einen Stimme setzt die andere Stimme st\u00f6rende und irritierende Momente entgegen.<br \/>\nAngesichts dieser Antagonismen des vokalen Disputs suchen die Instrumente nach ihrer Rolle zwischen den Fronten. Sie bewegen sich eher in einem ger\u00e4uschhaften Bereich, so als w\u00fcrden sie sich einerseits zur\u00fcckhalten, versuchen aber gleichzeitig auch Verbindungen zwischen den Gegens\u00e4tzen zu schaffen, was ihnen jedoch kaum gelingt. Es ist ein Ringen um Einheit, wo keine Einheit m\u00f6glich ist.<br \/>\nAus diesen Konflikten und dem Ringen erw\u00e4chst die Spannung des St\u00fcckes. Werden sich die gegens\u00e4tzlichen Positionen aufeinander zubewegen? F\u00e4rben die Positionen aufeinander ab? Oder vermischen sie sich nicht, sondern behalten sie ihre Individualit\u00e4t bei, wenn auch in gewandelter Gestalt?<br \/>\nIm Laufe des Kompositionsprozesses wird aus dieser Art des \u00bbdialektischen Komponierens\u00ab ein neues Ganzes, das mehr ist als die Summe seiner Teile und mit einer Struktur, die es vorher so noch nicht gegeben hat.<br \/>\nDas St\u00fcck ist wie eine kleine dialogische Oper angelegt, da nicht nur einfach ein Gedicht vertont wird, sondern indem durch kritische und ironische Zwischenkommentare ein konfliktreicher Dialog aufgebaut wird, der durch die Manifestation verschiedener Sichtweisen eine konfrontationsgeladene Dramatik in Gang setzt.<br \/>\nEs ist der Konflikt zwischen verschiedenen Gesellschaftsschichten, zwischen verschiedenen \u00e4sthetischen Lebensentw\u00fcrfen und Weltansichten, in diesem St\u00fcck dargestellt durch den Gegensatz zwischen abgehobener Poesiesprache und Alltagssarkasmus. In dieser Weise kommen in meinem Werk die Dramen des Lebens zum Ausdruck.<\/p>\n<p>Duo f\u00fcr Klarinette und Klavier<br \/>\n2. Fassung (2014\u2009\/\u20092018)<br \/>\nErgon 55, Nr. 2, Musikwerknummer 1874<br \/>\nBei der Aufnahme handelt es sich um eine Studioproduktion mit Mitgliedern des \u00bbEnsemble Polysono\u00ab, die das St\u00fcck im Jahre 2020 auf einer Europa-Tournee uraufgef\u00fchrt haben: Andriy Bandurin (Klarinette) \u00b7 Ren\u00e9 Wohlhauser (Klavier)<br \/>\nDie Komposition eines Duos bietet sich daf\u00fcr an, verschiedene Kommunikationsformen der beiden Instrumente zueinander zu thematisieren und kompositorisch auszuleuchten. Es geht um die Entwicklung verschiedener Ausdrucksgesten und figureller Strukturentwicklungen als Kommunikationsmittel zwischen den beiden Instrumenten. Gibt es eine sprechende Gestik der Figuren? Gibt es einen gr\u00f6\u00dferen oder kleineren Kommunikationsgrad von Figuren oder Strukturen? Wie entwickelt sich das musikalische Gespr\u00e4ch?<br \/>\nFormal interessant sind bestimmte Inselmomente und auf- und abwallende Energiestr\u00f6me, die eine flexible formale Wahrnehmung erm\u00f6glichen.<br \/>\nEs wurden verschiedene Formen des Ineinandergreifens und Verzahnens disparater Strukturen untersucht im Zusammenhang mit der Art und Weise, wie neue Ideen vorbereitet und eingef\u00fchrt werden, was zu einer Art \u00bbStrukturdurchflutung\u00ab des stilistischen Kontextes f\u00fchrte. Dabei wurde auf einen Einbezug der heutzutage allgegenw\u00e4rtigen Ger\u00e4uschmode weitgehend bewusst verzichtet und demgegen\u00fcber die Suche nach einer anderen Qualit\u00e4t von Tonschwingungen aktiviert. Eigent\u00fcmliche Wendungen f\u00fchren, in Verbindung mit einer markanten Rhythmik, zu einer speziellen Art von musikalischem Humor.<\/p>\n<p>Miramsobale<br \/>\nf\u00fcr Sopran und Violine (2019), auf ein Gedicht des Komponisten<br \/>\nErgon 74, Nr. 1, Musikwerknummer 1922<br \/>\nBei der Aufnahme handelt es sich um eine Studioproduktion mit Mitgliedern des \u00bbEnsemble Polysono\u00ab, die das St\u00fcck im Jahre 2020 auf einer Europa-Tournee uraufgef\u00fchrt haben: Christine Simolka (Sopran) \u00b7 Maria Ten (Violine)<br \/>\nDas St\u00fcck verbindet ein mysteri\u00f6ses Kontrastgedicht des Komponisten mit der Musik. Das Gedicht besteht sowohl aus lautpoetischen wie auch aus semantischen und aus rand-semantischen Textbestandteilen, die eher verschiedene Stimmungszust\u00e4nde suggerieren, als dass sie klare Aussagen machen. Dadurch werden die sprachlichen Grenzen zwischen Semantik und Non-Semantik flie\u00dfend und durchl\u00e4ssig. Durch das R\u00e4tselhafte und Geheimnisvolle der Sprachf\u00fchrung wird sozusagen die Sprache selbst zu einer Art Meta-Musik, w\u00e4hrend sich umgekehrt die Musik der Sprachlichkeit ann\u00e4hert. Dadurch werden auch die Grenzen zwischen Musik und Sprache flie\u00dfend. Die disparaten Textbestandteile werden durch den Sog der Musik zusammengehalten. Die musikalische Rhetorik wird durch den zupackenden Impetus im rhythmischen und gestischen Bereich verst\u00e4rkt. Dadurch entsteht noch eine weitere Verschiebung der Wahrnehmung. Es entsteht nicht nur eine starke Ann\u00e4herung zwischen Sprache und Musik, sondern die Funktionen tendieren dazu, sich in ihr Gegenteil zu verkehren. Die non-verbale Musik gewinnt an konkreter, fast sprachlicher Aussagekraft, w\u00e4hrend die verbale Sprache ihr Konkretum verliert und sich eher wie Musik verh\u00e4lt.<\/p>\n<p>Duo f\u00fcr Violine und Klavier Nr. 2 [Violin-Klavier-Duo Nr. 2] (2019)<br \/>\nErgon 70, Musikwerknummer 1892<br \/>\nBei der Aufnahme handelt es sich um eine Studioproduktion mit Elia Seiffert (Violine) und Ren\u00e9 Wohlhauser (Klavier), die das St\u00fcck im Jahre 2019 uraufgef\u00fchrt haben.<br \/>\nIn diesem St\u00fcck setzte ich meine in den letzten Jahren begonnene Erforschung grundlegender musikalischer Entwicklungsstrategien fort, die unabh\u00e4ngig von Tonalit\u00e4t oder Atonalit\u00e4t in den verschiedensten Stilen und Genres vorkommen. Diese Strategien finden in diesem Werk durch unterschiedliche Arten ihrer Entwicklungsvorg\u00e4nge Anwendung (Abwandlungen, Steigerungen und Verdichtungen).<br \/>\nZudem bekommt dieses St\u00fcck durch eine ausgepr\u00e4gte Rhythmizit\u00e4t eine starke vitale Schubkraft, gepaart mit einer weit ausstrahlenden Sinnlichkeit, wie sie auch in Werken aus der klassischen Periode zu finden ist. Auch dies stellt eine Weiterf\u00fchrung einer Entwicklungslinie dar, die ich in den vergangenen Jahren begonnen habe.<br \/>\nEs finden sich einerseits Passagen, die rhythmisch an die Klassik erinnern, die andererseits aber auch rhythmische Elemente aus dem Jazz und der Rockmusik beinhalten, die jedoch so stark abgewandelt und verfremdet sind, dass daraus eine genuin neue Rhythmik entsteht.<\/p>\n<p>Im Tempo der Wahrnehmung<br \/>\nKlaviertrio Nr. 1 f\u00fcr Violine, Violoncello und Klavier (2019)<br \/>\nErgon 72, Musikwerknummer 1910<br \/>\nBei der Aufnahme handelt es sich um eine Studioproduktion mit Mitgliedern des \u00bbEnsemble Polysono\u00ab, die das St\u00fcck im Jahre 2020 auf einer Europa-Tournee uraufgef\u00fchrt haben: Maria Ten (Violine) \u00b7 Vladislav Smirnov (Violoncello) \u00b7 Ren\u00e9 Wohlhauser (Klavier)<br \/>\nDas Tempo der Wahrnehmung von Zeit \u00e4ndert sich in diesem St\u00fcck mehrmals erheblich. Nach einem rasenden Anfang kommt es (im Takt 23) ins Stocken. (Ein \u00bbstockendes Wahrnehmungstempo\u00ab.) Kurz danach wird die Musik fl\u00e4chig und das Tempo kommt sozusagen zum Stehen. Dann vollzieht das Klavier allein eine stufenlose Beschleunigung und Verlangsamung und zieht das wahrnehmende Subjekt in den Erfahrungsstrudel dieser fluktuierenden Wahrnehmungstempomodulationen hinein. Als n\u00e4chstes gelangen wir in einen sehr ruhigen Teil, der aber im gleichen Grundtempo wie der Anfang steht und somit deutlich macht, dass nicht das metronomische Tempo \u00fcber das Tempo der Wahrnehmung entscheidet (Takte 46ff). Nach einer allm\u00e4hlichen R\u00fcckkehr in die schnelle Bewegung des Anfangs, die nun aber zuerst in fragmentierter Gestalt erscheint, bevor die Musik wieder zur durchgehenden Bewegung findet, und ohne dass sich das Grundtempo je ge\u00e4ndert h\u00e4tte, wird nun diese durchgehend erreichte Bewegung j\u00e4h unterbrochen (Takt 87). Der gestoppte Ausdruckswille reagiert auf diese Einschnitte aggressiv und trotzig mit einer zunehmend erh\u00f6hten Verdichtung der Bewegung (ab Takt 95). Nach einer Zur\u00fccknahme (ab Takt 109) und einer Bedeutungswende der Klanglichkeit (ab Takt 113) scheint sich das St\u00fcck mit einer Coda seinem Ende zuzuneigen (Takt 122). Das Ende ist aber noch nicht erreicht, da wesentliche Aussagen noch nicht gemacht wurden. Es folgt nun ein Teil, in dem das sich immer wieder \u00e4ndernde Wahrnehmungstempo in eigentliche mehrfache Tempomodulationen umschl\u00e4gt, bevor das St\u00fcck (ab Takt 166) mit einer \u00bbfragmentierten Sample-Reprise\u00ab eine weitere gro\u00dfe Schlaufe dreht, um dann endlich, relativ abrupt abgestoppt, nachdem alles gesagt wurde, in den Schluss zu m\u00fcnden.<\/p>\n<p>Duo f\u00fcr Fl\u00f6te und Violoncello Nr. 1 (2019)<br \/>\nErgon 75, Musikwerknummer 1925<br \/>\nBei der Aufnahme handelt es sich um eine Studioproduktion mit Mitgliedern des \u00bbEnsemble Polysono\u00ab, die das St\u00fcck im Jahre 2020 auf einer Europa-Tournee uraufgef\u00fchrt haben: Anastasia Chulkowa (Fl\u00f6te) \u00b7 Vladislav Smirnov (Violoncello)<br \/>\nAm Anfang des St\u00fcckes wird das Material exponiert, das daraufhin verarbeitet wird: ein Triller und eine schnelle Bewegung. Ableitungen von diesem Material finden sich im ganzen St\u00fcck wieder.<br \/>\nNach schnellen, virtuosen Bewegungen im ersten Abschnitt, versucht das St\u00fcck in sich zu gehen und leise in die Tiefe zu horchen. Die Triller werden vom Cello nur noch auf dem Korpus gespielt. In einer Variation dieses zweiten Abschnitts steigern sich die beiden Instrumente zur reliefartigen Vierstimmigkeit, die durch die Infiltration von klanglich kontrastierendem Gegenmaterial erreicht wird. Nach der reprisenartigen Wiederkehr des Anfangsmaterials mit den Trillern und den schnellen Bewegungen setzt nun eine andere Art der schnellen Bewegung ein: ein wilder Disput zweier Kontrahenten, die sich immer mehr gegenseitig ins Wort fallen. Danach besinnen sich die beiden, werden wieder leise und suchen nach Verinnerlichung. Gegen Ende dieses Teils spielt die Fl\u00f6te die Triller als Klappenger\u00e4uschtriller in Analogie zu den Korpus-Trillern des Cellos im zweiten Abschnitt. Der letzte Klappenger\u00e4uschtriller leitet \u00fcber zu einem Abschnitt mit verschiedenen Formen von schneller Bewegung, bevor im Schlussabschnitt die zusammengefasste, kondensierte Bewegungsfigur immer mehr durchl\u00f6chert wird, bis sie zum Stehen kommt.<br \/>\nEs sind formal klar getrennte, kontrastierende Teile, die gegenseitig aufeinander Bezug nehmen und die sich gegenseitig in Frage stellen. Die einzelnen Teile sind miteinander verwandt, ohne sich wortw\u00f6rtlich zu entsprechen. Es sind Kontraste zwischen Hektik und Poesie, zwischen Ausbruch und Verebbung, zwischen Gesch\u00e4ftigkeit und Einkehr, zwischen Ent\u00e4u\u00dferung und Verinnerlichung, zwischen zu viel und fast nichts. Durch die Verinnerlichung wird die schnelle Bewegung kritisch reflektiert und somit substanzieller. Andererseits geht es auch um die<br \/>\nBefreiung vom kritisch-reflektierenden Korsett, es geht um die Entfesselung der Phantasie. Durch ihre Imaginationskraft lassen wir uns von der Musik irgendwohin entf\u00fchren, wo wir noch nicht gewesen sind.<\/p>\n<p>Kr\u00e4henhauber<br \/>\nf\u00fcr Sopran, Bariton (mit zus\u00e4tzlicher Sprechstimme) und Perkussion (2019), auf ein Gedicht des Komponisten<br \/>\nErgon 71, Musikwerknummer 1909<br \/>\nBei der Aufnahme handelt es sich um eine Studioproduktion mit Christine Simolka (Sopran) und Ren\u00e9 Wohlhauser (Bariton und Perkussion), die das St\u00fcck im Jahre 2019 auf einer Europa-Tournee uraufgef\u00fchrt haben.<br \/>\nWie kann Neuheit in der H\u00f6rerfahrung erreicht werden, wenn einstmals avancierte Vokaltechniken nicht mehr avanciert sind? Die Avanciertheit im Klanglichen und ihre Anwendung garantieren alleine noch keine qualitativ hochstehende Komposition. Entscheidender daf\u00fcr ist die Art und Weise, in der ein Komponist seine Mittel und M\u00f6glichkeiten in einer Komposition disponiert und entwickelt. In diesem Sinne versucht dieses St\u00fcck, neuartige Entwicklungsverl\u00e4ufe zu erkunden, die bisher noch unbekannte Sichtweisen auf bekannte Materialien er\u00f6ffnen. Konflikte zwischen verschiedenen Materialzust\u00e4nden werden nicht vermieden, sondern bewusst herbeigef\u00fchrt, um aus der Energie des Aufeinanderprallens die Kraft zu gewinnen, T\u00fcren zu bisher noch nicht bekannten Ausdrucksbereichen aufzusto\u00dfen. Mikrotonale Gesangslinien, kombiniert mit gesprochenen und geschlagenen Passagen, bilden den Ausgangspunkt f\u00fcr eine bisher in dieser Art noch nicht bekannte Klanggeschichte, die durch verschiedene Stufen der Steigerung und Verdichtung einerseits und der Fragmentierung andererseits zu einer Radikalisierung des Materials f\u00fchrt, die erst in dieser Radikalisierung zum eigentlichen Wesen der Substanz vorzudringen vermag. Erst nach dem Durchlaufen dieses radikalisierten Zustandes ist die Wahrnehmung bereit f\u00fcr die eigentliche klangliche Offenbarung, die eine neue, tiefe H\u00f6rerfahrung erm\u00f6glicht.<\/p>\n<p>Mochlan<br \/>\nf\u00fcr Sopran und Bariton (2020), auf ein Gedicht des Komponisten<br \/>\nErgon 77, Musikwerknummer 1953<br \/>\nBei der Aufnahme handelt es sich um eine Studioproduktion mit Christine Simolka (Sopran) und Ren\u00e9 Wohlhauser (Bariton), die das St\u00fcck im Jahre 2020 auf einer Europa-Tournee uraufgef\u00fchrt haben.<br \/>\nIn einer Zeit gro\u00dfer Perspektivlosigkeit und Ungewissheit, in der \u00f6ffentliche Konzerte (als Sinnbild f\u00fcr unmittelbaren k\u00fcnstlerischen Ausdruck und f\u00fcr die Kommunikation mit dem Publikum) auf unbestimmte Zeit wegen des Corona-Virus untersagt waren, reifte in mir die Notwendigkeit, diesem desolaten \u00e4u\u00dferen Zustand eine unbeugsame innere Welt entgegenzusetzen. Deshalb ist das Werk gepr\u00e4gt von einer dunklen Grundstimmung, gegen die sich immer st\u00e4rkerer Widerstand regt und die immer wieder durch Ausbr\u00fcche und Kontraste aufgebrochen wird. Durch das Vordringen in das Innere des Klangs, durch das Bestreben, das Innere des Klangs nach au\u00dfen zu legen und in komplexen Strukturen zu verstreben, wird die d\u00fcstere, bedr\u00fcckende Stimmung der Corona-Zeit gleichsam von innen her verf\u00e4rbt, durchbrochen und umgeformt. Das Ungreifbare des (von blo\u00dfem Auge) nicht sichtbaren Virus wird selber virulent und entbindet schlummernde Kr\u00e4fte des Widerstands und der Unbeugsamkeit. So wird das Werk zu einem Symbol der Resistenz und der Auflehnung gegen zerst\u00f6rerische Kr\u00e4fte. Kultur als geistige Nahrung und Notwendigkeit, um dem Menschen die Kraft zu verleihen, die W\u00fcrde zu einem selbstbestimmten Leben zur\u00fcckzuerlangen.<\/p>\n<p>Ren\u00e9 Wohlhauser<\/p>\n<p>Programm:<\/p>\n<p>Aus der Tiefe der Zeit<br \/>\nWerke f\u00fcr verschiedene Ensemble-Kombinationen, eingespielt vom \u201cEnsemble Polysono\u201d [01\u201303, 05\u201306], Elia Seiffert und Ren\u00e9 Wohlhauser [04] und dem \u201cDuo Simolka\u2013Wohlhauser\u201d [07\u201308]<\/p>\n<p>[01] Aus der Tiefe der Zeit Ensemblefassung (2019) 13:03<br \/>\nf\u00fcr Sopran, Bariton, Fl\u00f6te, Klarinette, Vionine und Violoncello, auf ein dialogisches Gedicht des Komponisten<\/p>\n<p>[02] Duo f\u00fcr Klarinette und Klavier 2. Fassung (2014\/2018) 11:12<\/p>\n<p>[03] Miramsobale (2019) 10:35<br \/>\nf\u00fcr Sopran und Violine, auf ein Gedicht des Komponisten<\/p>\n<p>[04] Duo f\u00fcr Violine und Klavier Nr. 2 [Violin-Klavier-Duo Nr. 2] (2019) 10:39<\/p>\n<p>[05] Im Tempo der Wahrnehmung Klaviertrio Nr. 1 (2019) 11:32<br \/>\nf\u00fcr Violine, Violoncello und Klavier<\/p>\n<p>[06] Duo f\u00fcr Fl\u00f6te und Violoncello Nr. 1 (2019) 07:56<\/p>\n<p>[07] Kr\u00e4henhauber (2019) 07:14<br \/>\nf\u00fcr Sopran, Bariton (mit zus\u00e4tzlicher Sprechstimme) und Schlagzeug, auf ein Gedicht des Komponisten<\/p>\n<p>[08] Mochlan (2020) 07:05<br \/>\nf\u00fcr Sopran und Bariton, auf ein Gedicht des Komponisten<\/p>\n<p>Gesamtspielzeit: 79:21<\/p>\n<p>Ersteinspielungen<\/p>\n","protected":false},"excerpt":{"rendered":"<p>(*Ren\u00e9 Wohlhauser) Infotext: AUS DER TIEFE DER ZEIT Werke f\u00fcr verschiedene Ensemble-Kombinationen Aus der Tiefe der Zeit Ensemblefassung f\u00fcr Sopran, Bariton, Fl\u00f6te, Klarinette, Violine und Violoncello (2019), auf ein dialogisches Gedicht des Komponisten Ergon 73, Nr. 2, Musikwerknummer 1918 Kompositionsauftrag des Fachausschusses Musik Basel-Stadt und Baselland Bei der Aufnahme handelt es sich um eine Studioproduktion [&hellip;]<\/p>\n","protected":false},"featured_media":2237,"template":"","meta":{"site-sidebar-layout":"default","site-content-layout":"default","ast-site-content-layout":"default","site-content-style":"default","site-sidebar-style":"default","ast-global-header-display":"","ast-banner-title-visibility":"","ast-main-header-display":"","ast-hfb-above-header-display":"","ast-hfb-below-header-display":"","ast-hfb-mobile-header-display":"","site-post-title":"","ast-breadcrumbs-content":"","ast-featured-img":"","footer-sml-layout":"","theme-transparent-header-meta":"default","adv-header-id-meta":"","stick-header-meta":"","header-above-stick-meta":"","header-main-stick-meta":"","header-below-stick-meta":"","astra-migrate-meta-layouts":"default","ast-page-background-enabled":"default","ast-page-background-meta":{"desktop":{"background-color":"","background-image":"","background-repeat":"repeat","background-position":"center center","background-size":"auto","background-attachment":"scroll","background-type":"","background-media":"","overlay-type":"","overlay-color":"","overlay-opacity":"","overlay-gradient":""},"tablet":{"background-color":"","background-image":"","background-repeat":"repeat","background-position":"center center","background-size":"auto","background-attachment":"scroll","background-type":"","background-media":"","overlay-type":"","overlay-color":"","overlay-opacity":"","overlay-gradient":""},"mobile":{"background-color":"","background-image":"","background-repeat":"repeat","background-position":"center center","background-size":"auto","background-attachment":"scroll","background-type":"","background-media":"","overlay-type":"","overlay-color":"","overlay-opacity":"","overlay-gradient":""}},"ast-content-background-meta":{"desktop":{"background-color":"var(--ast-global-color-5)","background-image":"","background-repeat":"repeat","background-position":"center center","background-size":"auto","background-attachment":"scroll","background-type":"","background-media":"","overlay-type":"","overlay-color":"","overlay-opacity":"","overlay-gradient":""},"tablet":{"background-color":"var(--ast-global-color-5)","background-image":"","background-repeat":"repeat","background-position":"center center","background-size":"auto","background-attachment":"scroll","background-type":"","background-media":"","overlay-type":"","overlay-color":"","overlay-opacity":"","overlay-gradient":""},"mobile":{"background-color":"var(--ast-global-color-5)","background-image":"","background-repeat":"repeat","background-position":"center center","background-size":"auto","background-attachment":"scroll","background-type":"","background-media":"","overlay-type":"","overlay-color":"","overlay-opacity":"","overlay-gradient":""}}},"product_brand":[],"product_cat":[26],"product_tag":[],"class_list":{"0":"post-2236","1":"product","2":"type-product","3":"status-publish","4":"has-post-thumbnail","6":"product_cat-zeitgenossische-musik","7":"pa_artikelnummer-neos-12227","8":"pa_brand-neos-music","9":"pa_ean-32","10":"desktop-align-left","11":"tablet-align-left","12":"mobile-align-left","14":"first","15":"instock","16":"taxable","17":"shipping-taxable","18":"purchasable","19":"product-type-simple"},"yoast_head":"<!-- This site is optimized with the Yoast SEO plugin v27.5 - https:\/\/yoast.com\/product\/yoast-seo-wordpress\/ -->\n<title>Rene Wohlhauser: Aus der Tiefe der Zeit - NEOS Music<\/title>\n<meta name=\"robots\" content=\"index, follow, max-snippet:-1, max-image-preview:large, max-video-preview:-1\" \/>\n<link rel=\"canonical\" href=\"https:\/\/neos-music.com\/en_us\/product\/rene-wohlhauser-aus-der-tiefe-der-zeit\/\" \/>\n<meta property=\"og:locale\" content=\"en_US\" \/>\n<meta property=\"og:type\" content=\"article\" \/>\n<meta property=\"og:title\" content=\"Rene Wohlhauser: Aus der Tiefe der Zeit - NEOS Music\" \/>\n<meta property=\"og:description\" content=\"(*Ren\u00e9 Wohlhauser) Infotext: AUS DER TIEFE DER ZEIT Werke f\u00fcr verschiedene Ensemble-Kombinationen Aus der Tiefe der Zeit Ensemblefassung f\u00fcr Sopran, Bariton, Fl\u00f6te, Klarinette, Violine und Violoncello (2019), auf ein dialogisches Gedicht des Komponisten Ergon 73, Nr. 2, Musikwerknummer 1918 Kompositionsauftrag des Fachausschusses Musik Basel-Stadt und Baselland Bei der Aufnahme handelt es sich um eine Studioproduktion [&hellip;]\" \/>\n<meta property=\"og:url\" content=\"https:\/\/neos-music.com\/en_us\/product\/rene-wohlhauser-aus-der-tiefe-der-zeit\/\" \/>\n<meta property=\"og:site_name\" content=\"NEOS Music\" \/>\n<meta property=\"article:modified_time\" content=\"2023-01-28T15:29:08+00:00\" \/>\n<meta property=\"og:image\" content=\"https:\/\/neos-music.com\/wp-content\/uploads\/2022\/11\/Rene-Wohlhauser-Aus-der-Tiefe-der-Zeit.jpeg\" \/>\n\t<meta property=\"og:image:width\" content=\"1650\" \/>\n\t<meta property=\"og:image:height\" content=\"1483\" \/>\n\t<meta property=\"og:image:type\" content=\"image\/jpeg\" \/>\n<meta name=\"twitter:card\" content=\"summary_large_image\" \/>\n<meta name=\"twitter:label1\" content=\"Est. reading time\" \/>\n\t<meta name=\"twitter:data1\" content=\"13 minutes\" \/>\n<script type=\"application\/ld+json\" class=\"yoast-schema-graph\">{\"@context\":\"https:\\\/\\\/schema.org\",\"@graph\":[{\"@type\":\"WebPage\",\"@id\":\"https:\\\/\\\/neos-music.com\\\/product\\\/rene-wohlhauser-aus-der-tiefe-der-zeit\\\/\",\"url\":\"https:\\\/\\\/neos-music.com\\\/product\\\/rene-wohlhauser-aus-der-tiefe-der-zeit\\\/\",\"name\":\"Rene Wohlhauser: Aus der Tiefe der Zeit - NEOS Music\",\"isPartOf\":{\"@id\":\"https:\\\/\\\/neos-music.com\\\/#website\"},\"primaryImageOfPage\":{\"@id\":\"https:\\\/\\\/neos-music.com\\\/product\\\/rene-wohlhauser-aus-der-tiefe-der-zeit\\\/#primaryimage\"},\"image\":{\"@id\":\"https:\\\/\\\/neos-music.com\\\/product\\\/rene-wohlhauser-aus-der-tiefe-der-zeit\\\/#primaryimage\"},\"thumbnailUrl\":\"https:\\\/\\\/i0.wp.com\\\/neos-music.com\\\/wp-content\\\/uploads\\\/2022\\\/11\\\/Rene-Wohlhauser-Aus-der-Tiefe-der-Zeit.jpeg?fit=1650%2C1483&ssl=1\",\"datePublished\":\"2022-10-14T07:38:50+00:00\",\"dateModified\":\"2023-01-28T15:29:08+00:00\",\"breadcrumb\":{\"@id\":\"https:\\\/\\\/neos-music.com\\\/product\\\/rene-wohlhauser-aus-der-tiefe-der-zeit\\\/#breadcrumb\"},\"inLanguage\":\"en-US\",\"potentialAction\":[{\"@type\":\"ReadAction\",\"target\":[\"https:\\\/\\\/neos-music.com\\\/product\\\/rene-wohlhauser-aus-der-tiefe-der-zeit\\\/\"]}]},{\"@type\":\"ImageObject\",\"inLanguage\":\"en-US\",\"@id\":\"https:\\\/\\\/neos-music.com\\\/product\\\/rene-wohlhauser-aus-der-tiefe-der-zeit\\\/#primaryimage\",\"url\":\"https:\\\/\\\/i0.wp.com\\\/neos-music.com\\\/wp-content\\\/uploads\\\/2022\\\/11\\\/Rene-Wohlhauser-Aus-der-Tiefe-der-Zeit.jpeg?fit=1650%2C1483&ssl=1\",\"contentUrl\":\"https:\\\/\\\/i0.wp.com\\\/neos-music.com\\\/wp-content\\\/uploads\\\/2022\\\/11\\\/Rene-Wohlhauser-Aus-der-Tiefe-der-Zeit.jpeg?fit=1650%2C1483&ssl=1\",\"width\":1650,\"height\":1483},{\"@type\":\"BreadcrumbList\",\"@id\":\"https:\\\/\\\/neos-music.com\\\/product\\\/rene-wohlhauser-aus-der-tiefe-der-zeit\\\/#breadcrumb\",\"itemListElement\":[{\"@type\":\"ListItem\",\"position\":1,\"name\":\"Startseite\",\"item\":\"https:\\\/\\\/neos-music.com\\\/\"},{\"@type\":\"ListItem\",\"position\":2,\"name\":\"Produkte\",\"item\":\"https:\\\/\\\/neos-music.com\\\/shop__trashed\\\/\"},{\"@type\":\"ListItem\",\"position\":3,\"name\":\"Rene Wohlhauser: Aus der Tiefe der Zeit\"}]},{\"@type\":\"WebSite\",\"@id\":\"https:\\\/\\\/neos-music.com\\\/#website\",\"url\":\"https:\\\/\\\/neos-music.com\\\/\",\"name\":\"NEOS Music\",\"description\":\"Dein Online Shop f\u00fcr zeitgen\u00f6ssische Musik, Jazz und Classics!\",\"publisher\":{\"@id\":\"https:\\\/\\\/neos-music.com\\\/#organization\"},\"potentialAction\":[{\"@type\":\"SearchAction\",\"target\":{\"@type\":\"EntryPoint\",\"urlTemplate\":\"https:\\\/\\\/neos-music.com\\\/?s={search_term_string}\"},\"query-input\":{\"@type\":\"PropertyValueSpecification\",\"valueRequired\":true,\"valueName\":\"search_term_string\"}}],\"inLanguage\":\"en-US\"},{\"@type\":\"Organization\",\"@id\":\"https:\\\/\\\/neos-music.com\\\/#organization\",\"name\":\"NEOS Music\",\"url\":\"https:\\\/\\\/neos-music.com\\\/\",\"logo\":{\"@type\":\"ImageObject\",\"inLanguage\":\"en-US\",\"@id\":\"https:\\\/\\\/neos-music.com\\\/#\\\/schema\\\/logo\\\/image\\\/\",\"url\":\"https:\\\/\\\/i0.wp.com\\\/neos-music.com\\\/wp-content\\\/uploads\\\/2025\\\/08\\\/NEOS-Logo-weiss.png?fit=800%2C203&ssl=1\",\"contentUrl\":\"https:\\\/\\\/i0.wp.com\\\/neos-music.com\\\/wp-content\\\/uploads\\\/2025\\\/08\\\/NEOS-Logo-weiss.png?fit=800%2C203&ssl=1\",\"width\":800,\"height\":203,\"caption\":\"NEOS Music\"},\"image\":{\"@id\":\"https:\\\/\\\/neos-music.com\\\/#\\\/schema\\\/logo\\\/image\\\/\"}}]}<\/script>\n<!-- \/ Yoast SEO plugin. -->","yoast_head_json":{"title":"Rene Wohlhauser: Aus der Tiefe der Zeit - NEOS Music","robots":{"index":"index","follow":"follow","max-snippet":"max-snippet:-1","max-image-preview":"max-image-preview:large","max-video-preview":"max-video-preview:-1"},"canonical":"https:\/\/neos-music.com\/en_us\/product\/rene-wohlhauser-aus-der-tiefe-der-zeit\/","og_locale":"en_US","og_type":"article","og_title":"Rene Wohlhauser: Aus der Tiefe der Zeit - NEOS Music","og_description":"(*Ren\u00e9 Wohlhauser) Infotext: AUS DER TIEFE DER ZEIT Werke f\u00fcr verschiedene Ensemble-Kombinationen Aus der Tiefe der Zeit Ensemblefassung f\u00fcr Sopran, Bariton, Fl\u00f6te, Klarinette, Violine und Violoncello (2019), auf ein dialogisches Gedicht des Komponisten Ergon 73, Nr. 2, Musikwerknummer 1918 Kompositionsauftrag des Fachausschusses Musik Basel-Stadt und Baselland Bei der Aufnahme handelt es sich um eine Studioproduktion [&hellip;]","og_url":"https:\/\/neos-music.com\/en_us\/product\/rene-wohlhauser-aus-der-tiefe-der-zeit\/","og_site_name":"NEOS Music","article_modified_time":"2023-01-28T15:29:08+00:00","og_image":[{"width":1650,"height":1483,"url":"https:\/\/neos-music.com\/wp-content\/uploads\/2022\/11\/Rene-Wohlhauser-Aus-der-Tiefe-der-Zeit.jpeg","type":"image\/jpeg"}],"twitter_card":"summary_large_image","twitter_misc":{"Est. reading time":"13 minutes"},"schema":{"@context":"https:\/\/schema.org","@graph":[{"@type":"WebPage","@id":"https:\/\/neos-music.com\/product\/rene-wohlhauser-aus-der-tiefe-der-zeit\/","url":"https:\/\/neos-music.com\/product\/rene-wohlhauser-aus-der-tiefe-der-zeit\/","name":"Rene Wohlhauser: Aus der Tiefe der Zeit - NEOS Music","isPartOf":{"@id":"https:\/\/neos-music.com\/#website"},"primaryImageOfPage":{"@id":"https:\/\/neos-music.com\/product\/rene-wohlhauser-aus-der-tiefe-der-zeit\/#primaryimage"},"image":{"@id":"https:\/\/neos-music.com\/product\/rene-wohlhauser-aus-der-tiefe-der-zeit\/#primaryimage"},"thumbnailUrl":"https:\/\/i0.wp.com\/neos-music.com\/wp-content\/uploads\/2022\/11\/Rene-Wohlhauser-Aus-der-Tiefe-der-Zeit.jpeg?fit=1650%2C1483&ssl=1","datePublished":"2022-10-14T07:38:50+00:00","dateModified":"2023-01-28T15:29:08+00:00","breadcrumb":{"@id":"https:\/\/neos-music.com\/product\/rene-wohlhauser-aus-der-tiefe-der-zeit\/#breadcrumb"},"inLanguage":"en-US","potentialAction":[{"@type":"ReadAction","target":["https:\/\/neos-music.com\/product\/rene-wohlhauser-aus-der-tiefe-der-zeit\/"]}]},{"@type":"ImageObject","inLanguage":"en-US","@id":"https:\/\/neos-music.com\/product\/rene-wohlhauser-aus-der-tiefe-der-zeit\/#primaryimage","url":"https:\/\/i0.wp.com\/neos-music.com\/wp-content\/uploads\/2022\/11\/Rene-Wohlhauser-Aus-der-Tiefe-der-Zeit.jpeg?fit=1650%2C1483&ssl=1","contentUrl":"https:\/\/i0.wp.com\/neos-music.com\/wp-content\/uploads\/2022\/11\/Rene-Wohlhauser-Aus-der-Tiefe-der-Zeit.jpeg?fit=1650%2C1483&ssl=1","width":1650,"height":1483},{"@type":"BreadcrumbList","@id":"https:\/\/neos-music.com\/product\/rene-wohlhauser-aus-der-tiefe-der-zeit\/#breadcrumb","itemListElement":[{"@type":"ListItem","position":1,"name":"Startseite","item":"https:\/\/neos-music.com\/"},{"@type":"ListItem","position":2,"name":"Produkte","item":"https:\/\/neos-music.com\/shop__trashed\/"},{"@type":"ListItem","position":3,"name":"Rene Wohlhauser: Aus der Tiefe der Zeit"}]},{"@type":"WebSite","@id":"https:\/\/neos-music.com\/#website","url":"https:\/\/neos-music.com\/","name":"NEOS Music","description":"Dein Online Shop f\u00fcr zeitgen\u00f6ssische Musik, Jazz und Classics!","publisher":{"@id":"https:\/\/neos-music.com\/#organization"},"potentialAction":[{"@type":"SearchAction","target":{"@type":"EntryPoint","urlTemplate":"https:\/\/neos-music.com\/?s={search_term_string}"},"query-input":{"@type":"PropertyValueSpecification","valueRequired":true,"valueName":"search_term_string"}}],"inLanguage":"en-US"},{"@type":"Organization","@id":"https:\/\/neos-music.com\/#organization","name":"NEOS Music","url":"https:\/\/neos-music.com\/","logo":{"@type":"ImageObject","inLanguage":"en-US","@id":"https:\/\/neos-music.com\/#\/schema\/logo\/image\/","url":"https:\/\/i0.wp.com\/neos-music.com\/wp-content\/uploads\/2025\/08\/NEOS-Logo-weiss.png?fit=800%2C203&ssl=1","contentUrl":"https:\/\/i0.wp.com\/neos-music.com\/wp-content\/uploads\/2025\/08\/NEOS-Logo-weiss.png?fit=800%2C203&ssl=1","width":800,"height":203,"caption":"NEOS Music"},"image":{"@id":"https:\/\/neos-music.com\/#\/schema\/logo\/image\/"}}]}},"jetpack_sharing_enabled":true,"_links":{"self":[{"href":"https:\/\/neos-music.com\/en_us\/wp-json\/wp\/v2\/product\/2236","targetHints":{"allow":["GET"]}}],"collection":[{"href":"https:\/\/neos-music.com\/en_us\/wp-json\/wp\/v2\/product"}],"about":[{"href":"https:\/\/neos-music.com\/en_us\/wp-json\/wp\/v2\/types\/product"}],"version-history":[{"count":0,"href":"https:\/\/neos-music.com\/en_us\/wp-json\/wp\/v2\/product\/2236\/revisions"}],"wp:featuredmedia":[{"embeddable":true,"href":"https:\/\/neos-music.com\/en_us\/wp-json\/wp\/v2\/media\/2237"}],"wp:attachment":[{"href":"https:\/\/neos-music.com\/en_us\/wp-json\/wp\/v2\/media?parent=2236"}],"wp:term":[{"taxonomy":"product_brand","embeddable":true,"href":"https:\/\/neos-music.com\/en_us\/wp-json\/wp\/v2\/product_brand?post=2236"},{"taxonomy":"product_cat","embeddable":true,"href":"https:\/\/neos-music.com\/en_us\/wp-json\/wp\/v2\/product_cat?post=2236"},{"taxonomy":"product_tag","embeddable":true,"href":"https:\/\/neos-music.com\/en_us\/wp-json\/wp\/v2\/product_tag?post=2236"}],"curies":[{"name":"wp","href":"https:\/\/api.w.org\/{rel}","templated":true}]}}