{"id":2440,"date":"2022-04-29T17:26:08","date_gmt":"2022-04-29T17:26:08","guid":{"rendered":"https:\/\/neos-music.com\/?post_type=product&#038;p=2440"},"modified":"2023-05-25T09:22:01","modified_gmt":"2023-05-25T09:22:01","slug":"klaus-huber-vocal-works","status":"publish","type":"product","link":"https:\/\/neos-music.com\/en_us\/product\/klaus-huber-vocal-works\/","title":{"rendered":"Klaus Huber: Vocal Works"},"content":{"rendered":"<p>Programm:<\/p>\n<p><a href=\"https:\/\/neos-music.com\/klaus-huber\/\"><b>Klaus Huber<\/b><\/a>\u00a0(1924\u20132017)<br \/>\n<b>Vocal Works<\/b><\/p>\n<p><b>CD 1<br \/>\n<\/b>total playing time: 59:58<\/p>\n<p><b>Oratio Mechtildis<\/b>\u00a0(1957)\u00a0<b>26:23<br \/>\n<\/b>Chamber symphony for chamber orchestra with alto voice<br \/>\nTexts: Mechthild von Magdeburg (1207\u20131282)<br \/>\n<i>Ossia version for Katharina Rikus<br \/>\nLive recording<\/i><\/p>\n<p>[01]\u00a0<b>1. Andante molte espressivo \u2013 Poco allegro<\/b>\u00a006:16<br \/>\n[02]\u00a0<b>2. Molto tranquillo<\/b>\u00a006:04<br \/>\n[03]<b>\u00a03. Poco sostenuto \u2013 Agitato \u2013 Largo<\/b>\u00a009:18<br \/>\n[04]\u00a0<b>Interludium: \u00bbVelum\u00ab<\/b>\u00a001:20<br \/>\n[05]\u00a0<b>4. Epilogus<\/b>\u00a003:25<\/p>\n<p>Katharina Rikus, contralto<br \/>\nDeutsche Radio Philharmonie<br \/>\nBrad Lubman, conductor<\/p>\n<p>[06]\u00a0<b>Umkehr \u2013 im Licht sein \u2026<\/b>\u00a0(1997) Version 2\u00a0<b>33:23<\/b><br \/>\nDiptych for choir, mezzo-soprano, speaker and small orchestra<br \/>\nTexts: Elias Canetti (1905\u20131994), Max Frisch (1911\u20131991),<br \/>\nOssip Mandelstam (1891\u20131938) and Kurt Marti (1921\u20132017)<br \/>\n<i>For Katharina Rikus<br \/>\nLive recording of the world premiere<\/i><\/p>\n<p>Katharina Rikus, mezzo-soprano<br \/>\nChristoph Werkhausen, speaker<br \/>\nHungarian Radio Choir Budapest<br \/>\nRadio-Sinfonie-Orchester Frankfurt<br \/>\nLucas Vis, conductor<\/p>\n<p>&nbsp;<\/p>\n<p><b>CD 2<br \/>\n<\/b>total playing time: 61:38<\/p>\n<p><b>Das kleine Lied<\/b>\u00a0(1955)\u00a0<b>21:17<\/b><br \/>\nTwo times seven duets for alto voice and viola<br \/>\nTexts: Regula Gr\u00e4fin von Sparr (1935\u20132019)<\/p>\n<p><i>Erster Teil<\/i><\/p>\n<p>[01]\u00a0<b>I Wer bist Du?<\/b>\u00a001:43<br \/>\n[02]\u00a0<b>II Ich hatte einen kleinen, stillen Traum<\/b>\u00a001:28<br \/>\n[03]<b>\u00a0III Ich halte die H\u00e4nde empor<\/b>\u00a001:42<br \/>\n[04]\u00a0<b>IV Eine kleine Bl\u00fcte?<\/b>\u00a001:07<br \/>\n[05]\u00a0<b>V Meine Seele singt \u2026 (alto voice solo)<\/b>\u00a001:34<br \/>\n[06]<b>\u00a0VI Ruinen \u2013<\/b>\u00a001:00<br \/>\n[07]\u00a0<b>VII Ich bin gelaufen \u2026<\/b>\u00a000:48<\/p>\n<p><i>Zweiter Teil<\/i><\/p>\n<p>[08]\u00a0<b>I Mit off\u2019nen, wachen Augen<\/b>\u00a001:18<br \/>\n[09]<b>\u00a0II Und wieder klingt es leise auf in mir<\/b>\u00a001:02<br \/>\n[10]<b>\u00a0IIIa Einst warst du mein (alto voice solo)<\/b>\u00a001:30<br \/>\n[11]\u00a0<b>IIIb Ich kann nicht weinen (viola solo)<\/b>\u00a001:46<br \/>\n[12]\u00a0<b>IV Nicht zur\u00fccksehen \u2026<\/b>\u00a000:44<br \/>\n[13]<b>\u00a0V Doch wir sind auf die Br\u00fccke getreten \u2026<\/b>\u00a001:37<br \/>\n[14]\u00a0<b>VI Und gehen nun zu beiden Seiten \u2026<\/b>\u00a001:34<br \/>\n[15]\u00a0<b>VII Kleines Lied, schwing dich hin\u00fcber \u2026<\/b>\u00a002:24<\/p>\n<p>Katharina Rikus, contralto<br \/>\nMariana Doughty, viola<\/p>\n<p>[16]\u00a0<b>Ein Hauch von Unzeit<\/b>\u00a0(1972\u2009\/\u200976\u2009\/\u200987)<b>\u00a019:19<br \/>\n<\/b>Version for voice and accordion<br \/>\nTexts: Georg Wilhelm Friedrich Hegel (1770\u20131831) and Max Bense (1910\u20131990)<\/p>\n<p>Katharina Rikus, mezzo-soprano<br \/>\nHugo Noth, accordion<\/p>\n<p>[17]\u00a0<b>Nous!? \u2013 La raison du c\u0153ur \u2026<\/b>\u00a0(2008) for alto voice\u00a0<b>03:55<\/b><br \/>\nIn memoriam Jacques Derrida<br \/>\nTexts: Jacques Derrida (1930\u20132004)<br \/>\n<i>Solo version for Katharina Rikus<br \/>\nLive recording of the world premiere<\/i><\/p>\n<p>Katharina Rikus, contralto<\/p>\n<p><b>Intarsioso<\/b>\u00a0(2009) for fortepiano, string quartet and alto voice\u00a0<b>16:33<br \/>\n<\/b>Texts: Kurt Marti (1921\u20132017)<br \/>\n<i>For Katharina Rikus<br \/>\nLive recording of the world premiere<\/i><\/p>\n<p>[18]<i><\/i>\u00a0<b>I. Intarsioso<\/b>\u00a004:54<br \/>\n[19]\u00a0<b>II. Pianto \u2013 Specchio di Memorie<\/b>\u00a006:26<br \/>\n[20]\u00a0<b>III. Unit\u00e0<\/b>\u00a005:13<\/p>\n<p>Katharina Rikus, contralto<br \/>\nJean-Jacques D\u00fcnki, fortepiano<br \/>\nArditti Quartet\u00a0(Irvine Arditti, 1st violin \u2219 Ashot Sarkissjan, 2nd violin \u00b7 Ralf Ehlers, viola\u00a0 \u2219 Lucas Fels, cello)<\/p>\n<p><i>World premiere recordings<\/i><\/p>\n<p>&lt;iframe width=&#8220;100%&#8220; height=&#8220;300&#8243; scrolling=&#8220;no&#8220; frameborder=&#8220;no&#8220; allow=&#8220;autoplay&#8220; src=&#8220;https:\/\/w.soundcloud.com\/player\/?url=https%3A\/\/api.soundcloud.com\/playlists\/1462176031&amp;color=%23002f75&amp;auto_play=false&amp;hide_related=false&amp;show_comments=true&amp;show_user=true&amp;show_reposts=false&amp;show_teaser=true&amp;visual=true&#8220;&gt;&lt;\/iframe&gt;&lt;div style=&#8220;font-size: 10px; color: #cccccc;line-break: anywhere;word-break: normal;overflow: hidden;white-space: nowrap;text-overflow: ellipsis; font-family: Interstate,Lucida Grande,Lucida Sans Unicode,Lucida Sans,Garuda,Verdana,Tahoma,sans-serif;font-weight: 100;&#8220;&gt;&lt;a href=&#8220;https:\/\/soundcloud.com\/user-965086014&#8243; title=&#8220;NEOS Music GmbH&#8220; target=&#8220;_blank&#8220; style=&#8220;color: #cccccc; text-decoration: none;&#8220;&gt;NEOS Music GmbH&lt;\/a&gt; \u00b7 &lt;a href=&#8220;https:\/\/soundcloud.com\/user-965086014\/sets\/klaus-huber-vocal-works&#8220; title=&#8220;Klaus Huber: Vocal Works&#8220; target=&#8220;_blank&#8220; style=&#8220;color: #cccccc; text-decoration: none;&#8220;&gt;Klaus Huber: Vocal Works&lt;\/a&gt;&lt;\/div&gt;<\/p>\n<p>Pressestimmen:<\/p>\n<p><img data-recalc-dims=\"1\" decoding=\"async\" src=\"https:\/\/i0.wp.com\/neos-music.com\/wp-content\/uploads\/2023\/05\/logo_musiktexte.jpg?ssl=1\" alt=\"\" \/><br \/>\n175 \/ November 2022<\/p>\n<p>Klaus Hubers Werk orientiert sich an geistlichen Fragen. Seine Kompositionen zeugen beispielhaft von sozialem und politischem Engagement. Werkkommentare wie der zu \u201eUmkehr \u2013 im Licht sein \u2026&#8220; nennen die Angst vor der Selbstzerst\u00f6rung der Menschheit durch die Atombombe, den Gedanken der Umkehr (Metanoia), wie ihn der Theologe Johann Baptist Metz formulierte, die Klage \u00fcber den Verlust der Transzendenz und den auf leisen Sohlen daherkommenden Ungeist, \u201eeine einzige Ideologie (nach dem angeblichen Tod aller Ideologien) nicht nur stillschweigend zu akzeptieren, sondern alle unsere Lebensverh\u00e4ltnisse nach ihr aus-zurichten&#8220;. Huber nennt das die \u201etotalit\u00e4re Ideologie der sogenannten freien Markwirtschaft&#8220;.<br \/>\nIndes, nichts vergilbt so leicht wie das au\u00dfermusikalische Sujet. Vielleicht, dass die Sozialutopien des neunzehnten und zwanzigsten Jahrhunderts angesichts der katastrophischen derzeitigen Weltlage in die Jahre gekommen sind und ihren einstigen Nimbus verloren haben. Denn ganz so leicht wie noch vor wenigen Jahren will sich kritisches H\u00f6ren den einst vision\u00e4r, heute allenfalls noch ouvert\u00fcrenhaft wirkenden politischen Statements von Elias Canetti, Max Frisch, Ossip Mandelstam, Kurt Marti und anderen nicht mehr hingeben.\u00a0Was nicht hinwegt\u00e4uschen soll \u00fcber die herausragenden Qualit\u00e4ten dieses Doppelalbums, das in musterg\u00fcltiger Pr\u00e4sentation (Werkauswahl, Einf\u00fchrungstext, Interpretation) als denkbar glaubw\u00fcrdige Vox humana die Altsingstimme von Katharina Rikus, der Tochter des Komponisten, ins Zentrum des Geschehens stellt. An allen St\u00fccken, einigen davon als Urauff\u00fchrungen, ist sie solistisch beteiligt, von den reizenden fr\u00fchen Duetten f\u00fcr Alt und Viola \u201eDas kleine Lied&#8220; (1955) bis hin zu \u201eIntarsioso&#8220;, einer der letzten Kompositionen Klaus Hubers, die der Grundidee folgt, Motivpartikel aus Mozarts sp\u00e4tem Klavierkonzert B-Dur KV 595 wie Intarsien in den musikalischen Kontext einzuf\u00fcgen.<\/p>\n<p><i>Manfred Karallus<\/i><\/p>\n<p>&nbsp;<\/p>\n<p><img data-recalc-dims=\"1\" decoding=\"async\" src=\"https:\/\/i0.wp.com\/neos-music.com\/wp-content\/uploads\/2023\/05\/logo_FonoForum-300.png?ssl=1\" alt=\"\" \/><br \/>\nOktober 2022<\/p>\n<p>Alte Meister<\/p>\n<p>In den letzten Jahren ist es eher still geworden um Klaus Huber. Vielleicht kann diese Produktion mit wenig bekannten, teils ersteingespielten Vokalwerken den 2017 verstorbenen Schweizer Komponisten wieder ein bisschen zur\u00fcckholen in eine Gegenwart, die Hubers Musik n\u00f6tiger h\u00e4tte denn je. Sie pr\u00e4sentieren Huber als einen Komponisten, der es wie kaum ein anderer verstand, Spiritualit\u00e4t, Gesellschaftskritik, Humanismus und h\u00f6chsten k\u00fcnstlerischen Anspruch zusammenzubringen. [\u2026] Eine sehr pers\u00f6nliche Note erh\u00e4lt diese Ver\u00f6ffentlichung dadurch, dass mit Katharina Rikus Hubers Tochter alle Solopartien bestreitet. Ihr Mezzo zeigt sich angenehm wandelbar.<\/p>\n<p><i>Dirk Wieschollek<\/i><\/p>\n","protected":false},"excerpt":{"rendered":"<p>Programm: Klaus Huber\u00a0(1924\u20132017) Vocal Works CD 1 total playing time: 59:58 Oratio Mechtildis\u00a0(1957)\u00a026:23 Chamber symphony for chamber orchestra with alto voice Texts: Mechthild von Magdeburg (1207\u20131282) Ossia version for Katharina Rikus Live recording [01]\u00a01. Andante molte espressivo \u2013 Poco allegro\u00a006:16 [02]\u00a02. Molto tranquillo\u00a006:04 [03]\u00a03. Poco sostenuto \u2013 Agitato \u2013 Largo\u00a009:18 [04]\u00a0Interludium: \u00bbVelum\u00ab\u00a001:20 [05]\u00a04. Epilogus\u00a003:25 Katharina [&hellip;]<\/p>\n","protected":false},"featured_media":2441,"template":"","meta":{"site-sidebar-layout":"default","site-content-layout":"default","ast-site-content-layout":"default","site-content-style":"default","site-sidebar-style":"default","ast-global-header-display":"","ast-banner-title-visibility":"","ast-main-header-display":"","ast-hfb-above-header-display":"","ast-hfb-below-header-display":"","ast-hfb-mobile-header-display":"","site-post-title":"","ast-breadcrumbs-content":"","ast-featured-img":"","footer-sml-layout":"","theme-transparent-header-meta":"default","adv-header-id-meta":"","stick-header-meta":"","header-above-stick-meta":"","header-main-stick-meta":"","header-below-stick-meta":"","astra-migrate-meta-layouts":"default","ast-page-background-enabled":"default","ast-page-background-meta":{"desktop":{"background-color":"","background-image":"","background-repeat":"repeat","background-position":"center center","background-size":"auto","background-attachment":"scroll","background-type":"","background-media":"","overlay-type":"","overlay-color":"","overlay-opacity":"","overlay-gradient":""},"tablet":{"background-color":"","background-image":"","background-repeat":"repeat","background-position":"center center","background-size":"auto","background-attachment":"scroll","background-type":"","background-media":"","overlay-type":"","overlay-color":"","overlay-opacity":"","overlay-gradient":""},"mobile":{"background-color":"","background-image":"","background-repeat":"repeat","background-position":"center center","background-size":"auto","background-attachment":"scroll","background-type":"","background-media":"","overlay-type":"","overlay-color":"","overlay-opacity":"","overlay-gradient":""}},"ast-content-background-meta":{"desktop":{"background-color":"var(--ast-global-color-5)","background-image":"","background-repeat":"repeat","background-position":"center center","background-size":"auto","background-attachment":"scroll","background-type":"","background-media":"","overlay-type":"","overlay-color":"","overlay-opacity":"","overlay-gradient":""},"tablet":{"background-color":"var(--ast-global-color-5)","background-image":"","background-repeat":"repeat","background-position":"center center","background-size":"auto","background-attachment":"scroll","background-type":"","background-media":"","overlay-type":"","overlay-color":"","overlay-opacity":"","overlay-gradient":""},"mobile":{"background-color":"var(--ast-global-color-5)","background-image":"","background-repeat":"repeat","background-position":"center center","background-size":"auto","background-attachment":"scroll","background-type":"","background-media":"","overlay-type":"","overlay-color":"","overlay-opacity":"","overlay-gradient":""}}},"product_brand":[],"product_cat":[26],"product_tag":[],"class_list":{"0":"post-2440","1":"product","2":"type-product","3":"status-publish","4":"has-post-thumbnail","6":"product_cat-zeitgenossische-musik","7":"pa_artikelnummer-neos-12203-04","8":"pa_brand-neos-music","9":"pa_ean-65","10":"desktop-align-left","11":"tablet-align-left","12":"mobile-align-left","14":"first","15":"instock","16":"taxable","17":"shipping-taxable","18":"purchasable","19":"product-type-simple"},"yoast_head":"<!-- This site is optimized with the Yoast SEO plugin v27.4 - https:\/\/yoast.com\/product\/yoast-seo-wordpress\/ -->\n<title>Klaus Huber: Vocal Works - NEOS Music<\/title>\n<meta name=\"robots\" content=\"index, follow, max-snippet:-1, max-image-preview:large, max-video-preview:-1\" \/>\n<link rel=\"canonical\" href=\"https:\/\/neos-music.com\/en_us\/product\/klaus-huber-vocal-works\/\" \/>\n<meta property=\"og:locale\" content=\"en_US\" \/>\n<meta property=\"og:type\" content=\"article\" \/>\n<meta property=\"og:title\" content=\"Klaus Huber: Vocal Works - NEOS Music\" \/>\n<meta property=\"og:description\" content=\"Programm: Klaus Huber\u00a0(1924\u20132017) Vocal Works CD 1 total playing time: 59:58 Oratio Mechtildis\u00a0(1957)\u00a026:23 Chamber symphony for chamber orchestra with alto voice Texts: Mechthild von Magdeburg (1207\u20131282) Ossia version for Katharina Rikus Live recording [01]\u00a01. Andante molte espressivo \u2013 Poco allegro\u00a006:16 [02]\u00a02. Molto tranquillo\u00a006:04 [03]\u00a03. Poco sostenuto \u2013 Agitato \u2013 Largo\u00a009:18 [04]\u00a0Interludium: \u00bbVelum\u00ab\u00a001:20 [05]\u00a04. Epilogus\u00a003:25 Katharina [&hellip;]\" \/>\n<meta property=\"og:url\" content=\"https:\/\/neos-music.com\/en_us\/product\/klaus-huber-vocal-works\/\" \/>\n<meta property=\"og:site_name\" content=\"NEOS Music\" \/>\n<meta property=\"article:modified_time\" content=\"2023-05-25T09:22:01+00:00\" \/>\n<meta property=\"og:image\" content=\"https:\/\/neos-music.com\/wp-content\/uploads\/2022\/11\/NEOS_12203-04_Huber_Klaus_Cover.jpeg\" \/>\n\t<meta property=\"og:image:width\" content=\"1649\" \/>\n\t<meta property=\"og:image:height\" content=\"1483\" \/>\n\t<meta property=\"og:image:type\" content=\"image\/jpeg\" \/>\n<meta name=\"twitter:card\" content=\"summary_large_image\" \/>\n<meta name=\"twitter:label1\" content=\"Est. reading time\" \/>\n\t<meta name=\"twitter:data1\" content=\"5 minutes\" \/>\n<script type=\"application\/ld+json\" class=\"yoast-schema-graph\">{\"@context\":\"https:\\\/\\\/schema.org\",\"@graph\":[{\"@type\":\"WebPage\",\"@id\":\"https:\\\/\\\/neos-music.com\\\/product\\\/klaus-huber-vocal-works\\\/\",\"url\":\"https:\\\/\\\/neos-music.com\\\/product\\\/klaus-huber-vocal-works\\\/\",\"name\":\"Klaus Huber: Vocal Works - NEOS Music\",\"isPartOf\":{\"@id\":\"https:\\\/\\\/neos-music.com\\\/#website\"},\"primaryImageOfPage\":{\"@id\":\"https:\\\/\\\/neos-music.com\\\/product\\\/klaus-huber-vocal-works\\\/#primaryimage\"},\"image\":{\"@id\":\"https:\\\/\\\/neos-music.com\\\/product\\\/klaus-huber-vocal-works\\\/#primaryimage\"},\"thumbnailUrl\":\"https:\\\/\\\/i0.wp.com\\\/neos-music.com\\\/wp-content\\\/uploads\\\/2022\\\/11\\\/NEOS_12203-04_Huber_Klaus_Cover.jpeg?fit=1649%2C1483&ssl=1\",\"datePublished\":\"2022-04-29T17:26:08+00:00\",\"dateModified\":\"2023-05-25T09:22:01+00:00\",\"breadcrumb\":{\"@id\":\"https:\\\/\\\/neos-music.com\\\/product\\\/klaus-huber-vocal-works\\\/#breadcrumb\"},\"inLanguage\":\"en-US\",\"potentialAction\":[{\"@type\":\"ReadAction\",\"target\":[\"https:\\\/\\\/neos-music.com\\\/product\\\/klaus-huber-vocal-works\\\/\"]}]},{\"@type\":\"ImageObject\",\"inLanguage\":\"en-US\",\"@id\":\"https:\\\/\\\/neos-music.com\\\/product\\\/klaus-huber-vocal-works\\\/#primaryimage\",\"url\":\"https:\\\/\\\/i0.wp.com\\\/neos-music.com\\\/wp-content\\\/uploads\\\/2022\\\/11\\\/NEOS_12203-04_Huber_Klaus_Cover.jpeg?fit=1649%2C1483&ssl=1\",\"contentUrl\":\"https:\\\/\\\/i0.wp.com\\\/neos-music.com\\\/wp-content\\\/uploads\\\/2022\\\/11\\\/NEOS_12203-04_Huber_Klaus_Cover.jpeg?fit=1649%2C1483&ssl=1\",\"width\":1649,\"height\":1483},{\"@type\":\"BreadcrumbList\",\"@id\":\"https:\\\/\\\/neos-music.com\\\/product\\\/klaus-huber-vocal-works\\\/#breadcrumb\",\"itemListElement\":[{\"@type\":\"ListItem\",\"position\":1,\"name\":\"Startseite\",\"item\":\"https:\\\/\\\/neos-music.com\\\/\"},{\"@type\":\"ListItem\",\"position\":2,\"name\":\"Produkte\",\"item\":\"https:\\\/\\\/neos-music.com\\\/shop__trashed\\\/\"},{\"@type\":\"ListItem\",\"position\":3,\"name\":\"Klaus Huber: Vocal Works\"}]},{\"@type\":\"WebSite\",\"@id\":\"https:\\\/\\\/neos-music.com\\\/#website\",\"url\":\"https:\\\/\\\/neos-music.com\\\/\",\"name\":\"NEOS Music\",\"description\":\"Dein Online Shop f\u00fcr zeitgen\u00f6ssische Musik, Jazz und Classics!\",\"publisher\":{\"@id\":\"https:\\\/\\\/neos-music.com\\\/#organization\"},\"potentialAction\":[{\"@type\":\"SearchAction\",\"target\":{\"@type\":\"EntryPoint\",\"urlTemplate\":\"https:\\\/\\\/neos-music.com\\\/?s={search_term_string}\"},\"query-input\":{\"@type\":\"PropertyValueSpecification\",\"valueRequired\":true,\"valueName\":\"search_term_string\"}}],\"inLanguage\":\"en-US\"},{\"@type\":\"Organization\",\"@id\":\"https:\\\/\\\/neos-music.com\\\/#organization\",\"name\":\"NEOS Music\",\"url\":\"https:\\\/\\\/neos-music.com\\\/\",\"logo\":{\"@type\":\"ImageObject\",\"inLanguage\":\"en-US\",\"@id\":\"https:\\\/\\\/neos-music.com\\\/#\\\/schema\\\/logo\\\/image\\\/\",\"url\":\"https:\\\/\\\/i0.wp.com\\\/neos-music.com\\\/wp-content\\\/uploads\\\/2025\\\/08\\\/NEOS-Logo-weiss.png?fit=800%2C203&ssl=1\",\"contentUrl\":\"https:\\\/\\\/i0.wp.com\\\/neos-music.com\\\/wp-content\\\/uploads\\\/2025\\\/08\\\/NEOS-Logo-weiss.png?fit=800%2C203&ssl=1\",\"width\":800,\"height\":203,\"caption\":\"NEOS Music\"},\"image\":{\"@id\":\"https:\\\/\\\/neos-music.com\\\/#\\\/schema\\\/logo\\\/image\\\/\"}}]}<\/script>\n<!-- \/ Yoast SEO plugin. -->","yoast_head_json":{"title":"Klaus Huber: Vocal Works - NEOS Music","robots":{"index":"index","follow":"follow","max-snippet":"max-snippet:-1","max-image-preview":"max-image-preview:large","max-video-preview":"max-video-preview:-1"},"canonical":"https:\/\/neos-music.com\/en_us\/product\/klaus-huber-vocal-works\/","og_locale":"en_US","og_type":"article","og_title":"Klaus Huber: Vocal Works - NEOS Music","og_description":"Programm: Klaus Huber\u00a0(1924\u20132017) Vocal Works CD 1 total playing time: 59:58 Oratio Mechtildis\u00a0(1957)\u00a026:23 Chamber symphony for chamber orchestra with alto voice Texts: Mechthild von Magdeburg (1207\u20131282) Ossia version for Katharina Rikus Live recording [01]\u00a01. Andante molte espressivo \u2013 Poco allegro\u00a006:16 [02]\u00a02. Molto tranquillo\u00a006:04 [03]\u00a03. Poco sostenuto \u2013 Agitato \u2013 Largo\u00a009:18 [04]\u00a0Interludium: \u00bbVelum\u00ab\u00a001:20 [05]\u00a04. Epilogus\u00a003:25 Katharina [&hellip;]","og_url":"https:\/\/neos-music.com\/en_us\/product\/klaus-huber-vocal-works\/","og_site_name":"NEOS Music","article_modified_time":"2023-05-25T09:22:01+00:00","og_image":[{"width":1649,"height":1483,"url":"https:\/\/neos-music.com\/wp-content\/uploads\/2022\/11\/NEOS_12203-04_Huber_Klaus_Cover.jpeg","type":"image\/jpeg"}],"twitter_card":"summary_large_image","twitter_misc":{"Est. reading time":"5 minutes"},"schema":{"@context":"https:\/\/schema.org","@graph":[{"@type":"WebPage","@id":"https:\/\/neos-music.com\/product\/klaus-huber-vocal-works\/","url":"https:\/\/neos-music.com\/product\/klaus-huber-vocal-works\/","name":"Klaus Huber: Vocal Works - NEOS Music","isPartOf":{"@id":"https:\/\/neos-music.com\/#website"},"primaryImageOfPage":{"@id":"https:\/\/neos-music.com\/product\/klaus-huber-vocal-works\/#primaryimage"},"image":{"@id":"https:\/\/neos-music.com\/product\/klaus-huber-vocal-works\/#primaryimage"},"thumbnailUrl":"https:\/\/i0.wp.com\/neos-music.com\/wp-content\/uploads\/2022\/11\/NEOS_12203-04_Huber_Klaus_Cover.jpeg?fit=1649%2C1483&ssl=1","datePublished":"2022-04-29T17:26:08+00:00","dateModified":"2023-05-25T09:22:01+00:00","breadcrumb":{"@id":"https:\/\/neos-music.com\/product\/klaus-huber-vocal-works\/#breadcrumb"},"inLanguage":"en-US","potentialAction":[{"@type":"ReadAction","target":["https:\/\/neos-music.com\/product\/klaus-huber-vocal-works\/"]}]},{"@type":"ImageObject","inLanguage":"en-US","@id":"https:\/\/neos-music.com\/product\/klaus-huber-vocal-works\/#primaryimage","url":"https:\/\/i0.wp.com\/neos-music.com\/wp-content\/uploads\/2022\/11\/NEOS_12203-04_Huber_Klaus_Cover.jpeg?fit=1649%2C1483&ssl=1","contentUrl":"https:\/\/i0.wp.com\/neos-music.com\/wp-content\/uploads\/2022\/11\/NEOS_12203-04_Huber_Klaus_Cover.jpeg?fit=1649%2C1483&ssl=1","width":1649,"height":1483},{"@type":"BreadcrumbList","@id":"https:\/\/neos-music.com\/product\/klaus-huber-vocal-works\/#breadcrumb","itemListElement":[{"@type":"ListItem","position":1,"name":"Startseite","item":"https:\/\/neos-music.com\/"},{"@type":"ListItem","position":2,"name":"Produkte","item":"https:\/\/neos-music.com\/shop__trashed\/"},{"@type":"ListItem","position":3,"name":"Klaus Huber: Vocal Works"}]},{"@type":"WebSite","@id":"https:\/\/neos-music.com\/#website","url":"https:\/\/neos-music.com\/","name":"NEOS Music","description":"Dein Online Shop f\u00fcr zeitgen\u00f6ssische Musik, Jazz und Classics!","publisher":{"@id":"https:\/\/neos-music.com\/#organization"},"potentialAction":[{"@type":"SearchAction","target":{"@type":"EntryPoint","urlTemplate":"https:\/\/neos-music.com\/?s={search_term_string}"},"query-input":{"@type":"PropertyValueSpecification","valueRequired":true,"valueName":"search_term_string"}}],"inLanguage":"en-US"},{"@type":"Organization","@id":"https:\/\/neos-music.com\/#organization","name":"NEOS Music","url":"https:\/\/neos-music.com\/","logo":{"@type":"ImageObject","inLanguage":"en-US","@id":"https:\/\/neos-music.com\/#\/schema\/logo\/image\/","url":"https:\/\/i0.wp.com\/neos-music.com\/wp-content\/uploads\/2025\/08\/NEOS-Logo-weiss.png?fit=800%2C203&ssl=1","contentUrl":"https:\/\/i0.wp.com\/neos-music.com\/wp-content\/uploads\/2025\/08\/NEOS-Logo-weiss.png?fit=800%2C203&ssl=1","width":800,"height":203,"caption":"NEOS Music"},"image":{"@id":"https:\/\/neos-music.com\/#\/schema\/logo\/image\/"}}]}},"jetpack_sharing_enabled":true,"_links":{"self":[{"href":"https:\/\/neos-music.com\/en_us\/wp-json\/wp\/v2\/product\/2440","targetHints":{"allow":["GET"]}}],"collection":[{"href":"https:\/\/neos-music.com\/en_us\/wp-json\/wp\/v2\/product"}],"about":[{"href":"https:\/\/neos-music.com\/en_us\/wp-json\/wp\/v2\/types\/product"}],"version-history":[{"count":0,"href":"https:\/\/neos-music.com\/en_us\/wp-json\/wp\/v2\/product\/2440\/revisions"}],"wp:featuredmedia":[{"embeddable":true,"href":"https:\/\/neos-music.com\/en_us\/wp-json\/wp\/v2\/media\/2441"}],"wp:attachment":[{"href":"https:\/\/neos-music.com\/en_us\/wp-json\/wp\/v2\/media?parent=2440"}],"wp:term":[{"taxonomy":"product_brand","embeddable":true,"href":"https:\/\/neos-music.com\/en_us\/wp-json\/wp\/v2\/product_brand?post=2440"},{"taxonomy":"product_cat","embeddable":true,"href":"https:\/\/neos-music.com\/en_us\/wp-json\/wp\/v2\/product_cat?post=2440"},{"taxonomy":"product_tag","embeddable":true,"href":"https:\/\/neos-music.com\/en_us\/wp-json\/wp\/v2\/product_tag?post=2440"}],"curies":[{"name":"wp","href":"https:\/\/api.w.org\/{rel}","templated":true}]}}