{"id":2538,"date":"2020-01-15T16:27:34","date_gmt":"2020-01-15T16:27:34","guid":{"rendered":"https:\/\/neos-music.com\/?post_type=product&#038;p=2538"},"modified":"2023-05-22T20:22:43","modified_gmt":"2023-05-22T20:22:43","slug":"werner-heider-piano-chamber-large-orchestra","status":"publish","type":"product","link":"https:\/\/neos-music.com\/en_us\/product\/werner-heider-piano-chamber-large-orchestra\/","title":{"rendered":"Werner Heider: Piano &#8211; Chamber &#8211; Large Orchestra"},"content":{"rendered":"<p>Infotext:<\/p>\n<table border=\"0\" width=\"100%\" rules=\"none\" cellspacing=\"0\" cellpadding=\"0\">\n<tbody>\n<tr>\n<td class=\"bigcontent2\">\n<div id=\"infotext\">\n<p><b>FREIHEIT UND VERANTWORTUNG<br \/>\n<\/b>Musik von Werner Heider<\/p>\n<p>Als Werner Heider 2006, anl\u00e4sslich der Urauff\u00fchrung seines Orchesterwerks\u00a0<i>Architektur<\/i>\u00a0bei der M\u00fcnchner\u00a0<i>musica viva<\/i>, gefragt wurde, welche metaphysischen oder symbolischen Vorstellungen sich hinter dem formalen Grundriss verbergen w\u00fcrden, verbl\u00fcffte er sein Gegen\u00fcber mit einer sehr klaren Antwort: \u00bbMein St\u00fcck ist ganz einfach eine Komposition von musikalischer Architektur. Da soll nichts weiter hineingeheimnist werden, auch gibt es keine au\u00dfermusikalischen Vergleiche.\u00ab Ein Statement, das \u00fcber den konkreten Anlass hinaus zugleich ein wesentliches Moment von Heiders Musik benennt. Denn auch wenn viele seiner Werke durch andere Kunstformen, durch Autobiographisches oder Privates angeregt wurden, vereinzelt sogar zeitgeschichtliche Ereignisse reflektieren \u2013 am Ende des Schaffensprozesses steht jeweils kein weltanschauliches Statement, keine philosophische Spekulation in T\u00f6nen, sondern ein St\u00fcck autonomer, absoluter Musik.<\/p>\n<p>Heider bekennt sich zu \u00bbanspruchsvoller Musik f\u00fcr anspruchsvolle Leute\u00ab, Konzessionen an einen wie auch immer gearteten Publikumsgeschmack sind ihm fremd. Und doch hat er mit seinem umfangreichen Werk, hat er als Pianist, Dirigent und langj\u00e4hriger Leiter des \u00bbars nova ensemble n\u00fcrnberg\u00ab dem fr\u00e4nkischen Kulturleben \u00fcber Jahrzehnte hinweg seinen Stempel aufgedr\u00fcckt. F\u00fcr viele Menschen in der Metropolregion N\u00fcrnberg ist der Name Heider zum Synonym f\u00fcr Neue Musik geworden und sein verschmitztes L\u00e4cheln, sein wach blitzender Blick, umrahmt vom inzwischen wei\u00dfen Haarschopf, zum Gesicht der Avantgarde. Musik war schon immer sein Lebenselixier. Geboren 1930 in F\u00fcrth, geh\u00f6rt das Bild einer Kaffeehaus-Kapelle mit Saxophon und Drumset zu seinen fr\u00fchesten Kindheitserinnerungen. Wo andere Kinder von der Spielzeugeisenbahn tr\u00e4umen, w\u00fcnschte sich der vierj\u00e4hrige Werner ein Schlagzeug zu Weihnachten. Diese Affinit\u00e4t zum Rhythmischen ist ihm geblieben; noch heute notiert er h\u00e4ufig von einer neuen Komposition zuallererst eine Rhythmus-Partitur.<\/p>\n<p>Nach dem Krieg gr\u00fcndete Werner Heider eine Band, spielte f\u00fcr die amerikanischen Truppen und entdeckte Benny Goodman, Stan Kenton und Woody Herman f\u00fcr sich; er habe, sollte er sp\u00e4ter sagen, \u00bbso ein Ur-Feeling f\u00fcr den Jazz\u00ab. Gleichzeitig nahm der 15-J\u00e4hrige aber auch klassischen Kompositionsunterricht bei Willy Spilling, dem sp\u00e4teren Leiter der Musikabteilung im BR-Studio N\u00fcrnberg, und schloss 1951 ein Klavier-, Dirigier- und Kompositionsstudium in M\u00fcnchen an. Die spannenden Impulse gingen aber nicht vom recht biederen Lehrer Karl H\u00f6ller aus, sondern von den Besuchen bei den Darmst\u00e4dter Ferienkursen. Heider tauchte dort tief in die Welt der Nachkriegs-Avantgarde ein, ohne sich je von einer Schule vereinnahmen zu lassen. Seine geistige Unabh\u00e4ngigkeit hat er sich bewahrt; in seinem reichen Anekdotenschatz haben Mauricio Kagel und Bruno Maderna (der seine Musik dirigiert hat) Platz neben Chet Baker und dem Modern Jazz Quartet (f\u00fcr das er komponiert hat). Unter dieser Vielseitigkeit habe er auch gelitten, sagt Heider; ein zeitgen\u00f6ssischer Komponist, der einen Jazzclub besucht, sei damals betrachtet worden \u00bbwie ein M\u00f6nch, der ins Bordell geht\u00ab.<\/p>\n<p>Freiheit hat Werner Heider immer gro\u00dfgeschrieben. Und so ist ihm \u2013 mit einer guten Portion Beharrlichkeit, \u00dcberzeugungskraft und einem die engen Grenzen der Neuen Musik \u00fcberschreitenden Netzwerk \u2013 auch das Kunstst\u00fcck gegl\u00fcckt, ein Leben als freischaffender Komponist zu f\u00fchren, unabh\u00e4ngig von institutionellen Zw\u00e4ngen. Daf\u00fcr erfuhr er bald Anerkennung, unter anderem durch ein zweimaliges Stipendium f\u00fcr die Villa Massimo in Rom, die Kulturpreise der St\u00e4dte N\u00fcrnberg, F\u00fcrth und Erlangen (wo er seit 1958 wohnt) oder den Wolfram-von-Eschenbach-Preis; seit 2019 ist er zudem Ehrenmitglied der Bayerischen Akademie der Sch\u00f6nen K\u00fcnste. Legend\u00e4r wurden seine Auftritte mit dem \u00bbars nova ensemble n\u00fcrnberg\u00ab, das er 1968 gegr\u00fcndet hatte \u2013 also lange bevor es das Ensemble Modern oder das Ensemble intercontemporain gab. Fast ein halbes Jahrhundert lang stand Heider hier am Pult, hat zahllose eigene wie fremde Werke uraufgef\u00fchrt und anschlie\u00dfend f\u00fcr den Bayerischen Rundfunk aufgenommen \u2013 mit hochpr\u00e4zisen, akkuraten, zugleich vor Energie vibrierenden Dirigiergesten, die viel \u00fcber sein musikalisches Denken verraten. Denn Heiders Kompositionen sind stets durch klare Strukturen gepr\u00e4gt, auch wenn sie sich nur selten an \u00fcberkommenen Formmodellen orientieren. Zugleich steht bei aller Abstraktion das kommunikative Moment im Vordergrund; seine Musik, vom Solost\u00fcck bis zum Orchesterwerk, wirkt stets plastisch und zeichnet sich durch gestische Unmittelbarkeit aus. Und so ist es auch jedes Mal ein Erlebnis, wenn Heider \u00fcber ein gerade entstehendes St\u00fcck spricht und dann beginnt, diesen musikalischen Gestus nachzuahmen \u2013 zu summen, zu fl\u00fcstern, zu skandieren oder mit den H\u00e4nden nachzuzeichnen.<\/p>\n<p>Am unmittelbarsten erlebbar wird das Gesamtkunstwerk Werner Heider nat\u00fcrlich, wenn er sich selbst ans Klavier setzt und seine Musik spielt. Noch im hohen Alter gibt er Recitals, bei denen er nicht nur seine Kompositionen auff\u00fchrt, sondern auch einzelne St\u00fccke improvisiert und dazwischen launige Kommentare einstreut. Die Aufnahme des Klavierst\u00fccks\u00a0<i><b>Berge zugespitzt<\/b><\/i>\u00a0stammt aus so einem Konzert, mitgeschnitten 2012 im Kulturforum F\u00fcrth. Uraufgef\u00fchrt wurde die Komposition freilich an einem weitaus spektakul\u00e4reren Ort: auf der Zuspitze, 1997 anl\u00e4sslich einer Ausstellung im Gipfelhaus mit den schroff-dramatischen Gebirgsbildern des N\u00fcrnberger Malers Werner Knaupp. Heiders Musik f\u00e4ngt das Elementare der Gem\u00e4lde ein, schichtet wuchtige Akkordquader \u00fcbereinander, \u00fcbersetzt die Berggipfel in gezackte Linien und entwirft unter Ausnutzung der gesamten Klaviatur ein weites Panorama zwischen schattigen Tiefen und eisiger H\u00f6he. Der H\u00f6rer vergisst dar\u00fcber ganz, dass dieses so rhapsodisch wirkende St\u00fcck streng durchorganisiert ist \u2013 vom intervallisch-rhythmischen Ausgangsmaterial bis zur Gro\u00dfform aus zw\u00f6lf \u00bbBerg-Bl\u00f6cken\u00ab und elf dazwischengeschalteten \u00bbEbenen\u00ab.<\/p>\n<p>Ohne einen solchen Formplan, sagt Werner Heider, beginne er nie zu komponieren: \u00bbEigentlich k\u00f6nnte ich viele meiner St\u00fccke \u203aArchitektur\u2039 nennen!\u00ab Bei seinem 2004 entstandenen Orchesterwerk\u00a0<i><b>Architektur<\/b><\/i>\u00a0hat er es tats\u00e4chlich getan \u2013 und nicht beispielsweise auf die Bezeichnung \u00bbSinfonie\u00ab zur\u00fcckgegriffen, obwohl das St\u00fcck ganz klassisch vier S\u00e4tze aufweist. Der erste Satz (\u00bbProjekt\u00ab) baut sich rhythmisch zupackend von der einstimmigen Zeichnung bis zur komplex ausgearbeiteten Siebenstimmigkeit auf, analog zum Entwurf eines Architekten. Der langsame zweite Satz (\u00bbStatik\u00ab) verbreitet dagegen eine Atmosph\u00e4re angespannter Ruhe; er befindet sich, so Heider, \u00bbeben im statischen Gleichgewicht\u00ab. Der dritte Satz (\u00bbKonstruktion\u00ab) entspricht dem Rohbau eines Geb\u00e4udes: Er beruht ganz auf dem Parameter des Rhythmus. Dabei verdichten sich kleine rhythmische Gestalten in Streichern und Bl\u00e4sern nach und nach zu einer komplexen Polyrhythmik; am Ende spielen sich drei krachende Trommeln in den Vordergrund. Erstaunlich kammermusikalisch ist dagegen der Schlusssatz (\u00bbInterna\u00ab) angelegt. Heider bet\u00e4tigt sich hier als Innenarchitekt, der das orchestrale Geb\u00e4ude mit zw\u00f6lf gleich gro\u00dfen, aber unterschiedlich ausgestalteten R\u00e4umen belebt: f\u00fcnf Soli, drei Duos, zwei Trios und zwei Quartetten. Das gro\u00dfe Orchester bleibt dabei nur begleitend im Hintergrund, und die zarte Schlussgeste distanziert sich noch einmal deutlich vom auftrumpfenden Finalcharakter einer Sinfonie.<\/p>\n<p>Auch im kammermusikalischen Bereich galt Heiders Sympathie \u00fcber Jahrzehnte hinweg dem Individuum: Neben der Klaviermusik hat er \u00fcber 30 Solo-Werke f\u00fcr praktisch alle g\u00e4ngigen Instrumente geschrieben; h\u00e4ufig sind sie befreundeten Musikern zugedacht. Um die gro\u00dfen \u00bbklassischen\u00ab Kammermusik-Besetzungen hingegen hat Heider meist einen Bogen gemacht. Umso auff\u00e4lliger vor diesem Hintergrund ist die Hinwendung gerade zu diesen traditionsreichen Gattungen in seinem Sp\u00e4twerk \u2013 meist ohne \u00e4u\u00dferen Auftrag, nur einem inneren Impuls folgend. So entstanden 2012 ein sehr pers\u00f6nliches\u00a0<i>Lamento passionato<\/i>\u00a0f\u00fcr Streichquartett (nach dem ersten Quartett von 1978), 2015 ein Klarinettenquintett, 2017 ein Streichtrio, 2018 ein Klaviertrio und 2019 das dritte Streichquartett. Bei den\u00a0<b><i>Sechs Eigenschaften<\/i><\/b>\u00a0f\u00fcr Streichtrio handelt es sich um transparente, nachdenkliche Miniaturen in der Tradition des Charakterst\u00fccks. Jeder Satz stellt dabei eine andere Eigenschaft ins Zentrum, vom ruhig atmenden \u00bbcalmo\u00ab \u00fcber die ruppigen Akkorde des \u00bbcollegio\u00ab und das spieltechnisch etwas experimenteller angelegte \u00bbcapriccioso\u00ab bis zum resoluten Schluss. Das zentrale \u00bbAdagio e arioso\u00ab nimmt mit dem melancholischen Gesang der Violine eine Sonderstellung ein: Es ist ein musikalischer Nachruf auf Heiders 2012 verstorbene Frau Lydia.<\/p>\n<p>Ein nachdenklich-melancholischer Ton liegt auch \u00fcber dem\u00a0<b><i>Klarinettenquintett<\/i><\/b>, wenngleich beispielsweise das einleitende \u00bbCapriccio\u00ab immer wieder durch \u00bbgiocoso\u00ab-Abschnitte aufgelockert wird. Von Beginn an gestaltet sich die Komposition als kunstvoll verzahnter Dialog zwischen der solistisch behandelten Klarinette (der auch zwei kleine Kadenzen zugeteilt sind) und dem Streichquartett. Nach dem elegischen \u00bbNotturno\u00ab (mit einem \u00bbAndante sostenuto \u00e0 la Chopin\u00ab) beschw\u00f6rt der motorische dritte Satz noch einmal die Kraft des Rhythmus. Dass das Werk dann aber mit einem ruhigen, verschatteten \u00bbAusklang\u00ab Abschied nimmt, provoziert geradezu den Vergleich mit den herbstlichen Quintetten von Mozart und Brahms. Eine Messlatte, der sich Heider zeitlebens gestellt hat: \u00bbJedes St\u00fcck sollte mit gr\u00f6\u00dfter Verantwortung geschaffen sein\u00ab, bekannte er schon 1986. \u00bbEigentlich komponiere ich f\u00fcr die Ewigkeit!\u00ab<\/p>\n<p><i>Thorsten Preu\u00df<\/i><\/p>\n<p>Programm:<\/p>\n<table border=\"0\" width=\"100%\" rules=\"none\" cellspacing=\"0\" cellpadding=\"0\">\n<tbody>\n<tr>\n<td class=\"bigcontent2\">\n<div id=\"tracks\">\n<p>[01]\u00a0<b>Berge zugespitzt<\/b>\u00a0f\u00fcr Solo-Klavier (1997)\u00a0<b>09:34<\/b><\/p>\n<p>Werner Heider, Klavier<br \/>\n<i>Live<\/i><\/p>\n<p><b>Sechs Eigenschaften<\/b>\u00a0f\u00fcr Streichtrio (2017)\u00a0<b>14:08<\/b><\/p>\n<p>[02]\u00a0<b>Nr. 1 calmo<\/b>\u00a002:12<br \/>\n[03]\u00a0<b>Nr. 2 collegio<\/b>\u00a001:59<br \/>\n[04]\u00a0<b>Nr. 3 Adagio e arioso<\/b>\u00a002:39<br \/>\n[05]<b>\u00a0Nr. 4 St\u00f6rungen, capriccioso<\/b>\u00a002:23<br \/>\n[06]\u00a0<b>Nr. 5 sempre piano e piano<\/b>\u00a002:58<br \/>\n[07]\u00a0<b>Nr. 6 Allegro risoluto<\/b>\u00a001:57<\/p>\n<p>Trio Plus<br \/>\n(Valerie Rubin, Violine \u00b7 Martin Timphus, Viola \u00b7 Markus Mayers, Violoncello)<\/p>\n<p><b>Klarinettenquintett<\/b>\u00a0f\u00fcr Klarinette in B\u00a0und Streichquartett (2015)\u00a0<b>17:57<\/b><\/p>\n<p>[08]\u00a0<b>Capriccio<\/b>\u00a005:01<br \/>\n[09]\u00a0<b>Notturna<\/b>\u00a005:42<br \/>\n[10]\u00a0<b>Animazione<\/b>\u00a004:25<br \/>\n[11]\u00a0<b>Ausklang<\/b>\u00a002:49<\/p>\n<p>Adrian Kr\u00e4mer, Klarinette<br \/>\nAkademie-Quartett M\u00fcnchen<br \/>\n(Daniel Nodel, Violine \u00b7 Amelie B\u00f6ckheler, Violine \u00b7 Lilya Tymchyshyn, Viola \u00b7 Moritz Weigert, Violoncello)<\/p>\n<p><b>Architektur<\/b>\u00a0f\u00fcr gro\u00dfes Orchester (2004)\u00a0<b>23:29<\/b><\/p>\n<p>[12]<b>\u00a01. Projekt<\/b>\u00a004:40<br \/>\n[13]<b>\u00a02. Statik<\/b>\u00a007:29<br \/>\n[14]\u00a0<b>3. Konstruktion<\/b>\u00a004:42<br \/>\n[15]\u00a0<b>4. Interna<\/b>\u00a006:38<\/p>\n<p>Symphonieorchester des Bayerischen Rundfunks<br \/>\nPeter E\u00f6tv\u00f6s, Dirigent<br \/>\n<i>Live \u00b7 musica viva<\/i><\/p>\n<p>total playing time: 65:15<\/p>\n<p><i>Ersteinspielungen<\/i><\/p>\n<p><b>Diese CD wurde durch die gro\u00dfz\u00fcgige Unterst\u00fctzung von Robert M. Helmschrott erm\u00f6glicht<\/b><\/p>\n<p>&nbsp;<\/p>\n<p><iframe src=\"https:\/\/w.soundcloud.com\/player\/?url=https%3A\/\/api.soundcloud.com\/playlists\/963310636&amp;color=%23ff5500&amp;auto_play=false&amp;hide_related=false&amp;show_comments=true&amp;show_user=true&amp;show_reposts=false&amp;show_teaser=true\" width=\"100%\" height=\"450\" frameborder=\"no\" scrolling=\"no\" data-mce-fragment=\"1\"><\/iframe><\/div>\n<div>Pressestimmen:<\/div>\n<div>\n<table border=\"0\" width=\"100%\" rules=\"none\" cellspacing=\"0\" cellpadding=\"0\">\n<tbody>\n<tr>\n<td class=\"bigcontent2\">\n<div id=\"press\">\n<p><img data-recalc-dims=\"1\" decoding=\"async\" src=\"https:\/\/i0.wp.com\/neos-music.com\/wp-content\/uploads\/2023\/05\/logo_NeueZeitschriftMusik_NEU.jpg?ssl=1\" alt=\"\" \/><br \/>\n2\/2020<\/p>\n<p>Freilich stehen die Werke der CD auch etwas abseits von dem, was man den vorherrschenden Diskurs der Neuen Musik nennen k\u00f6nnte. Sie haben das Experiment hinter sich gelassen, \u00fcben sich nicht in Anti oder Verweigerung, sondern ruhen vielmehr in sich. Ja, sie lassen auch Sch\u00f6nheit zu, mit aller Selbstverst\u00e4ndlichkeit.<\/p>\n<p><i>Thomas Meyer<\/i><\/p>\n<p><a class=\"arcoma_editor_link\" href=\"https:\/\/neos-music.com\/output.php?template=german-album-details.php&amp;content=Alben\/12005.php#\" target=\"_blank\" rel=\"noopener\">www.musikderzeit.de<\/a><\/p>\n<p>&nbsp;<\/p>\n<p><img data-recalc-dims=\"1\" decoding=\"async\" src=\"https:\/\/i0.wp.com\/neos-music.com\/wp-content\/uploads\/2023\/05\/logo_FonoForum.gif?ssl=1\" alt=\"\" \/><br \/>\n06\/20<\/p>\n<p>Jazz und Neue Musik waren f\u00fcr den Komponisten Werner Heider keine \u00e4sthetisch unvereinbaren Welten. [\u2026] Kristalline Strukturen und kantige Artikulation entsprechen dem Gegenstand mit gestischer Direktheit, und doch ist der scheinbar rhapsodische Gedankenfluss streng durchkomponiert. Im Rahmen einer prinzipiell freitonalen Harmonik schimmern immer wieder Akkordfarben des Jazz hindurch.<\/p>\n<p><i>Dirk Wieschollek<\/i><\/p>\n<\/div>\n<\/td>\n<\/tr>\n<\/tbody>\n<\/table>\n<\/div>\n<\/td>\n<\/tr>\n<\/tbody>\n<\/table>\n<\/div>\n<\/td>\n<\/tr>\n<\/tbody>\n<\/table>\n","protected":false},"excerpt":{"rendered":"<p>Infotext: FREIHEIT UND VERANTWORTUNG Musik von Werner Heider Als Werner Heider 2006, anl\u00e4sslich der Urauff\u00fchrung seines Orchesterwerks\u00a0Architektur\u00a0bei der M\u00fcnchner\u00a0musica viva, gefragt wurde, welche metaphysischen oder symbolischen Vorstellungen sich hinter dem formalen Grundriss verbergen w\u00fcrden, verbl\u00fcffte er sein Gegen\u00fcber mit einer sehr klaren Antwort: \u00bbMein St\u00fcck ist ganz einfach eine Komposition von musikalischer Architektur. Da soll [&hellip;]<\/p>\n","protected":false},"featured_media":2539,"template":"","meta":{"site-sidebar-layout":"default","site-content-layout":"default","ast-site-content-layout":"default","site-content-style":"default","site-sidebar-style":"default","ast-global-header-display":"","ast-banner-title-visibility":"","ast-main-header-display":"","ast-hfb-above-header-display":"","ast-hfb-below-header-display":"","ast-hfb-mobile-header-display":"","site-post-title":"","ast-breadcrumbs-content":"","ast-featured-img":"","footer-sml-layout":"","theme-transparent-header-meta":"default","adv-header-id-meta":"","stick-header-meta":"","header-above-stick-meta":"","header-main-stick-meta":"","header-below-stick-meta":"","astra-migrate-meta-layouts":"default","ast-page-background-enabled":"default","ast-page-background-meta":{"desktop":{"background-color":"","background-image":"","background-repeat":"repeat","background-position":"center center","background-size":"auto","background-attachment":"scroll","background-type":"","background-media":"","overlay-type":"","overlay-color":"","overlay-opacity":"","overlay-gradient":""},"tablet":{"background-color":"","background-image":"","background-repeat":"repeat","background-position":"center center","background-size":"auto","background-attachment":"scroll","background-type":"","background-media":"","overlay-type":"","overlay-color":"","overlay-opacity":"","overlay-gradient":""},"mobile":{"background-color":"","background-image":"","background-repeat":"repeat","background-position":"center center","background-size":"auto","background-attachment":"scroll","background-type":"","background-media":"","overlay-type":"","overlay-color":"","overlay-opacity":"","overlay-gradient":""}},"ast-content-background-meta":{"desktop":{"background-color":"var(--ast-global-color-5)","background-image":"","background-repeat":"repeat","background-position":"center center","background-size":"auto","background-attachment":"scroll","background-type":"","background-media":"","overlay-type":"","overlay-color":"","overlay-opacity":"","overlay-gradient":""},"tablet":{"background-color":"var(--ast-global-color-5)","background-image":"","background-repeat":"repeat","background-position":"center center","background-size":"auto","background-attachment":"scroll","background-type":"","background-media":"","overlay-type":"","overlay-color":"","overlay-opacity":"","overlay-gradient":""},"mobile":{"background-color":"var(--ast-global-color-5)","background-image":"","background-repeat":"repeat","background-position":"center center","background-size":"auto","background-attachment":"scroll","background-type":"","background-media":"","overlay-type":"","overlay-color":"","overlay-opacity":"","overlay-gradient":""}}},"product_brand":[],"product_cat":[881,882,878,26],"product_tag":[],"class_list":{"0":"post-2538","1":"product","2":"type-product","3":"status-publish","4":"has-post-thumbnail","6":"product_cat-klarinette","7":"product_cat-klavier","8":"product_cat-streichquartett","9":"product_cat-zeitgenossische-musik","10":"pa_artikelnummer-neos-12005","11":"pa_brand-neos-music","12":"pa_ean-156","13":"desktop-align-left","14":"tablet-align-left","15":"mobile-align-left","17":"first","18":"instock","19":"taxable","20":"shipping-taxable","21":"purchasable","22":"product-type-simple"},"yoast_head":"<!-- This site is optimized with the Yoast SEO plugin v27.4 - https:\/\/yoast.com\/product\/yoast-seo-wordpress\/ -->\n<title>Werner Heider: Piano - Chamber - Large Orchestra - NEOS Music<\/title>\n<meta name=\"robots\" content=\"index, follow, max-snippet:-1, max-image-preview:large, max-video-preview:-1\" \/>\n<link rel=\"canonical\" href=\"https:\/\/neos-music.com\/en_us\/product\/werner-heider-piano-chamber-large-orchestra\/\" \/>\n<meta property=\"og:locale\" content=\"en_US\" \/>\n<meta property=\"og:type\" content=\"article\" \/>\n<meta property=\"og:title\" content=\"Werner Heider: Piano - Chamber - Large Orchestra - NEOS Music\" \/>\n<meta property=\"og:description\" content=\"Infotext: FREIHEIT UND VERANTWORTUNG Musik von Werner Heider Als Werner Heider 2006, anl\u00e4sslich der Urauff\u00fchrung seines Orchesterwerks\u00a0Architektur\u00a0bei der M\u00fcnchner\u00a0musica viva, gefragt wurde, welche metaphysischen oder symbolischen Vorstellungen sich hinter dem formalen Grundriss verbergen w\u00fcrden, verbl\u00fcffte er sein Gegen\u00fcber mit einer sehr klaren Antwort: \u00bbMein St\u00fcck ist ganz einfach eine Komposition von musikalischer Architektur. Da soll [&hellip;]\" \/>\n<meta property=\"og:url\" content=\"https:\/\/neos-music.com\/en_us\/product\/werner-heider-piano-chamber-large-orchestra\/\" \/>\n<meta property=\"og:site_name\" content=\"NEOS Music\" \/>\n<meta property=\"article:modified_time\" content=\"2023-05-22T20:22:43+00:00\" \/>\n<meta property=\"og:image\" content=\"https:\/\/neos-music.com\/wp-content\/uploads\/2022\/11\/NEOS_12005_Heider.jpeg\" \/>\n\t<meta property=\"og:image:width\" content=\"1649\" \/>\n\t<meta property=\"og:image:height\" content=\"1483\" \/>\n\t<meta property=\"og:image:type\" content=\"image\/jpeg\" \/>\n<meta name=\"twitter:card\" content=\"summary_large_image\" \/>\n<meta name=\"twitter:label1\" content=\"Est. reading time\" \/>\n\t<meta name=\"twitter:data1\" content=\"10 minutes\" \/>\n<script type=\"application\/ld+json\" class=\"yoast-schema-graph\">{\"@context\":\"https:\\\/\\\/schema.org\",\"@graph\":[{\"@type\":\"WebPage\",\"@id\":\"https:\\\/\\\/neos-music.com\\\/product\\\/werner-heider-piano-chamber-large-orchestra\\\/\",\"url\":\"https:\\\/\\\/neos-music.com\\\/product\\\/werner-heider-piano-chamber-large-orchestra\\\/\",\"name\":\"Werner Heider: Piano - Chamber - Large Orchestra - NEOS Music\",\"isPartOf\":{\"@id\":\"https:\\\/\\\/neos-music.com\\\/#website\"},\"primaryImageOfPage\":{\"@id\":\"https:\\\/\\\/neos-music.com\\\/product\\\/werner-heider-piano-chamber-large-orchestra\\\/#primaryimage\"},\"image\":{\"@id\":\"https:\\\/\\\/neos-music.com\\\/product\\\/werner-heider-piano-chamber-large-orchestra\\\/#primaryimage\"},\"thumbnailUrl\":\"https:\\\/\\\/i0.wp.com\\\/neos-music.com\\\/wp-content\\\/uploads\\\/2022\\\/11\\\/NEOS_12005_Heider.jpeg?fit=1649%2C1483&ssl=1\",\"datePublished\":\"2020-01-15T16:27:34+00:00\",\"dateModified\":\"2023-05-22T20:22:43+00:00\",\"breadcrumb\":{\"@id\":\"https:\\\/\\\/neos-music.com\\\/product\\\/werner-heider-piano-chamber-large-orchestra\\\/#breadcrumb\"},\"inLanguage\":\"en-US\",\"potentialAction\":[{\"@type\":\"ReadAction\",\"target\":[\"https:\\\/\\\/neos-music.com\\\/product\\\/werner-heider-piano-chamber-large-orchestra\\\/\"]}]},{\"@type\":\"ImageObject\",\"inLanguage\":\"en-US\",\"@id\":\"https:\\\/\\\/neos-music.com\\\/product\\\/werner-heider-piano-chamber-large-orchestra\\\/#primaryimage\",\"url\":\"https:\\\/\\\/i0.wp.com\\\/neos-music.com\\\/wp-content\\\/uploads\\\/2022\\\/11\\\/NEOS_12005_Heider.jpeg?fit=1649%2C1483&ssl=1\",\"contentUrl\":\"https:\\\/\\\/i0.wp.com\\\/neos-music.com\\\/wp-content\\\/uploads\\\/2022\\\/11\\\/NEOS_12005_Heider.jpeg?fit=1649%2C1483&ssl=1\",\"width\":1649,\"height\":1483},{\"@type\":\"BreadcrumbList\",\"@id\":\"https:\\\/\\\/neos-music.com\\\/product\\\/werner-heider-piano-chamber-large-orchestra\\\/#breadcrumb\",\"itemListElement\":[{\"@type\":\"ListItem\",\"position\":1,\"name\":\"Startseite\",\"item\":\"https:\\\/\\\/neos-music.com\\\/\"},{\"@type\":\"ListItem\",\"position\":2,\"name\":\"Produkte\",\"item\":\"https:\\\/\\\/neos-music.com\\\/shop__trashed\\\/\"},{\"@type\":\"ListItem\",\"position\":3,\"name\":\"Werner Heider: Piano &#8211; Chamber &#8211; Large Orchestra\"}]},{\"@type\":\"WebSite\",\"@id\":\"https:\\\/\\\/neos-music.com\\\/#website\",\"url\":\"https:\\\/\\\/neos-music.com\\\/\",\"name\":\"NEOS Music\",\"description\":\"Dein Online Shop f\u00fcr zeitgen\u00f6ssische Musik, Jazz und Classics!\",\"publisher\":{\"@id\":\"https:\\\/\\\/neos-music.com\\\/#organization\"},\"potentialAction\":[{\"@type\":\"SearchAction\",\"target\":{\"@type\":\"EntryPoint\",\"urlTemplate\":\"https:\\\/\\\/neos-music.com\\\/?s={search_term_string}\"},\"query-input\":{\"@type\":\"PropertyValueSpecification\",\"valueRequired\":true,\"valueName\":\"search_term_string\"}}],\"inLanguage\":\"en-US\"},{\"@type\":\"Organization\",\"@id\":\"https:\\\/\\\/neos-music.com\\\/#organization\",\"name\":\"NEOS Music\",\"url\":\"https:\\\/\\\/neos-music.com\\\/\",\"logo\":{\"@type\":\"ImageObject\",\"inLanguage\":\"en-US\",\"@id\":\"https:\\\/\\\/neos-music.com\\\/#\\\/schema\\\/logo\\\/image\\\/\",\"url\":\"https:\\\/\\\/i0.wp.com\\\/neos-music.com\\\/wp-content\\\/uploads\\\/2025\\\/08\\\/NEOS-Logo-weiss.png?fit=800%2C203&ssl=1\",\"contentUrl\":\"https:\\\/\\\/i0.wp.com\\\/neos-music.com\\\/wp-content\\\/uploads\\\/2025\\\/08\\\/NEOS-Logo-weiss.png?fit=800%2C203&ssl=1\",\"width\":800,\"height\":203,\"caption\":\"NEOS Music\"},\"image\":{\"@id\":\"https:\\\/\\\/neos-music.com\\\/#\\\/schema\\\/logo\\\/image\\\/\"}}]}<\/script>\n<!-- \/ Yoast SEO plugin. -->","yoast_head_json":{"title":"Werner Heider: Piano - Chamber - Large Orchestra - NEOS Music","robots":{"index":"index","follow":"follow","max-snippet":"max-snippet:-1","max-image-preview":"max-image-preview:large","max-video-preview":"max-video-preview:-1"},"canonical":"https:\/\/neos-music.com\/en_us\/product\/werner-heider-piano-chamber-large-orchestra\/","og_locale":"en_US","og_type":"article","og_title":"Werner Heider: Piano - Chamber - Large Orchestra - NEOS Music","og_description":"Infotext: FREIHEIT UND VERANTWORTUNG Musik von Werner Heider Als Werner Heider 2006, anl\u00e4sslich der Urauff\u00fchrung seines Orchesterwerks\u00a0Architektur\u00a0bei der M\u00fcnchner\u00a0musica viva, gefragt wurde, welche metaphysischen oder symbolischen Vorstellungen sich hinter dem formalen Grundriss verbergen w\u00fcrden, verbl\u00fcffte er sein Gegen\u00fcber mit einer sehr klaren Antwort: \u00bbMein St\u00fcck ist ganz einfach eine Komposition von musikalischer Architektur. Da soll [&hellip;]","og_url":"https:\/\/neos-music.com\/en_us\/product\/werner-heider-piano-chamber-large-orchestra\/","og_site_name":"NEOS Music","article_modified_time":"2023-05-22T20:22:43+00:00","og_image":[{"width":1649,"height":1483,"url":"https:\/\/neos-music.com\/wp-content\/uploads\/2022\/11\/NEOS_12005_Heider.jpeg","type":"image\/jpeg"}],"twitter_card":"summary_large_image","twitter_misc":{"Est. reading time":"10 minutes"},"schema":{"@context":"https:\/\/schema.org","@graph":[{"@type":"WebPage","@id":"https:\/\/neos-music.com\/product\/werner-heider-piano-chamber-large-orchestra\/","url":"https:\/\/neos-music.com\/product\/werner-heider-piano-chamber-large-orchestra\/","name":"Werner Heider: Piano - Chamber - Large Orchestra - NEOS Music","isPartOf":{"@id":"https:\/\/neos-music.com\/#website"},"primaryImageOfPage":{"@id":"https:\/\/neos-music.com\/product\/werner-heider-piano-chamber-large-orchestra\/#primaryimage"},"image":{"@id":"https:\/\/neos-music.com\/product\/werner-heider-piano-chamber-large-orchestra\/#primaryimage"},"thumbnailUrl":"https:\/\/i0.wp.com\/neos-music.com\/wp-content\/uploads\/2022\/11\/NEOS_12005_Heider.jpeg?fit=1649%2C1483&ssl=1","datePublished":"2020-01-15T16:27:34+00:00","dateModified":"2023-05-22T20:22:43+00:00","breadcrumb":{"@id":"https:\/\/neos-music.com\/product\/werner-heider-piano-chamber-large-orchestra\/#breadcrumb"},"inLanguage":"en-US","potentialAction":[{"@type":"ReadAction","target":["https:\/\/neos-music.com\/product\/werner-heider-piano-chamber-large-orchestra\/"]}]},{"@type":"ImageObject","inLanguage":"en-US","@id":"https:\/\/neos-music.com\/product\/werner-heider-piano-chamber-large-orchestra\/#primaryimage","url":"https:\/\/i0.wp.com\/neos-music.com\/wp-content\/uploads\/2022\/11\/NEOS_12005_Heider.jpeg?fit=1649%2C1483&ssl=1","contentUrl":"https:\/\/i0.wp.com\/neos-music.com\/wp-content\/uploads\/2022\/11\/NEOS_12005_Heider.jpeg?fit=1649%2C1483&ssl=1","width":1649,"height":1483},{"@type":"BreadcrumbList","@id":"https:\/\/neos-music.com\/product\/werner-heider-piano-chamber-large-orchestra\/#breadcrumb","itemListElement":[{"@type":"ListItem","position":1,"name":"Startseite","item":"https:\/\/neos-music.com\/"},{"@type":"ListItem","position":2,"name":"Produkte","item":"https:\/\/neos-music.com\/shop__trashed\/"},{"@type":"ListItem","position":3,"name":"Werner Heider: Piano &#8211; Chamber &#8211; Large Orchestra"}]},{"@type":"WebSite","@id":"https:\/\/neos-music.com\/#website","url":"https:\/\/neos-music.com\/","name":"NEOS Music","description":"Dein Online Shop f\u00fcr zeitgen\u00f6ssische Musik, Jazz und Classics!","publisher":{"@id":"https:\/\/neos-music.com\/#organization"},"potentialAction":[{"@type":"SearchAction","target":{"@type":"EntryPoint","urlTemplate":"https:\/\/neos-music.com\/?s={search_term_string}"},"query-input":{"@type":"PropertyValueSpecification","valueRequired":true,"valueName":"search_term_string"}}],"inLanguage":"en-US"},{"@type":"Organization","@id":"https:\/\/neos-music.com\/#organization","name":"NEOS Music","url":"https:\/\/neos-music.com\/","logo":{"@type":"ImageObject","inLanguage":"en-US","@id":"https:\/\/neos-music.com\/#\/schema\/logo\/image\/","url":"https:\/\/i0.wp.com\/neos-music.com\/wp-content\/uploads\/2025\/08\/NEOS-Logo-weiss.png?fit=800%2C203&ssl=1","contentUrl":"https:\/\/i0.wp.com\/neos-music.com\/wp-content\/uploads\/2025\/08\/NEOS-Logo-weiss.png?fit=800%2C203&ssl=1","width":800,"height":203,"caption":"NEOS Music"},"image":{"@id":"https:\/\/neos-music.com\/#\/schema\/logo\/image\/"}}]}},"jetpack_sharing_enabled":true,"_links":{"self":[{"href":"https:\/\/neos-music.com\/en_us\/wp-json\/wp\/v2\/product\/2538","targetHints":{"allow":["GET"]}}],"collection":[{"href":"https:\/\/neos-music.com\/en_us\/wp-json\/wp\/v2\/product"}],"about":[{"href":"https:\/\/neos-music.com\/en_us\/wp-json\/wp\/v2\/types\/product"}],"version-history":[{"count":0,"href":"https:\/\/neos-music.com\/en_us\/wp-json\/wp\/v2\/product\/2538\/revisions"}],"wp:featuredmedia":[{"embeddable":true,"href":"https:\/\/neos-music.com\/en_us\/wp-json\/wp\/v2\/media\/2539"}],"wp:attachment":[{"href":"https:\/\/neos-music.com\/en_us\/wp-json\/wp\/v2\/media?parent=2538"}],"wp:term":[{"taxonomy":"product_brand","embeddable":true,"href":"https:\/\/neos-music.com\/en_us\/wp-json\/wp\/v2\/product_brand?post=2538"},{"taxonomy":"product_cat","embeddable":true,"href":"https:\/\/neos-music.com\/en_us\/wp-json\/wp\/v2\/product_cat?post=2538"},{"taxonomy":"product_tag","embeddable":true,"href":"https:\/\/neos-music.com\/en_us\/wp-json\/wp\/v2\/product_tag?post=2538"}],"curies":[{"name":"wp","href":"https:\/\/api.w.org\/{rel}","templated":true}]}}