{"id":2597,"date":"2018-11-24T18:44:12","date_gmt":"2018-11-24T18:44:12","guid":{"rendered":"https:\/\/neos-music.com\/?post_type=product&#038;p=2597"},"modified":"2023-05-22T21:22:29","modified_gmt":"2023-05-22T21:22:29","slug":"25-years-of-collegium-novum-zuerich-vinko-globokar-martin-jaggi-sascha-janko-dragicevic-marko-nikodijevic","status":"publish","type":"product","link":"https:\/\/neos-music.com\/en_us\/product\/25-years-of-collegium-novum-zuerich-vinko-globokar-martin-jaggi-sascha-janko-dragicevic-marko-nikodijevic\/","title":{"rendered":"25 Years of Collegium Novum Z\u00fcrich: Vinko Globokar &#8211; Martin Jaggi &#8211; Sascha Janko Dragi\u0107evi\u0107 &#8211; Marko Nikodijevic"},"content":{"rendered":"<p>Infotext:<\/p>\n<table border=\"0\" width=\"100%\" rules=\"none\" cellspacing=\"0\" cellpadding=\"0\">\n<tbody>\n<tr>\n<td class=\"bigcontent2\">\n<div id=\"infotext\">\n<p><b>25 JAHRE COLLEGIUM NOVUM Z\u00dcRICH<\/b><\/p>\n<p>Das Collegium Novum Z\u00fcrich wurde 1993 gegr\u00fcndet. In einem stufenweisen Prozess formierte sich damals das Ensemble um einen Kern von einigen wenigen Musikerinnen und Musikern. Bald konnte sich das CNZ mit eigenen Konzertreihen etablieren, erfuhr Unterst\u00fctzung seitens der Stadt Z\u00fcrich und erwarb sich auch internationale Anerkennung. Sein k\u00fcnstlerisches Profil wurde von den jeweiligen k\u00fcnstlerischen Leitern gepr\u00e4gt, denen es die Programmverantwortung \u00fcbertrug: Armin Brunner (1995\u20131997), Michael Haefliger (1997\u20131999), Patrick M\u00fcller (1999\u20132004), Christian Fausch (2005\u20132010), Jens Schubbe (seit 2010). Dabei blieb bei allen jeweils eigenen Akzentuierungen doch eine Konstante \u00fcber das Vierteljahrhundert seines Bestehens erhalten. Das CNZ verstand sich immer als ein Ensemble, das die Musik der Gegenwart als ein Ergebnis historischer Entwicklungen begriff und seine Aufgabe darin sah, einerseits die aktuelle Musik zu pr\u00e4sentieren, andererseits die Musik der vergangenen Jahrzehnte immer wieder neu zu befragen. Die auf dieser CD versammelten Aufnahmen sind Konzertmitschnitte und dokumentieren Auff\u00fchrungen aus den Jahren seit 2013, die f\u00fcr die programmatische Identit\u00e4t des Ensembles repr\u00e4sentativ sind, wobei bei dieser Auswahl der Akzent auf Ur- und Erstauff\u00fchrungen lag.<\/p>\n<p><b>Vinko Globokar:<i>\u00a0L\u2019Exil Nr. 2<\/i><\/b><\/p>\n<p>Vinko Globokars Musik ist stets welthaltig, reagiert auf die Wirklichkeit, positioniert sich. Oft ist seine Musik ungemein gestisch, verschmilzt instrumentale, vokale und szenische Aktionen und schleift Gattungsgrenzen. Daf\u00fcr stehen auch die drei Kompositionen zum Thema \u00bbExil\u00ab, die Globokar seit 2012 vorgelegt hat:<i>\u00a0L\u2019Exil Nr. 1<\/i>\u00a0ist ein Werk f\u00fcr Stimme und f\u00fcnf Instrumentalisten.\u00a0<i>L\u2019Exil Nr. 2<\/i>\u00a0ist an diese Konzeption angelehnt, bezieht allerdings ein gr\u00f6\u00dferes Ensemble ein.\u00a0<i>L\u2019Exil Nr. 3<\/i>\u00a0ist als gro\u00dfformatiges Oratorium konzipiert.<\/p>\n<p>Der\u00a0<i>L\u2019Exil Nr. 2<\/i>\u00a0zugrunde liegende Text ist aus 37 Textfragmenten montiert, die Globokar der Sammlung\u00a0<i>Cent po\u00e8mes sur l\u2019exil<\/i>\u00a0entnommen hat, und die aus dem Franz\u00f6sischen (in das sie zumeist \u00fcbersetzt waren) teilweise in sechs weitere Sprachen \u00fcbertragen wurden: Slowenisch, Deutsch, Spanisch, Englisch, Russisch, Italienisch. In den einzelnen S\u00e4tzen blitzen schlaglichtartig das Exil bezeichnende Erfahrungen, Bilder, Situationen und Emotionen auf. Sie werden aber nicht vorgef\u00fchrt, sondern in einer Weise exponiert, die den H\u00f6rer selbst in die Rolle des Exilanten dr\u00e4ngt: Vor allem durch die Transformation der Texte in verschiedene Sprachen ist der H\u00f6rer mit einem babylonischen Sprachgewirr konfrontiert, wie es dem Fremden erscheinen mag, der sich in einem unbekannten Land zurechtfinden muss. Die Solostimme wird zun\u00e4chst von einzelnen Instrumentalstimmen sekundiert, die sich gleichsam in ihrer je eigenen Sprache artikulieren. Allm\u00e4hlich wird die Textur dichter, verschmelzen die Einzelstimmen zu Ch\u00f6ren. Gleichzeitig wird die Grenze von instrumentalem und vokalem Klang durchl\u00e4ssiger und mischen sich immer mehr performative, theatrale Elemente in das Geschehen. Die extremen Formen der Artikulation lassen Verwirrung, Angst, Verunsicherung und Verzweiflung assoziieren. Dazu kommen aber auch Momente der Klarheit, Erl\u00f6sung, kleine Zwiegespr\u00e4che, die vielleicht erste Schritte in Richtung einer Verst\u00e4ndigung in einer neuen Sprache sind.<\/p>\n<p><i>Jens Schubbe<\/i><\/p>\n<p><b>Sascha Janko Dragi\u0107evi\u0107:\u00a0<i>Ausschlag<\/i><\/b><\/p>\n<p>In\u00a0<i>Ausschlag<\/i>\u00a0f\u00fcr gro\u00dfes Ensemble und Live-Elektronik habe ich mich mit der Entstehung und Dekonstruktion formaler Kontexte durch direkte Gegen\u00fcberstellung von Periodizit\u00e4t und Aperiodizit\u00e4t besch\u00e4ftigt. Die wechselseitige Fremdheit dieser beiden Pole wird dadurch verst\u00e4rkt, dass sie nicht durch flie\u00dfende \u00dcberg\u00e4nge miteinander verschmelzen, sondern hart und direkt aneinander montiert werden. Diese Art der Fremdheit in der Konzeption der Formbildung evoziert von Beginn an eine gewisse Unvers\u00f6hnlichkeit, die auch als harte Kontur und Sch\u00e4rfe wahrgenommen werden kann. Maximale Aperiodizit\u00e4t wird in diesem St\u00fcck durch einen idealisierten Klang eines \u00bbwei\u00dfen Rauschens\u00ab dargestellt. Dieser Klang wird wiederholt durch das eigens f\u00fcr dieses St\u00fcck von Stefan Roszak entwickelte und gebaute Instrument \u00bbRauschrad\u00ab erzeugt. Das Ensemble entgegnet mit sich permutierenden, klar begrenzten Perioden. Diese sind aus winzigen, sehr einfachen motivischen Zellen gebaut.<\/p>\n<p>Die Live-Elektronik greift gleichsam in das musikalische Geschehen ein, indem sie in relativ kurzen Wechseln einzelne Instrumente heraushebt und durch Verfremdungsprozesse manipuliert. Dieser Zugriff von au\u00dferhalb scheint zersetzend auf die Bildung formaler Kontexte einzuwirken. Er erm\u00f6glicht aber auch eine weitere, vexierbildhafte Form von Wahrnehmung der musikalischen Textur durch einen st\u00e4ndigen Wechsel der H\u00f6rperspektive. Am Ende kommt es schlie\u00dflich doch zu einem flie\u00dfenden \u00dcbergang von Periodizit\u00e4t zu Aperiodizit\u00e4t innerhalb einer Klangaktion der \u00bbRauschr\u00e4der\u00ab, ausgel\u00f6st durch einen heftigen Impuls, der in ein \u00bbwei\u00dfes Rauschen\u00ab m\u00fcndet.<\/p>\n<p><i>Sascha Janko Dragi\u0107evi\u0107<\/i><\/p>\n<p><b>Martin Jaggi:\u00a0<i>Uxul<\/i><\/b><\/p>\n<p><i>Uxul<\/i>\u00a0ist der abschlie\u00dfende Teil eines Zyklus unterschiedlich besetzter Werke, die sich mit den ersten Zivilisationen auseinandersetzen: mit jenem Moment in der Geschichte, an dem die ersten St\u00e4dte, organisierte Gesellschaftsformen mit hierarchischen Strukturen entstanden, sich Politik, Wirtschaft, Religion und die ersten Staaten bildeten. Dies geschah unabh\u00e4ngig voneinander an sechs Orten: in \u00c4gypten, in Mesopotamien, am Indus, in China, in Mittelamerika und in den Anden. In all diesen Werken ist das Kernmaterial durch die \u00e4ltesten Musiken gegeben, die in den jeweiligen Regionen noch gelebt werden. Es geht also nicht um eine mystische Reanimierung von Musik, sondern um einen Blick auf alte Traditionen, die oft verborgen in unserer Zeit noch weiter bestehen und zum Teil weit von dem abweichen, was allgemein unter dem Begriff \u00bbWeltmusik\u00ab bekannt ist.<\/p>\n<p>Der neueste Teil dieses losen Zyklus bezieht sich auf Mittelamerika. Die fr\u00fcheste dort gefundene Kultur ist die der Olmeken, welche von etwa 1500 bis 400 v. Chr. entlang der K\u00fcste des Golfs von Mexiko nachweisbar ist. Ihre bekanntesten kulturellen Hinterlassenschaften sind mehrere Kolossalk\u00f6pfe. Ansonsten ist eher wenig bekannt, und da zudem alle olmekischen Fundst\u00e4tten spanische Namen tragen, habe ich mich entschieden, das St\u00fcck nach einer fr\u00fchen Maya-St\u00e4tte zu benennen. Uxul ist eine antike Maya-Siedlung in der Region Campeche in Mexiko. Uxul bedeutet \u00bbam Ende\u00ab, was somit einen passenden Titel f\u00fcr das abschlie\u00dfende St\u00fcck des Zyklus lieferte.<\/p>\n<p>In Mittelamerika wurde eine Vielzahl an Instrumenten auf arch\u00e4ologischen Grabungen entdeckt, viele davon in ausgezeichnetem Zustand. Es handelt sich dabei vor allem um unterschiedlichste Fl\u00f6ten, trompetenartige Instrumente und Schlaginstrumente. Das harmonische Material des St\u00fccks basiert auf jenen T\u00f6nen, die diese Instrumente offenbar produzieren konnten. Zudem werden im Schlagzeug u.\u2009a. Instrumente verwendet, die in Zentralamerika ihren Ursprung haben, wie die Schlitztrommeln und das G\u00fciro. Zudem erinnern die Bongos an den Klang der Schildkr\u00f6tenpanzer, welche als Schlagwerk benutzt wurden. Die wohl noch urspr\u00fcnglichste Musikkultur in Mittelamerika hat sich bei den Maya im heutigen Grenzgebiet zwischen Mexiko und Guatemala erhalten. Nur hier fand ich Musik, die von spanischen und anderen westlichen Einfl\u00fcssen fast g\u00e4nzlich unber\u00fchrt ist \u2013 eine Seltenheit in einem Amerika, in dem einheimische Traditionen von den Kolonialisten erfolgreicher ausgemerzt wurden als anderswo. Das Material von\u00a0<i>Uxul<\/i>\u00a0ist eine kleine Auswahl pers\u00f6nlicher Highlights aus meinen Recherchen.<\/p>\n<p><i>Martin Jaggi<\/i><\/p>\n<p><b>Marko Nikodijevic:\u00a0<i>Gesualdo Dub\u2009\/\u2009Raum mit gel\u00f6schter Figur<\/i><\/b><\/p>\n<p>Viele der Werke von Marko Nikodijevic beziehen sich auf vorhandene Musik, auf fremdes Material. Schon die Titel verraten das:\u00a0<i>cveti\u0107, ku\u0107ica&#8230;\u2009\/\u2009la lugubre gondola<\/i>\u00a0\u2013 Trauermusik f\u00fcr Orchester nach Franz Liszt,\u00a0<i>Music Box\u2009\/\u2009Selbstportrait mit Ligeti und Strawinsky (und Messiaen ist auch dabei)<\/i>,\u00a0<i>Tombeau de Claude Vivier<\/i>\u00a0und\u00a0<i>Gesualdo Dub<\/i>. Zum Faszinierenden und R\u00e4tselhaften seiner Musik geh\u00f6rt nun, dass in diesen Beschw\u00f6rungen des Anderen das Eigene umso deutlicher in Erscheinung tritt. In mehreren von Nikodijevics Werken \u2013 so auch in\u00a0<i>Gesualdo Dub<\/i>\u00a0\u2013 sind einzelne Teile bzw. S\u00e4tze als \u00bbR\u00e4ume\u00ab bezeichnet. Diese \u00bbR\u00e4ume\u00ab konfrontieren uns mit einer, manchmal auch mit mehreren klanglichen Situationen, die insistierend umkreist werden. Moritz Eggert sprach treffend vom \u00bbHineintauchen in einen Klangmoment\u00ab, das eine unerh\u00f6rte Wirkung zu entfalten vermag.<\/p>\n<p>In\u00a0<i>Gesualdo Dub\u2009\/\u2009Raum mit gel\u00f6schter Figur<\/i>\u00a0ist das besonders eindringlich gelungen. Nukleus des Werkes ist ein Halbtonpendel, dessen Ursprung man im Beginn des Gesualdo-Madrigals\u00a0<i>Moro, lasso, al mio duolo<\/i>\u00a0finden kann, in jener f\u00fcr das Madrigal so typischen chromatischen Abw\u00e4rtsbewegung. An diese Figur \u2013 Chiffre des Schmerzes und der Klage schlechthin \u2013 werden nun zun\u00e4chst fast unh\u00f6rbar Klangmaterialien wie Treibgut angelagert. Sie umh\u00fcllen die Figur, beginnen ein Eigenleben, flirren und vibrieren, entfalten eine Aura, erzeugen klingende R\u00e4ume. Gleicht der Beginn einem stufenweisen Aufblenden, finden wir uns sodann in einem \u00bbDark Room\u00ab wieder. Wie halluziniert wirkt die Musik eines dritten Raumes, dessen Konturen verschwimmen, als w\u00fcrden wir sie unter wogendem Wasser wahrnehmen. \u00bbS\u00fc\u00dfer Duft aus M\u00e4rchenzeit\u00ab erf\u00fcllt den vierten Raum mit seinen Fanfarenkl\u00e4ngen und M\u00f6wenschrei-Glissandi, ehe im finalen Abschnitt die permanente Morbidezza mit grell ekstatischem Glockenget\u00f6n gekreuzt wird.<\/p>\n<p><i>Jens Schubbe<\/i><\/p>\n<p>Programm:<\/p>\n<table border=\"0\" width=\"100%\" rules=\"none\" cellspacing=\"0\" cellpadding=\"0\">\n<tbody>\n<tr>\n<td class=\"bigcontent2\">\n<div id=\"tracks\">\n<p><b>25 Years of Collegium Novum Z\u00fcrich<\/b><\/p>\n<p><b>Vinko Globokar<\/b>\u00a0(*1934)<br \/>\n[01]\u00a0<b>L\u2019Exil No. 2<\/b>\u00a0for soprano (or tenor) and 13 instrumentalists (2012)<b>\u00a020:44<\/b><\/p>\n<p><i>Live recording of the world premiere \u00b7 02 November 2016<br \/>\nTonhalle Z\u00fcrich, Gro\u00dfer Saal<\/i><\/p>\n<p><b><\/b><b><br \/>\nMartin Jaggi<\/b>\u00a0(*1978)<br \/>\n[02]\u00a0<b>Uxul<\/b>\u00a0for two ensemble groups (2018)\u00a0<b>14:49<\/b><\/p>\n<p><i>Commissioned by CNZ, supported by Pro Helvetia and Stadt Z\u00fcrich Kultur<br \/>\nLive recording of the world premiere \u00b7 12 April 2018 \u00b7 Tonhalle Maag, Z\u00fcrich<\/i><\/p>\n<p><b>Sascha Janko Dragi\u0107evi\u0107<\/b>\u00a0(*1969)<br \/>\n[03]\u00a0<b>Ausschlag<\/b>\u00a0for large ensemble and live electronics (2016\u20132018)\u00a0<i>18:06<\/i><\/p>\n<p><i>Commissioned by CNZ, supported by the Ernst von Siemens Music Foundation<br \/>\nLive recording of the world premiere \u00b7 03 March 2018 \u00b7 Tonhalle Maag, Z\u00fcrich<\/i><\/p>\n<p><b>Marko Nikodijevic<\/b>\u00a0(*1980)<br \/>\n[04]\u00a0<b>Gesualdo Dub\u2009\/\u2009Raum mit gel\u00f6schter Figur<\/b>\u00a0Concerto for Piano and Ensemble (2012)\u00a0<b>18:20<\/b><\/p>\n<p><i>Live recording of the Swiss premiere \u00b7 25 September 2013<br \/>\nTonhalle Z\u00fcrich, Kleiner Saal<\/i><\/p>\n<p>raum I \u2013 raum II \u2013 raum III \u2013 raum IV \u2013 cadenza \u2013 raum V<\/p>\n<p>&nbsp;<\/p>\n<p>total playing time: 72:03<\/p>\n<p>Eva Nievergelt, mezzo-soprano [01]<br \/>\nStefan Wirth, piano [04]<br \/>\n<a class=\"arcoma_glossarylink\" href=\"https:\/\/neos-music.com\/output.php?content=Kuenstler\/Collegium_Novum_Zuerich.php&amp;treplace=english%2Cgerman\" target=\"_self\" rel=\"noopener\">Collegium Novum Z\u00fcrich<\/a><br \/>\nJonathan Stockhammer, conductor [01, 02, 04]<br \/>\n<a class=\"arcoma_glossarylink\" href=\"https:\/\/neos-music.com\/output.php?content=Kuenstler\/Peter_Rundel.php&amp;treplace=english%2Cgerman\" target=\"_self\" rel=\"noopener\">Peter Rundel<\/a>, conductor [03]<\/p>\n<p><b>Collegium Novum Z\u00fcrich<\/b><br \/>\nSusanne Peters, flute [01, 02, 03] \u00b7 Sarah Ouakrat, flute [02]<br \/>\nLiset Pennings, flute [04] \u00b7 Matthias Arter, oboe [03]<br \/>\nHeinrich M\u00e4tzener, clarinet [02] \u00b7 Ernesto Molinari, clarinet [01, 03, 04]<br \/>\nElmar Schmid, clarinet [04] \u00b7 Zhao Shuyue, clarinet [02]<br \/>\nMiguel \u00c1ngel P\u00e9rez Domingo, bassoon [01, 03] \u00b7 Stefan Buri, bassoon [04]<br \/>\nOlivier Darbellay, horn [04] \u00b7 Tom\u00e1s Gallart, horn [01, 02, 03]<br \/>\nJens Bracher, trumpet [01, 03] \u00b7 Jochen Weiss, trumpet [04]<br \/>\nStephen Menotti, trombone [01, 02, 03] \u00b7 Andrew Digby, trombone [04]<br \/>\nBrian Archinal, percussion [01, 02, 03, 04] \u00b7 Julien M\u00e9groz, percussion [01, 02, 03]<br \/>\nChristoph Brunner, percussion [04] \u00b7 Ivan Manzanilla, percussion [04]<br \/>\nXenia Schindler, harp [04] \u00b7 Manon Pierrehumbert, harp [02, 03]<br \/>\nGilles Grima\u00eetre, piano [03] \u00b7 Stefan Wirth, piano [01]<br \/>\nSimone Keller, electric organ [04] \u00b7 Anne-Maria H\u00f6lscher, accordion [01]<br \/>\nRahel Cunz, violin [01, 03, 04] \u00b7 Urs Walker, violin [02, 03]<br \/>\nBettina Boller, violin [04] \u00b7 Patrick J\u00fcdt, viola [01, 03, 04]<br \/>\nFabio Marano, viola [02] \u00b7 Sophie Wahlm\u00fcller, viola [02]<br \/>\nImke Frank, violoncello [01, 03] \u00b7 Martina Schucan, violoncello [01, 02, 04]<br \/>\nMartin Jaggi, violoncello [02] \u00b7 Johannes Nied, double bass [01, 03]<br \/>\nAleksander Gabrys, double bass [04] \u00b7 Caleb Salgado, double bass [02]<br \/>\nGary Berger, electronics\u2009\/\u2009sound direction [03]<br \/>\nNicolas Buzzi, electronics\u2009\/\u2009sound direction [01]<\/p>\n<p>Pressestimmen:<\/p>\n<table border=\"0\" width=\"100%\" rules=\"none\" cellspacing=\"0\" cellpadding=\"0\">\n<tbody>\n<tr>\n<td class=\"bigcontent2\">\n<div id=\"press\">\n<p><img data-recalc-dims=\"1\" decoding=\"async\" src=\"https:\/\/i0.wp.com\/neos-music.com\/wp-content\/uploads\/2023\/05\/logo_NeueZeitschriftMusik_NEU.jpg?ssl=1\" alt=\"\" \/><\/p>\n<p>In der Ausgabe #3_2019 schreibt Egbert Hiller:<\/p>\n<p>&#8222;Die Musik der Gegenwart als ein Ergebnis historischer Entwicklungen zu begreifen und seine Aufgabe darin zu sehen, einerseits die aktuelle Musik zu pr\u00e4sentieren, andererseits die Musik vergangener Jahrzehnte immer wieder neu zu befragen&#8220; \u2013 mit diesem schl\u00fcssigen Selbstverst\u00e4ndnis hat das Collegium Novum Z\u00fcrich inzwischen ein Vierteljahrhundert \u00fcberdauert. Auf seiner Jubil\u00e4ums-CD konzentriert es sich gleichwohl auf Ur- und Erstauff\u00fchrungen, die als Live-Mitschnitte eingespielt wurden. Die Ergebnisse sprechen f\u00fcr sich, zumal ein breites \u00e4sthetisches Spektrum abgedeckt wird. (&#8230;) so dass diese CD durchaus als Referenz f\u00fcr die n\u00e4chsten 25 Jahre Collegium Novum Z\u00fcrich angesehen werden darf.<\/p>\n<p>&nbsp;<\/p>\n<p><img data-recalc-dims=\"1\" decoding=\"async\" src=\"https:\/\/i0.wp.com\/neos-music.com\/wp-content\/uploads\/2023\/05\/logo_neue_musikzeitung.jpg?ssl=1\" alt=\"\" \/><\/p>\n<p>Mai 2019<\/p>\n<p>Das Collegium Novum Z\u00fcrich feiert sein 25-j\u00e4hriges Bestehen mit hochkar\u00e4tigen Urauff\u00fchrungen: Vinko Globokar reflektiert in &#8222;L&#8217;Exil Nr. 2&#8220; (2012) die ambivalenten Befindlichkeiten des Exilantendaseins als vielsprachige Collage, deren Fragmente von Homer bis zur literarischen Gegenwart reichen. [&#8230;] Auf elementare Struktur-Kontraste hebt \u00a0Sascha Janko Dragi\u0107evi\u0107s vielschichtiges Ensemblest\u00fcck &#8222;Ausschlag&#8220; (2016\/2018) ab, das konkrete, instrumentale und elektronische Kl\u00e4nge spannungstr\u00e4chtig verkn\u00fcpft: Sie konstituieren ereignisreiche Klangr\u00e4ume und indifferente Fl\u00e4chen, die von den &#8222;Rauschr\u00e4dern&#8220; des Instrumentenbauers Stefan Roszak mit &#8222;realer&#8220; Dringlichkeit versehen werden. [&#8230;]<\/p>\n<p>Dirk Wieschollek<\/p>\n<p>&nbsp;<\/p>\n<p><img data-recalc-dims=\"1\" decoding=\"async\" src=\"https:\/\/i0.wp.com\/neos-music.com\/wp-content\/uploads\/2023\/05\/logo_FonoForum.gif?ssl=1\" alt=\"\" \/><\/p>\n<p>In der Ausgabe Mai 2019 schrieb Dirk Wieschollek:<\/p>\n<p>25 Jahre Collegium Novum Z\u00fcrich: Das wird geb\u00fchrend gefeiert mit einer Auswahl hochkar\u00e4tiger Kompositionen in drei Urauff\u00fchrungen und einer Schweizer Premiere.\u00a0Vinko Globokar reflektiert in &#8222;L&#8217;Exil Nr. 2&#8220; (2012) die existentiellen Befindlichkeiten (s)eines Exilantendaseins &#8230;\u00a0[&#8230;] Eva Nievergelt (Mezzosopran) findet &#8230; eine Menge T\u00f6ne und Zwischent\u00f6ne der Zerbrechlichkeit und Ironie. Martin Jaggis &#8222;Uxul&#8220; (2018) hingegen transformiert intensive Auseinandersetzungen mit mittelamerikanischen Hochkulturen in klangliche Urgewalten. Auf elementare Struktur-Kontraste hebt \u00a0Sascha Janko Dragi\u0107evi\u0107s turbulentes Ensemblest\u00fcck &#8222;Ausschlag&#8220; (2016\/2018) ab, das konkrete, instrumentale und elektronische Kl\u00e4nge spannungsvoll miteinander vernetzt. Ein ebenfalls h\u00f6chst bemerkenswertes St\u00fcck ist &#8222;Gesualdo Dub \/ Raum mit gel\u00f6schter Figur&#8220; (2012) von Marko Nikodijevic [&#8230;].<\/p>\n<\/div>\n<\/td>\n<\/tr>\n<\/tbody>\n<\/table>\n<\/div>\n<\/td>\n<\/tr>\n<\/tbody>\n<\/table>\n<\/div>\n<\/td>\n<\/tr>\n<\/tbody>\n<\/table>\n","protected":false},"excerpt":{"rendered":"<p>Infotext: 25 JAHRE COLLEGIUM NOVUM Z\u00dcRICH Das Collegium Novum Z\u00fcrich wurde 1993 gegr\u00fcndet. In einem stufenweisen Prozess formierte sich damals das Ensemble um einen Kern von einigen wenigen Musikerinnen und Musikern. Bald konnte sich das CNZ mit eigenen Konzertreihen etablieren, erfuhr Unterst\u00fctzung seitens der Stadt Z\u00fcrich und erwarb sich auch internationale Anerkennung. Sein k\u00fcnstlerisches Profil [&hellip;]<\/p>\n","protected":false},"featured_media":2598,"template":"","meta":{"site-sidebar-layout":"default","site-content-layout":"default","ast-site-content-layout":"default","site-content-style":"default","site-sidebar-style":"default","ast-global-header-display":"","ast-banner-title-visibility":"","ast-main-header-display":"","ast-hfb-above-header-display":"","ast-hfb-below-header-display":"","ast-hfb-mobile-header-display":"","site-post-title":"","ast-breadcrumbs-content":"","ast-featured-img":"","footer-sml-layout":"","theme-transparent-header-meta":"default","adv-header-id-meta":"","stick-header-meta":"","header-above-stick-meta":"","header-main-stick-meta":"","header-below-stick-meta":"","astra-migrate-meta-layouts":"default","ast-page-background-enabled":"default","ast-page-background-meta":{"desktop":{"background-color":"","background-image":"","background-repeat":"repeat","background-position":"center center","background-size":"auto","background-attachment":"scroll","background-type":"","background-media":"","overlay-type":"","overlay-color":"","overlay-opacity":"","overlay-gradient":""},"tablet":{"background-color":"","background-image":"","background-repeat":"repeat","background-position":"center center","background-size":"auto","background-attachment":"scroll","background-type":"","background-media":"","overlay-type":"","overlay-color":"","overlay-opacity":"","overlay-gradient":""},"mobile":{"background-color":"","background-image":"","background-repeat":"repeat","background-position":"center center","background-size":"auto","background-attachment":"scroll","background-type":"","background-media":"","overlay-type":"","overlay-color":"","overlay-opacity":"","overlay-gradient":""}},"ast-content-background-meta":{"desktop":{"background-color":"var(--ast-global-color-5)","background-image":"","background-repeat":"repeat","background-position":"center center","background-size":"auto","background-attachment":"scroll","background-type":"","background-media":"","overlay-type":"","overlay-color":"","overlay-opacity":"","overlay-gradient":""},"tablet":{"background-color":"var(--ast-global-color-5)","background-image":"","background-repeat":"repeat","background-position":"center center","background-size":"auto","background-attachment":"scroll","background-type":"","background-media":"","overlay-type":"","overlay-color":"","overlay-opacity":"","overlay-gradient":""},"mobile":{"background-color":"var(--ast-global-color-5)","background-image":"","background-repeat":"repeat","background-position":"center center","background-size":"auto","background-attachment":"scroll","background-type":"","background-media":"","overlay-type":"","overlay-color":"","overlay-opacity":"","overlay-gradient":""}}},"product_brand":[],"product_cat":[26],"product_tag":[],"class_list":{"0":"post-2597","1":"product","2":"type-product","3":"status-publish","4":"has-post-thumbnail","6":"product_cat-zeitgenossische-musik","7":"pa_artikelnummer-neos-11829","8":"pa_brand-neos-music","9":"pa_ean-214","10":"desktop-align-left","11":"tablet-align-left","12":"mobile-align-left","14":"first","15":"instock","16":"taxable","17":"shipping-taxable","18":"purchasable","19":"product-type-simple"},"yoast_head":"<!-- This site is optimized with the Yoast SEO plugin v27.4 - https:\/\/yoast.com\/product\/yoast-seo-wordpress\/ -->\n<title>25 Years of Collegium Novum Z\u00fcrich: Vinko Globokar - Martin Jaggi - Sascha Janko Dragi\u0107evi\u0107 - Marko Nikodijevic - NEOS Music<\/title>\n<meta name=\"robots\" content=\"index, follow, max-snippet:-1, max-image-preview:large, max-video-preview:-1\" \/>\n<link rel=\"canonical\" href=\"https:\/\/neos-music.com\/en_us\/product\/25-years-of-collegium-novum-zuerich-vinko-globokar-martin-jaggi-sascha-janko-dragicevic-marko-nikodijevic\/\" \/>\n<meta property=\"og:locale\" content=\"en_US\" \/>\n<meta property=\"og:type\" content=\"article\" \/>\n<meta property=\"og:title\" content=\"25 Years of Collegium Novum Z\u00fcrich: Vinko Globokar - Martin Jaggi - Sascha Janko Dragi\u0107evi\u0107 - Marko Nikodijevic - NEOS Music\" \/>\n<meta property=\"og:description\" content=\"Infotext: 25 JAHRE COLLEGIUM NOVUM Z\u00dcRICH Das Collegium Novum Z\u00fcrich wurde 1993 gegr\u00fcndet. In einem stufenweisen Prozess formierte sich damals das Ensemble um einen Kern von einigen wenigen Musikerinnen und Musikern. Bald konnte sich das CNZ mit eigenen Konzertreihen etablieren, erfuhr Unterst\u00fctzung seitens der Stadt Z\u00fcrich und erwarb sich auch internationale Anerkennung. Sein k\u00fcnstlerisches Profil [&hellip;]\" \/>\n<meta property=\"og:url\" content=\"https:\/\/neos-music.com\/en_us\/product\/25-years-of-collegium-novum-zuerich-vinko-globokar-martin-jaggi-sascha-janko-dragicevic-marko-nikodijevic\/\" \/>\n<meta property=\"og:site_name\" content=\"NEOS Music\" \/>\n<meta property=\"article:modified_time\" content=\"2023-05-22T21:22:29+00:00\" \/>\n<meta property=\"og:image\" content=\"https:\/\/neos-music.com\/wp-content\/uploads\/2018\/11\/NEOS_11829_CNZ_25_Years-1024x917.jpeg\" \/>\n\t<meta property=\"og:image:width\" content=\"1024\" \/>\n\t<meta property=\"og:image:height\" content=\"917\" \/>\n\t<meta property=\"og:image:type\" content=\"image\/jpeg\" \/>\n<meta name=\"twitter:card\" content=\"summary_large_image\" \/>\n<meta name=\"twitter:label1\" content=\"Est. reading time\" \/>\n\t<meta name=\"twitter:data1\" content=\"12 minutes\" \/>\n<script type=\"application\/ld+json\" class=\"yoast-schema-graph\">{\"@context\":\"https:\\\/\\\/schema.org\",\"@graph\":[{\"@type\":\"WebPage\",\"@id\":\"https:\\\/\\\/neos-music.com\\\/product\\\/25-years-of-collegium-novum-zuerich-vinko-globokar-martin-jaggi-sascha-janko-dragicevic-marko-nikodijevic\\\/\",\"url\":\"https:\\\/\\\/neos-music.com\\\/product\\\/25-years-of-collegium-novum-zuerich-vinko-globokar-martin-jaggi-sascha-janko-dragicevic-marko-nikodijevic\\\/\",\"name\":\"25 Years of Collegium Novum Z\u00fcrich: Vinko Globokar - Martin Jaggi - Sascha Janko Dragi\u0107evi\u0107 - Marko Nikodijevic - NEOS Music\",\"isPartOf\":{\"@id\":\"https:\\\/\\\/neos-music.com\\\/#website\"},\"primaryImageOfPage\":{\"@id\":\"https:\\\/\\\/neos-music.com\\\/product\\\/25-years-of-collegium-novum-zuerich-vinko-globokar-martin-jaggi-sascha-janko-dragicevic-marko-nikodijevic\\\/#primaryimage\"},\"image\":{\"@id\":\"https:\\\/\\\/neos-music.com\\\/product\\\/25-years-of-collegium-novum-zuerich-vinko-globokar-martin-jaggi-sascha-janko-dragicevic-marko-nikodijevic\\\/#primaryimage\"},\"thumbnailUrl\":\"https:\\\/\\\/i0.wp.com\\\/neos-music.com\\\/wp-content\\\/uploads\\\/2018\\\/11\\\/NEOS_11829_CNZ_25_Years.jpeg?fit=1649%2C1476&ssl=1\",\"datePublished\":\"2018-11-24T18:44:12+00:00\",\"dateModified\":\"2023-05-22T21:22:29+00:00\",\"breadcrumb\":{\"@id\":\"https:\\\/\\\/neos-music.com\\\/product\\\/25-years-of-collegium-novum-zuerich-vinko-globokar-martin-jaggi-sascha-janko-dragicevic-marko-nikodijevic\\\/#breadcrumb\"},\"inLanguage\":\"en-US\",\"potentialAction\":[{\"@type\":\"ReadAction\",\"target\":[\"https:\\\/\\\/neos-music.com\\\/product\\\/25-years-of-collegium-novum-zuerich-vinko-globokar-martin-jaggi-sascha-janko-dragicevic-marko-nikodijevic\\\/\"]}]},{\"@type\":\"ImageObject\",\"inLanguage\":\"en-US\",\"@id\":\"https:\\\/\\\/neos-music.com\\\/product\\\/25-years-of-collegium-novum-zuerich-vinko-globokar-martin-jaggi-sascha-janko-dragicevic-marko-nikodijevic\\\/#primaryimage\",\"url\":\"https:\\\/\\\/i0.wp.com\\\/neos-music.com\\\/wp-content\\\/uploads\\\/2018\\\/11\\\/NEOS_11829_CNZ_25_Years.jpeg?fit=1649%2C1476&ssl=1\",\"contentUrl\":\"https:\\\/\\\/i0.wp.com\\\/neos-music.com\\\/wp-content\\\/uploads\\\/2018\\\/11\\\/NEOS_11829_CNZ_25_Years.jpeg?fit=1649%2C1476&ssl=1\",\"width\":1649,\"height\":1476},{\"@type\":\"BreadcrumbList\",\"@id\":\"https:\\\/\\\/neos-music.com\\\/product\\\/25-years-of-collegium-novum-zuerich-vinko-globokar-martin-jaggi-sascha-janko-dragicevic-marko-nikodijevic\\\/#breadcrumb\",\"itemListElement\":[{\"@type\":\"ListItem\",\"position\":1,\"name\":\"Startseite\",\"item\":\"https:\\\/\\\/neos-music.com\\\/\"},{\"@type\":\"ListItem\",\"position\":2,\"name\":\"Produkte\",\"item\":\"https:\\\/\\\/neos-music.com\\\/shop__trashed\\\/\"},{\"@type\":\"ListItem\",\"position\":3,\"name\":\"25 Years of Collegium Novum Z\u00fcrich: Vinko Globokar &#8211; Martin Jaggi &#8211; Sascha Janko Dragi\u0107evi\u0107 &#8211; Marko Nikodijevic\"}]},{\"@type\":\"WebSite\",\"@id\":\"https:\\\/\\\/neos-music.com\\\/#website\",\"url\":\"https:\\\/\\\/neos-music.com\\\/\",\"name\":\"NEOS Music\",\"description\":\"Dein Online Shop f\u00fcr zeitgen\u00f6ssische Musik, Jazz und Classics!\",\"publisher\":{\"@id\":\"https:\\\/\\\/neos-music.com\\\/#organization\"},\"potentialAction\":[{\"@type\":\"SearchAction\",\"target\":{\"@type\":\"EntryPoint\",\"urlTemplate\":\"https:\\\/\\\/neos-music.com\\\/?s={search_term_string}\"},\"query-input\":{\"@type\":\"PropertyValueSpecification\",\"valueRequired\":true,\"valueName\":\"search_term_string\"}}],\"inLanguage\":\"en-US\"},{\"@type\":\"Organization\",\"@id\":\"https:\\\/\\\/neos-music.com\\\/#organization\",\"name\":\"NEOS Music\",\"url\":\"https:\\\/\\\/neos-music.com\\\/\",\"logo\":{\"@type\":\"ImageObject\",\"inLanguage\":\"en-US\",\"@id\":\"https:\\\/\\\/neos-music.com\\\/#\\\/schema\\\/logo\\\/image\\\/\",\"url\":\"https:\\\/\\\/i0.wp.com\\\/neos-music.com\\\/wp-content\\\/uploads\\\/2025\\\/08\\\/NEOS-Logo-weiss.png?fit=800%2C203&ssl=1\",\"contentUrl\":\"https:\\\/\\\/i0.wp.com\\\/neos-music.com\\\/wp-content\\\/uploads\\\/2025\\\/08\\\/NEOS-Logo-weiss.png?fit=800%2C203&ssl=1\",\"width\":800,\"height\":203,\"caption\":\"NEOS Music\"},\"image\":{\"@id\":\"https:\\\/\\\/neos-music.com\\\/#\\\/schema\\\/logo\\\/image\\\/\"}}]}<\/script>\n<!-- \/ Yoast SEO plugin. -->","yoast_head_json":{"title":"25 Years of Collegium Novum Z\u00fcrich: Vinko Globokar - Martin Jaggi - Sascha Janko Dragi\u0107evi\u0107 - Marko Nikodijevic - NEOS Music","robots":{"index":"index","follow":"follow","max-snippet":"max-snippet:-1","max-image-preview":"max-image-preview:large","max-video-preview":"max-video-preview:-1"},"canonical":"https:\/\/neos-music.com\/en_us\/product\/25-years-of-collegium-novum-zuerich-vinko-globokar-martin-jaggi-sascha-janko-dragicevic-marko-nikodijevic\/","og_locale":"en_US","og_type":"article","og_title":"25 Years of Collegium Novum Z\u00fcrich: Vinko Globokar - Martin Jaggi - Sascha Janko Dragi\u0107evi\u0107 - Marko Nikodijevic - NEOS Music","og_description":"Infotext: 25 JAHRE COLLEGIUM NOVUM Z\u00dcRICH Das Collegium Novum Z\u00fcrich wurde 1993 gegr\u00fcndet. In einem stufenweisen Prozess formierte sich damals das Ensemble um einen Kern von einigen wenigen Musikerinnen und Musikern. Bald konnte sich das CNZ mit eigenen Konzertreihen etablieren, erfuhr Unterst\u00fctzung seitens der Stadt Z\u00fcrich und erwarb sich auch internationale Anerkennung. Sein k\u00fcnstlerisches Profil [&hellip;]","og_url":"https:\/\/neos-music.com\/en_us\/product\/25-years-of-collegium-novum-zuerich-vinko-globokar-martin-jaggi-sascha-janko-dragicevic-marko-nikodijevic\/","og_site_name":"NEOS Music","article_modified_time":"2023-05-22T21:22:29+00:00","og_image":[{"width":1024,"height":917,"url":"https:\/\/neos-music.com\/wp-content\/uploads\/2018\/11\/NEOS_11829_CNZ_25_Years-1024x917.jpeg","type":"image\/jpeg"}],"twitter_card":"summary_large_image","twitter_misc":{"Est. reading time":"12 minutes"},"schema":{"@context":"https:\/\/schema.org","@graph":[{"@type":"WebPage","@id":"https:\/\/neos-music.com\/product\/25-years-of-collegium-novum-zuerich-vinko-globokar-martin-jaggi-sascha-janko-dragicevic-marko-nikodijevic\/","url":"https:\/\/neos-music.com\/product\/25-years-of-collegium-novum-zuerich-vinko-globokar-martin-jaggi-sascha-janko-dragicevic-marko-nikodijevic\/","name":"25 Years of Collegium Novum Z\u00fcrich: Vinko Globokar - Martin Jaggi - Sascha Janko Dragi\u0107evi\u0107 - Marko Nikodijevic - NEOS Music","isPartOf":{"@id":"https:\/\/neos-music.com\/#website"},"primaryImageOfPage":{"@id":"https:\/\/neos-music.com\/product\/25-years-of-collegium-novum-zuerich-vinko-globokar-martin-jaggi-sascha-janko-dragicevic-marko-nikodijevic\/#primaryimage"},"image":{"@id":"https:\/\/neos-music.com\/product\/25-years-of-collegium-novum-zuerich-vinko-globokar-martin-jaggi-sascha-janko-dragicevic-marko-nikodijevic\/#primaryimage"},"thumbnailUrl":"https:\/\/i0.wp.com\/neos-music.com\/wp-content\/uploads\/2018\/11\/NEOS_11829_CNZ_25_Years.jpeg?fit=1649%2C1476&ssl=1","datePublished":"2018-11-24T18:44:12+00:00","dateModified":"2023-05-22T21:22:29+00:00","breadcrumb":{"@id":"https:\/\/neos-music.com\/product\/25-years-of-collegium-novum-zuerich-vinko-globokar-martin-jaggi-sascha-janko-dragicevic-marko-nikodijevic\/#breadcrumb"},"inLanguage":"en-US","potentialAction":[{"@type":"ReadAction","target":["https:\/\/neos-music.com\/product\/25-years-of-collegium-novum-zuerich-vinko-globokar-martin-jaggi-sascha-janko-dragicevic-marko-nikodijevic\/"]}]},{"@type":"ImageObject","inLanguage":"en-US","@id":"https:\/\/neos-music.com\/product\/25-years-of-collegium-novum-zuerich-vinko-globokar-martin-jaggi-sascha-janko-dragicevic-marko-nikodijevic\/#primaryimage","url":"https:\/\/i0.wp.com\/neos-music.com\/wp-content\/uploads\/2018\/11\/NEOS_11829_CNZ_25_Years.jpeg?fit=1649%2C1476&ssl=1","contentUrl":"https:\/\/i0.wp.com\/neos-music.com\/wp-content\/uploads\/2018\/11\/NEOS_11829_CNZ_25_Years.jpeg?fit=1649%2C1476&ssl=1","width":1649,"height":1476},{"@type":"BreadcrumbList","@id":"https:\/\/neos-music.com\/product\/25-years-of-collegium-novum-zuerich-vinko-globokar-martin-jaggi-sascha-janko-dragicevic-marko-nikodijevic\/#breadcrumb","itemListElement":[{"@type":"ListItem","position":1,"name":"Startseite","item":"https:\/\/neos-music.com\/"},{"@type":"ListItem","position":2,"name":"Produkte","item":"https:\/\/neos-music.com\/shop__trashed\/"},{"@type":"ListItem","position":3,"name":"25 Years of Collegium Novum Z\u00fcrich: Vinko Globokar &#8211; Martin Jaggi &#8211; Sascha Janko Dragi\u0107evi\u0107 &#8211; Marko Nikodijevic"}]},{"@type":"WebSite","@id":"https:\/\/neos-music.com\/#website","url":"https:\/\/neos-music.com\/","name":"NEOS Music","description":"Dein Online Shop f\u00fcr zeitgen\u00f6ssische Musik, Jazz und Classics!","publisher":{"@id":"https:\/\/neos-music.com\/#organization"},"potentialAction":[{"@type":"SearchAction","target":{"@type":"EntryPoint","urlTemplate":"https:\/\/neos-music.com\/?s={search_term_string}"},"query-input":{"@type":"PropertyValueSpecification","valueRequired":true,"valueName":"search_term_string"}}],"inLanguage":"en-US"},{"@type":"Organization","@id":"https:\/\/neos-music.com\/#organization","name":"NEOS Music","url":"https:\/\/neos-music.com\/","logo":{"@type":"ImageObject","inLanguage":"en-US","@id":"https:\/\/neos-music.com\/#\/schema\/logo\/image\/","url":"https:\/\/i0.wp.com\/neos-music.com\/wp-content\/uploads\/2025\/08\/NEOS-Logo-weiss.png?fit=800%2C203&ssl=1","contentUrl":"https:\/\/i0.wp.com\/neos-music.com\/wp-content\/uploads\/2025\/08\/NEOS-Logo-weiss.png?fit=800%2C203&ssl=1","width":800,"height":203,"caption":"NEOS Music"},"image":{"@id":"https:\/\/neos-music.com\/#\/schema\/logo\/image\/"}}]}},"jetpack_sharing_enabled":true,"_links":{"self":[{"href":"https:\/\/neos-music.com\/en_us\/wp-json\/wp\/v2\/product\/2597","targetHints":{"allow":["GET"]}}],"collection":[{"href":"https:\/\/neos-music.com\/en_us\/wp-json\/wp\/v2\/product"}],"about":[{"href":"https:\/\/neos-music.com\/en_us\/wp-json\/wp\/v2\/types\/product"}],"version-history":[{"count":0,"href":"https:\/\/neos-music.com\/en_us\/wp-json\/wp\/v2\/product\/2597\/revisions"}],"wp:featuredmedia":[{"embeddable":true,"href":"https:\/\/neos-music.com\/en_us\/wp-json\/wp\/v2\/media\/2598"}],"wp:attachment":[{"href":"https:\/\/neos-music.com\/en_us\/wp-json\/wp\/v2\/media?parent=2597"}],"wp:term":[{"taxonomy":"product_brand","embeddable":true,"href":"https:\/\/neos-music.com\/en_us\/wp-json\/wp\/v2\/product_brand?post=2597"},{"taxonomy":"product_cat","embeddable":true,"href":"https:\/\/neos-music.com\/en_us\/wp-json\/wp\/v2\/product_cat?post=2597"},{"taxonomy":"product_tag","embeddable":true,"href":"https:\/\/neos-music.com\/en_us\/wp-json\/wp\/v2\/product_tag?post=2597"}],"curies":[{"name":"wp","href":"https:\/\/api.w.org\/{rel}","templated":true}]}}