{"id":2599,"date":"2018-10-19T18:50:21","date_gmt":"2018-10-19T18:50:21","guid":{"rendered":"https:\/\/neos-music.com\/?post_type=product&#038;p=2599"},"modified":"2023-05-22T21:33:34","modified_gmt":"2023-05-22T21:33:34","slug":"erhard-grosskopf-plejaden-klangwerk-11","status":"publish","type":"product","link":"https:\/\/neos-music.com\/en_us\/product\/erhard-grosskopf-plejaden-klangwerk-11\/","title":{"rendered":"Erhard Grosskopf: Plejaden &#8211; KlangWerk 11"},"content":{"rendered":"<p>Infotext:<\/p>\n<table border=\"0\" width=\"100%\" rules=\"none\" cellspacing=\"0\" cellpadding=\"0\">\n<tbody>\n<tr>\n<td class=\"bigcontent2\">\n<div id=\"infotext\">\n<p><b>Grosskopfs Umgang mit der musikalischen Zeit<br \/>\n<\/b>zu\u00a0<i>Plejaden- Sieben \u00e4hnliche St\u00fccke f\u00fcr Klavier und Orchester<\/i><\/p>\n<p><i>Volker Straebel:<br \/>\n<\/i>\u00bbDie Plejaden sind als Sternbild der Zeit entr\u00fcckt, ganz so wie Grosskopfs Werke, gleichwohl als Zeit-Kunst Musik der Zeit verpflichtet, diese zu leugnen scheinen.<br \/>\nEben nicht finden sich in den &#8222;sieben \u00e4hnlichen St\u00fccken\u201c Analogien zur griechischen Mythologie des Siebengestirns, musikalische Figuren f\u00fcr J\u00e4ger und Gejagte, zielgerichtete Bewegungen und Entwicklungen wird man hier vergeblich suchen. Stattdessen reihen sich agogisch und rhythmisch intern strukturierte Abschnitte aneinander, die in ihrer Harmonik statisch bleiben. So unterschiedlich auch ihre Charaktere sein m\u00f6gen \u2013 die durch Liegeton- oder Auftaktverbindung aufgeweichte Kontrastbildung verweigert sich traditionellem Formdenken. Dieser Verweigerung entspricht auch die Vielzahl von 15 bis 19 Abschnitten in den nur vier Minuten dauernden St\u00fccken. Ihre Dauer ist in gewisser Weise kontingent: Ihr Material vergegenw\u00e4rtigt sich in der Zeit, wird aber nicht in dieser gestaltet.<br \/>\nDie einzelnen Abschnitte sind stets von geradezu beharrlicher Material-\u00d6konomie und formaler Konsistenz gepr\u00e4gt. Beide Merkmale stehen f\u00fcr Grosskopfs Umgang mit der musikalischen Zeit: als Kategorie, in der sich musikalisches Material entfaltet, nicht aber als origin\u00e4rer Gegenstand kompositorischer Gestaltung. So werden die Kl\u00e4nge, den Plejaden gleich, aus der Zeit gel\u00f6st und erscheinen als eher geometrisch r\u00e4umliche Gestalten, deren Wahrnehmung der Zeit bedarf.\u00ab<\/p>\n<p><b>Wie begreift ein Musiker seine Rolle in Grosskopfs\u00a0<i>Plejaden<\/i>?<\/b><\/p>\n<p><i>Ursula Oppens:<br \/>\n<\/i>\u00bbAlso, ich w\u00fcrde das gerne mit Mozart vergleichen: Bei Mozart kann man den kleinsten Fehler genau h\u00f6ren. Deswegen muss man sich wirklich konzentrieren, aber wenn wir gut spielen, dann k\u00f6nnen wir es h\u00f6ren, und es ist so stimmig und musikalisch und aufregend. Deswegen mu\u00df man diese zwei Aspekte beachten, also dass man sehr aufmerksam seine Pflicht tut und dass man gleichzeitig innerlich an so einem sch\u00f6nen St\u00fcck teilnimmt.<br \/>\nKonzerte k\u00f6nnen ein Podium f\u00fcr reines Virtuosentum bis hin zu echter Kammermusik sein, und dies ist definitiv ein Kammermusikst\u00fcck, wo Klavier und Orchester vollkommen miteinander verwoben sind, und ein Teil dieses Erlebnisses ist zu wissen, diese Stelle hier geht zusammen mit den Geigen, und jetzt bin ich mit den Trompeten zusammen, man denkt wirklich an die Gruppierungen, in denen man sich jeweils befindet, und dann merkt man, wie sehr man zum Teil des Orchesters wird. Das ist wirklich aufregend.<br \/>\nDiese erh\u00f6hte Konzentration beim H\u00f6ren von anderen St\u00fccken von Grosskopf bemerke ich jetzt auch beim Spielen. Man spielt niemals auf dem Schlag. Ich glaube, dass es den Zweck hat, dass der Klang dadurch ein klein bisschen anders ist, als wenn es einfacher w\u00e4re.\u00ab<br \/>\n<i>(aus dem Interview mit M. R. Entre\u00df anl\u00e4sslich der Urauff\u00fchrung)<\/i><\/p>\n<p><i><br \/>\n<\/i><b>Ein Haus f\u00fcr die Musik<\/b><\/p>\n<p><i>Erhard Grosskopf:<br \/>\n<\/i>\u00bbWie in dem Gedanken von K\u00f6rper und Geist der K\u00f6rper deutlicher, fassbarer, messbarer und deshalb wirklicher zu sein scheint, und doch der Geist den K\u00f6rper formt wie Wasser und Wind den Sand, so kann uns der Geist eines Kunstwerks ver\u00e4ndern, wenn er unsere Seele ber\u00fchrt. Oder mit einem anderen Bild gesagt: Als Komponist bin ich wie ein Architekt, der ein Haus f\u00fcr die Musik baut und hofft, dass die Musik in dieses Haus einzieht \u2013 nicht wie der Inhalt in die Form, sondern wie der Geist in die Seele.\u00ab<\/p>\n<p><b>KlangWerk 11: H\u00f6ren<\/b><\/p>\n<p><i>Frederic Rzewsky (Komponist, Pianist):<\/i>\u00a0\u00bbSehr sch\u00f6n, irgendwie zeitlos \u2026\u00ab<\/p>\n<p><i>Helmut Lachenmann (Komponist):<\/i>\u00a0\u00bbSo eine farbenreiche Musik \u2013 Das ist ein so rein durchdachtes St\u00fcck, dass ich mich seiner Klangwelt und ihrem \u00e4sthetischen Konzept fast irgendwie verwandt f\u00fchle, obwohl und wobei ich vermutlich auf einem ganz anderen Weg bin. Gerade mit seinem \u00bbVerzicht\u00ab auf irgendwelche klangtechnischen Eskapaden ist diese Musik neu = total frisch.\u00ab<\/p>\n<p><i>Wolfgang von Schweinitz (Komponist):<\/i>\u00a0\u00bbKlangWerk 11 ist ja ein grandioses, fantastisches St\u00fcck, mit all diesen reichen, wunderbar ausgeh\u00f6rten auratischen Kl\u00e4ngen!\u00ab<\/p>\n<p><i>Heinz Weber (Klangk\u00fcnstler):<\/i>\u00a0\u00bb\u203aLuft in Luft\u2039, ein komplexes prismengleich-farbenvolles Geb\u00e4ude entsteht: Man kann es sich anschauen, man kann auch hineingehen und ist von ihm umgeben. Architektur: ja \u2013 offen, durchl\u00e4ssig: So kann die Musik dort einziehen.\u00ab<\/p>\n<p><i>Frank Badur (Bildender K\u00fcnstler):<\/i>\u00a0\u00bbEs ist ein St\u00fcck, dem ich mehrfach aufmerksam lauschte, das mich sehr anspricht und durchaus Parallelen zu meinen visuellen Bem\u00fchungen aufzeigt.<\/p>\n<p><i>Walter Zimmermann (Komponist):<\/i>\u00a0\u00bbGewagtes Orchesterst\u00fcck.\u00ab<\/p>\n<p><i>Georg Katzer (Komponist):<\/i>\u00a0\u00bbKein \u203aSchmuh\u2039 mit dem Publikum.\u00ab<\/p>\n<p><i>Carola Bauckholt (Komponistin):<\/i>\u00a0\u00bbToll, diese gro\u00dfr\u00e4umigen Bewegungen.\u00ab<\/p>\n<p><i>Dirk Baecker (Soziologe):<\/i>\u00a0\u00bbJetzt habe ich es geh\u00f6rt \u2013 wunderbar.\u00ab<\/p>\n<p><i>Christoph Metzger (Musik-, Kunst-, Architekturwissenschaftler):<\/i>\u00a0\u00bbF\u00fcr mich im Kontext der gro\u00dfen Farbfl\u00e4chenmalerei eines Rothko und Newman zu h\u00f6ren \u2013 Expansionen in der Fl\u00e4che, die fein differenziert sind und zum vertieften H\u00f6ren einladen.\u00ab<\/p>\n<p><i>Peter E\u00f6tv\u00f6s (Komponist, Dirigent):<\/i>\u00a0\u00bbSchon vor zwei Wochen die Aufnahme mit Partitur abgeh\u00f6rt und sehr entspannt Deinen sch\u00f6nen, ruhigen Kl\u00e4ngen gelauscht. Ich habe mich gefreut, Deine Klangwelt in meiner Erinnerung zu behalten.\u00ab<\/p>\n<p><i>J\u00f6rg Birkenk\u00f6tter (Komponist):<\/i>\u00a0\u00bbGerade angeh\u00f6rt. Erster Eindruck: wunderbare Musik!\u00ab<\/p>\n<p><i>Jan M. Petersen (Bildender K\u00fcnstler):<\/i>\u00a0\u00bbDas hat meine H\u00f6rgewohnheiten radikal befl\u00fcgelt.\u00ab<\/p>\n<p><i>Helmut Oehring (Komponist):<\/i>\u00a0\u00bbIch war begeisterter Zuh\u00f6rer. Eine faszinierende Musik, dieses KlangWerk 11.\u00ab<\/p>\n<p><i>Matthias R. Entre\u00df (Musikschriftsteller):<\/i>\u00a0\u00bbIch finde es v\u00f6llig unfassbar in seiner W\u00fcrde und Sch\u00f6nheit. Die \u203aTugenden\u2039 \u2013 dass kein Moment sich wiederholt, die hervortretenden Einzelereignisse das Kontinuum des Zeitlichen nicht ersch\u00fcttern, was ja eine ungeheure Zuversicht ausdr\u00fcckt. \u2013 Ein wunderbar \u00fcberirdischer Fremdk\u00f6rper.\u00ab<\/p>\n<p><i>Peter Michael Hamel (Komponist):<\/i>\u00a0\u00bbSehr stark!\u00ab<\/p>\n<p><i>(Kommentare nach Auff\u00fchrungen und Radiosendungen bei hr, BR, rbb, DLF)<\/i><\/p>\n<p>Programm:<\/p>\n<p><b><a class=\"arcoma_glossarylink\" href=\"https:\/\/neos-music.com\/output.php?content=Kuenstler\/Erhard_Grosskopf.php&amp;treplace=english%2Cgerman\" target=\"_self\" rel=\"noopener\">Erhard Grosskopf<\/a><\/b>\u00a0(*1934)<\/p>\n<p><b>Plejaden \u2013 Sieben \u00e4hnliche St\u00fccke<br \/>\n<\/b>f\u00fcr Klavier und Orchester (2002)<b>\u00a029:16<\/b><\/p>\n<p>[01]<b>\u00a0I<\/b>\u00a004:43<br \/>\n[02]<b>\u00a0II<\/b>\u00a004:37<br \/>\n[03]<b>\u00a0III<\/b>\u00a003:52<br \/>\n[04]<b>\u00a0IV<\/b>\u00a003:34<br \/>\n[05]\u00a0<b>V<\/b>\u00a005:13<br \/>\n[06]\u00a0<b>VI<\/b>\u00a003:17<br \/>\n[07]\u00a0<b>VII<\/b>\u00a004:01<\/p>\n<p><i>Auftragswerk von MaerzMusik\/Berliner Festspiele<br \/>\nLive Mitschnitt der Urauff\u00fchrung, 16. M\u00e4rz 2003 \u00b7 MaerzMusik<\/i><\/p>\n<p>Ursula Oppens, Klavier<br \/>\nRundfunk-Sinfonieorchester Berlin (RSB)<br \/>\nVykintas Baltakas, Dirigent<\/p>\n<p>[08]\u00a0<b>KlangWerk 11<\/b>\u00a0f\u00fcr Orchester, Op. 64 (2011)<b>\u00a031:29<\/b><\/p>\n<p><i>Live-Mitschnitt, 18. Januar 2017 \u00b7 Ultraschall Festival Berlin<\/i><\/p>\n<p><a class=\"arcoma_glossarylink\" href=\"https:\/\/neos-music.com\/output.php?content=Kuenstler\/Deutsches_Symphonie-Orchester_Berlin.php&amp;treplace=english%2Cgerman\" target=\"_self\" rel=\"noopener\">Deutsches Symphonie-Orchester Berlin<\/a>\u00a0(DSO)<br \/>\n<a class=\"arcoma_glossarylink\" href=\"https:\/\/neos-music.com\/output.php?content=Kuenstler\/Kalitzke_Johannes.php&amp;treplace=english%2Cgerman\" target=\"_self\" rel=\"noopener\">Johannes Kalitzke<\/a>, Dirigent<\/p>\n<p>Gesamtspielzeit: 60:46<\/p>\n<p><i><b>Welt-Ersteinspielungen<\/b><\/i><\/p>\n<p>Pressestimmen:<\/p>\n<p><img data-recalc-dims=\"1\" decoding=\"async\" src=\"https:\/\/i0.wp.com\/neos-music.com\/wp-content\/uploads\/2023\/05\/logo_taz.jpg?ssl=1\" alt=\"\" \/><\/p>\n<p>Unter dem Titel \u201eLangsameSterne\u201c schreibt Tim Caspar Boehme in der taz vom 28.03.2019 \u00fcber Grosskopfs \u201ePlejaden &#8211; sieben \u00e4hnliche St\u00fccke f\u00fcr Klavier und Orchester\u201c:\u00a0 \u201eWie ja auch die Sterne meistens langsam ihre Bahnen ziehen &#8230; langsam bewegt sich ihrerseits die Musik in diesen sieben unbetItelten St\u00fccken&#8230; Statt auf ein erkennbares Ziel hinzusteuern, wie man es bei einer Reise macht, scheinen diese Kl\u00e4nge eher umeinander zu kreisen und allm\u00e4hlich voneinander wegzutreiben, ins Offene.\u201c<\/p>\n<p>Auch von der zweiten Komposition auf der CD, von KlangWerk 11, ist der Autor in besonderer Weise beeindruckt und endet mit den Worten: \u201eGrosskopf spannt darin, wenn man so m\u00f6chte,\u00a0 \u00fcber die Dauer einer halben Stunde hinweg einen Farbraum auf, der permanent changiert, neue Facetten oder Perspektiven offenbart. Mit Kl\u00e4ngen, die sich scheinbar v\u00f6llig selbst \u00fcberlassen sind. Und denen man sich selbst nur allzu gern \u00fcberl\u00e4sst.\u201c<\/p>\n<p>Die vollst\u00e4ndige Rezension k\u00f6nnen\u00a0Sie\u00a0<a class=\"arcoma_editor_link\" href=\"https:\/\/neos-music.com\/output.php?template=german-album-details.php&amp;content=Alben\/11801.php#\" target=\"_blank\" rel=\"noopener\">hier\u00a0lesen<\/a>.<\/p>\n<p>&nbsp;<\/p>\n<p><img data-recalc-dims=\"1\" decoding=\"async\" src=\"https:\/\/i0.wp.com\/neos-music.com\/wp-content\/uploads\/2023\/05\/logo_FonoForum.gif?ssl=1\" alt=\"\" \/><\/p>\n<p>M\u00e4rz 2019<\/p>\n<p>Der Berliner Komponist Erhard Grosskopf (*1934) geh\u00f6rt zu den profiliertesten Komponisten seiner Generation, auch wenn er nie den Bekanntheitsgrad von Kollegen wie Helmut Lachenmann oder Dieter Schnebel erreicht hat. Das mag daran liegen, dass seine \u00c4sthetik nie etwas vordergr\u00fcndig Radikales an sich hatte. Dass die sinnliche Er\u00f6rterung der strukturellen Zusammenh\u00e4nge von\u00a0 Zeit, Form und Klangfarbe Grosskopfs ganz besondere Qualit\u00e4t ist, wird in der umfangreichen Farbpalette des gro\u00dfen Orchesterapparats besonders frappant. Zwei spannende Live-Mitschnitte der Berliner Neue-Musik-Festivals MaerzMusik und Ultraschall erm\u00f6glichen intensive Einblicke in Grosskopfs orchestrales Klangdenken. (&#8230;) Wirkt das ortlose Klanggefunkel der &#8222;Plejaden&#8220; gelegentlich etwas spr\u00f6de, pr\u00e4sentiert sich &#8222;KlangWerk 11&#8220; (2011) als charismatisches Orchesterst\u00fcck, dessen station\u00e4re und doch vielfarbig fluoreszierende Kl\u00e4nge an Gy\u00f6rgy Ligeti erinnern. Eine Musik von eigenartiger Sch\u00f6nheit, in deren fein schraffierte Fl\u00e4chigkeit dramatische Intarsien eingearbeitet sind.<\/p>\n<p><i>Dirk Wieschollek<\/i><\/p>\n<\/div>\n<\/td>\n<\/tr>\n<\/tbody>\n<\/table>\n","protected":false},"excerpt":{"rendered":"<p>Infotext: Grosskopfs Umgang mit der musikalischen Zeit zu\u00a0Plejaden- Sieben \u00e4hnliche St\u00fccke f\u00fcr Klavier und Orchester Volker Straebel: \u00bbDie Plejaden sind als Sternbild der Zeit entr\u00fcckt, ganz so wie Grosskopfs Werke, gleichwohl als Zeit-Kunst Musik der Zeit verpflichtet, diese zu leugnen scheinen. Eben nicht finden sich in den &#8222;sieben \u00e4hnlichen St\u00fccken\u201c Analogien zur griechischen Mythologie des [&hellip;]<\/p>\n","protected":false},"featured_media":2600,"template":"","meta":{"site-sidebar-layout":"default","site-content-layout":"default","ast-site-content-layout":"default","site-content-style":"default","site-sidebar-style":"default","ast-global-header-display":"","ast-banner-title-visibility":"","ast-main-header-display":"","ast-hfb-above-header-display":"","ast-hfb-below-header-display":"","ast-hfb-mobile-header-display":"","site-post-title":"","ast-breadcrumbs-content":"","ast-featured-img":"","footer-sml-layout":"","theme-transparent-header-meta":"default","adv-header-id-meta":"","stick-header-meta":"","header-above-stick-meta":"","header-main-stick-meta":"","header-below-stick-meta":"","astra-migrate-meta-layouts":"default","ast-page-background-enabled":"default","ast-page-background-meta":{"desktop":{"background-color":"","background-image":"","background-repeat":"repeat","background-position":"center center","background-size":"auto","background-attachment":"scroll","background-type":"","background-media":"","overlay-type":"","overlay-color":"","overlay-opacity":"","overlay-gradient":""},"tablet":{"background-color":"","background-image":"","background-repeat":"repeat","background-position":"center center","background-size":"auto","background-attachment":"scroll","background-type":"","background-media":"","overlay-type":"","overlay-color":"","overlay-opacity":"","overlay-gradient":""},"mobile":{"background-color":"","background-image":"","background-repeat":"repeat","background-position":"center center","background-size":"auto","background-attachment":"scroll","background-type":"","background-media":"","overlay-type":"","overlay-color":"","overlay-opacity":"","overlay-gradient":""}},"ast-content-background-meta":{"desktop":{"background-color":"var(--ast-global-color-5)","background-image":"","background-repeat":"repeat","background-position":"center center","background-size":"auto","background-attachment":"scroll","background-type":"","background-media":"","overlay-type":"","overlay-color":"","overlay-opacity":"","overlay-gradient":""},"tablet":{"background-color":"var(--ast-global-color-5)","background-image":"","background-repeat":"repeat","background-position":"center center","background-size":"auto","background-attachment":"scroll","background-type":"","background-media":"","overlay-type":"","overlay-color":"","overlay-opacity":"","overlay-gradient":""},"mobile":{"background-color":"var(--ast-global-color-5)","background-image":"","background-repeat":"repeat","background-position":"center center","background-size":"auto","background-attachment":"scroll","background-type":"","background-media":"","overlay-type":"","overlay-color":"","overlay-opacity":"","overlay-gradient":""}}},"product_brand":[],"product_cat":[26],"product_tag":[],"class_list":{"0":"post-2599","1":"product","2":"type-product","3":"status-publish","4":"has-post-thumbnail","6":"product_cat-zeitgenossische-musik","7":"pa_artikelnummer-neos-11801","8":"pa_brand-neos-music","9":"pa_ean-216","10":"desktop-align-left","11":"tablet-align-left","12":"mobile-align-left","14":"first","15":"instock","16":"taxable","17":"shipping-taxable","18":"purchasable","19":"product-type-simple"},"yoast_head":"<!-- This site is optimized with the Yoast SEO plugin v27.4 - https:\/\/yoast.com\/product\/yoast-seo-wordpress\/ -->\n<title>Erhard Grosskopf: Plejaden - KlangWerk 11 - NEOS Music<\/title>\n<meta name=\"robots\" content=\"index, follow, max-snippet:-1, max-image-preview:large, max-video-preview:-1\" \/>\n<link rel=\"canonical\" href=\"https:\/\/neos-music.com\/en_us\/product\/erhard-grosskopf-plejaden-klangwerk-11\/\" \/>\n<meta property=\"og:locale\" content=\"en_US\" \/>\n<meta property=\"og:type\" content=\"article\" \/>\n<meta property=\"og:title\" content=\"Erhard Grosskopf: Plejaden - KlangWerk 11 - NEOS Music\" \/>\n<meta property=\"og:description\" content=\"Infotext: Grosskopfs Umgang mit der musikalischen Zeit zu\u00a0Plejaden- Sieben \u00e4hnliche St\u00fccke f\u00fcr Klavier und Orchester Volker Straebel: \u00bbDie Plejaden sind als Sternbild der Zeit entr\u00fcckt, ganz so wie Grosskopfs Werke, gleichwohl als Zeit-Kunst Musik der Zeit verpflichtet, diese zu leugnen scheinen. Eben nicht finden sich in den &#8222;sieben \u00e4hnlichen St\u00fccken\u201c Analogien zur griechischen Mythologie des [&hellip;]\" \/>\n<meta property=\"og:url\" content=\"https:\/\/neos-music.com\/en_us\/product\/erhard-grosskopf-plejaden-klangwerk-11\/\" \/>\n<meta property=\"og:site_name\" content=\"NEOS Music\" \/>\n<meta property=\"article:modified_time\" content=\"2023-05-22T21:33:34+00:00\" \/>\n<meta property=\"og:image\" content=\"https:\/\/neos-music.com\/wp-content\/uploads\/2022\/11\/NEOS_11801_Grosskopf.jpeg\" \/>\n\t<meta property=\"og:image:width\" content=\"1646\" \/>\n\t<meta property=\"og:image:height\" content=\"1477\" \/>\n\t<meta property=\"og:image:type\" content=\"image\/jpeg\" \/>\n<meta name=\"twitter:card\" content=\"summary_large_image\" \/>\n<meta name=\"twitter:label1\" content=\"Est. reading time\" \/>\n\t<meta name=\"twitter:data1\" content=\"8 minutes\" \/>\n<script type=\"application\/ld+json\" class=\"yoast-schema-graph\">{\"@context\":\"https:\\\/\\\/schema.org\",\"@graph\":[{\"@type\":\"WebPage\",\"@id\":\"https:\\\/\\\/neos-music.com\\\/product\\\/erhard-grosskopf-plejaden-klangwerk-11\\\/\",\"url\":\"https:\\\/\\\/neos-music.com\\\/product\\\/erhard-grosskopf-plejaden-klangwerk-11\\\/\",\"name\":\"Erhard Grosskopf: Plejaden - KlangWerk 11 - NEOS Music\",\"isPartOf\":{\"@id\":\"https:\\\/\\\/neos-music.com\\\/#website\"},\"primaryImageOfPage\":{\"@id\":\"https:\\\/\\\/neos-music.com\\\/product\\\/erhard-grosskopf-plejaden-klangwerk-11\\\/#primaryimage\"},\"image\":{\"@id\":\"https:\\\/\\\/neos-music.com\\\/product\\\/erhard-grosskopf-plejaden-klangwerk-11\\\/#primaryimage\"},\"thumbnailUrl\":\"https:\\\/\\\/i0.wp.com\\\/neos-music.com\\\/wp-content\\\/uploads\\\/2022\\\/11\\\/NEOS_11801_Grosskopf.jpeg?fit=1646%2C1477&ssl=1\",\"datePublished\":\"2018-10-19T18:50:21+00:00\",\"dateModified\":\"2023-05-22T21:33:34+00:00\",\"breadcrumb\":{\"@id\":\"https:\\\/\\\/neos-music.com\\\/product\\\/erhard-grosskopf-plejaden-klangwerk-11\\\/#breadcrumb\"},\"inLanguage\":\"en-US\",\"potentialAction\":[{\"@type\":\"ReadAction\",\"target\":[\"https:\\\/\\\/neos-music.com\\\/product\\\/erhard-grosskopf-plejaden-klangwerk-11\\\/\"]}]},{\"@type\":\"ImageObject\",\"inLanguage\":\"en-US\",\"@id\":\"https:\\\/\\\/neos-music.com\\\/product\\\/erhard-grosskopf-plejaden-klangwerk-11\\\/#primaryimage\",\"url\":\"https:\\\/\\\/i0.wp.com\\\/neos-music.com\\\/wp-content\\\/uploads\\\/2022\\\/11\\\/NEOS_11801_Grosskopf.jpeg?fit=1646%2C1477&ssl=1\",\"contentUrl\":\"https:\\\/\\\/i0.wp.com\\\/neos-music.com\\\/wp-content\\\/uploads\\\/2022\\\/11\\\/NEOS_11801_Grosskopf.jpeg?fit=1646%2C1477&ssl=1\",\"width\":1646,\"height\":1477},{\"@type\":\"BreadcrumbList\",\"@id\":\"https:\\\/\\\/neos-music.com\\\/product\\\/erhard-grosskopf-plejaden-klangwerk-11\\\/#breadcrumb\",\"itemListElement\":[{\"@type\":\"ListItem\",\"position\":1,\"name\":\"Startseite\",\"item\":\"https:\\\/\\\/neos-music.com\\\/\"},{\"@type\":\"ListItem\",\"position\":2,\"name\":\"Produkte\",\"item\":\"https:\\\/\\\/neos-music.com\\\/shop__trashed\\\/\"},{\"@type\":\"ListItem\",\"position\":3,\"name\":\"Erhard Grosskopf: Plejaden &#8211; KlangWerk 11\"}]},{\"@type\":\"WebSite\",\"@id\":\"https:\\\/\\\/neos-music.com\\\/#website\",\"url\":\"https:\\\/\\\/neos-music.com\\\/\",\"name\":\"NEOS Music\",\"description\":\"Dein Online Shop f\u00fcr zeitgen\u00f6ssische Musik, Jazz und Classics!\",\"publisher\":{\"@id\":\"https:\\\/\\\/neos-music.com\\\/#organization\"},\"potentialAction\":[{\"@type\":\"SearchAction\",\"target\":{\"@type\":\"EntryPoint\",\"urlTemplate\":\"https:\\\/\\\/neos-music.com\\\/?s={search_term_string}\"},\"query-input\":{\"@type\":\"PropertyValueSpecification\",\"valueRequired\":true,\"valueName\":\"search_term_string\"}}],\"inLanguage\":\"en-US\"},{\"@type\":\"Organization\",\"@id\":\"https:\\\/\\\/neos-music.com\\\/#organization\",\"name\":\"NEOS Music\",\"url\":\"https:\\\/\\\/neos-music.com\\\/\",\"logo\":{\"@type\":\"ImageObject\",\"inLanguage\":\"en-US\",\"@id\":\"https:\\\/\\\/neos-music.com\\\/#\\\/schema\\\/logo\\\/image\\\/\",\"url\":\"https:\\\/\\\/i0.wp.com\\\/neos-music.com\\\/wp-content\\\/uploads\\\/2025\\\/08\\\/NEOS-Logo-weiss.png?fit=800%2C203&ssl=1\",\"contentUrl\":\"https:\\\/\\\/i0.wp.com\\\/neos-music.com\\\/wp-content\\\/uploads\\\/2025\\\/08\\\/NEOS-Logo-weiss.png?fit=800%2C203&ssl=1\",\"width\":800,\"height\":203,\"caption\":\"NEOS Music\"},\"image\":{\"@id\":\"https:\\\/\\\/neos-music.com\\\/#\\\/schema\\\/logo\\\/image\\\/\"}}]}<\/script>\n<!-- \/ Yoast SEO plugin. -->","yoast_head_json":{"title":"Erhard Grosskopf: Plejaden - KlangWerk 11 - NEOS Music","robots":{"index":"index","follow":"follow","max-snippet":"max-snippet:-1","max-image-preview":"max-image-preview:large","max-video-preview":"max-video-preview:-1"},"canonical":"https:\/\/neos-music.com\/en_us\/product\/erhard-grosskopf-plejaden-klangwerk-11\/","og_locale":"en_US","og_type":"article","og_title":"Erhard Grosskopf: Plejaden - KlangWerk 11 - NEOS Music","og_description":"Infotext: Grosskopfs Umgang mit der musikalischen Zeit zu\u00a0Plejaden- Sieben \u00e4hnliche St\u00fccke f\u00fcr Klavier und Orchester Volker Straebel: \u00bbDie Plejaden sind als Sternbild der Zeit entr\u00fcckt, ganz so wie Grosskopfs Werke, gleichwohl als Zeit-Kunst Musik der Zeit verpflichtet, diese zu leugnen scheinen. Eben nicht finden sich in den &#8222;sieben \u00e4hnlichen St\u00fccken\u201c Analogien zur griechischen Mythologie des [&hellip;]","og_url":"https:\/\/neos-music.com\/en_us\/product\/erhard-grosskopf-plejaden-klangwerk-11\/","og_site_name":"NEOS Music","article_modified_time":"2023-05-22T21:33:34+00:00","og_image":[{"width":1646,"height":1477,"url":"https:\/\/neos-music.com\/wp-content\/uploads\/2022\/11\/NEOS_11801_Grosskopf.jpeg","type":"image\/jpeg"}],"twitter_card":"summary_large_image","twitter_misc":{"Est. reading time":"8 minutes"},"schema":{"@context":"https:\/\/schema.org","@graph":[{"@type":"WebPage","@id":"https:\/\/neos-music.com\/product\/erhard-grosskopf-plejaden-klangwerk-11\/","url":"https:\/\/neos-music.com\/product\/erhard-grosskopf-plejaden-klangwerk-11\/","name":"Erhard Grosskopf: Plejaden - KlangWerk 11 - NEOS Music","isPartOf":{"@id":"https:\/\/neos-music.com\/#website"},"primaryImageOfPage":{"@id":"https:\/\/neos-music.com\/product\/erhard-grosskopf-plejaden-klangwerk-11\/#primaryimage"},"image":{"@id":"https:\/\/neos-music.com\/product\/erhard-grosskopf-plejaden-klangwerk-11\/#primaryimage"},"thumbnailUrl":"https:\/\/i0.wp.com\/neos-music.com\/wp-content\/uploads\/2022\/11\/NEOS_11801_Grosskopf.jpeg?fit=1646%2C1477&ssl=1","datePublished":"2018-10-19T18:50:21+00:00","dateModified":"2023-05-22T21:33:34+00:00","breadcrumb":{"@id":"https:\/\/neos-music.com\/product\/erhard-grosskopf-plejaden-klangwerk-11\/#breadcrumb"},"inLanguage":"en-US","potentialAction":[{"@type":"ReadAction","target":["https:\/\/neos-music.com\/product\/erhard-grosskopf-plejaden-klangwerk-11\/"]}]},{"@type":"ImageObject","inLanguage":"en-US","@id":"https:\/\/neos-music.com\/product\/erhard-grosskopf-plejaden-klangwerk-11\/#primaryimage","url":"https:\/\/i0.wp.com\/neos-music.com\/wp-content\/uploads\/2022\/11\/NEOS_11801_Grosskopf.jpeg?fit=1646%2C1477&ssl=1","contentUrl":"https:\/\/i0.wp.com\/neos-music.com\/wp-content\/uploads\/2022\/11\/NEOS_11801_Grosskopf.jpeg?fit=1646%2C1477&ssl=1","width":1646,"height":1477},{"@type":"BreadcrumbList","@id":"https:\/\/neos-music.com\/product\/erhard-grosskopf-plejaden-klangwerk-11\/#breadcrumb","itemListElement":[{"@type":"ListItem","position":1,"name":"Startseite","item":"https:\/\/neos-music.com\/"},{"@type":"ListItem","position":2,"name":"Produkte","item":"https:\/\/neos-music.com\/shop__trashed\/"},{"@type":"ListItem","position":3,"name":"Erhard Grosskopf: Plejaden &#8211; KlangWerk 11"}]},{"@type":"WebSite","@id":"https:\/\/neos-music.com\/#website","url":"https:\/\/neos-music.com\/","name":"NEOS Music","description":"Dein Online Shop f\u00fcr zeitgen\u00f6ssische Musik, Jazz und Classics!","publisher":{"@id":"https:\/\/neos-music.com\/#organization"},"potentialAction":[{"@type":"SearchAction","target":{"@type":"EntryPoint","urlTemplate":"https:\/\/neos-music.com\/?s={search_term_string}"},"query-input":{"@type":"PropertyValueSpecification","valueRequired":true,"valueName":"search_term_string"}}],"inLanguage":"en-US"},{"@type":"Organization","@id":"https:\/\/neos-music.com\/#organization","name":"NEOS Music","url":"https:\/\/neos-music.com\/","logo":{"@type":"ImageObject","inLanguage":"en-US","@id":"https:\/\/neos-music.com\/#\/schema\/logo\/image\/","url":"https:\/\/i0.wp.com\/neos-music.com\/wp-content\/uploads\/2025\/08\/NEOS-Logo-weiss.png?fit=800%2C203&ssl=1","contentUrl":"https:\/\/i0.wp.com\/neos-music.com\/wp-content\/uploads\/2025\/08\/NEOS-Logo-weiss.png?fit=800%2C203&ssl=1","width":800,"height":203,"caption":"NEOS Music"},"image":{"@id":"https:\/\/neos-music.com\/#\/schema\/logo\/image\/"}}]}},"jetpack_sharing_enabled":true,"_links":{"self":[{"href":"https:\/\/neos-music.com\/en_us\/wp-json\/wp\/v2\/product\/2599","targetHints":{"allow":["GET"]}}],"collection":[{"href":"https:\/\/neos-music.com\/en_us\/wp-json\/wp\/v2\/product"}],"about":[{"href":"https:\/\/neos-music.com\/en_us\/wp-json\/wp\/v2\/types\/product"}],"version-history":[{"count":0,"href":"https:\/\/neos-music.com\/en_us\/wp-json\/wp\/v2\/product\/2599\/revisions"}],"wp:featuredmedia":[{"embeddable":true,"href":"https:\/\/neos-music.com\/en_us\/wp-json\/wp\/v2\/media\/2600"}],"wp:attachment":[{"href":"https:\/\/neos-music.com\/en_us\/wp-json\/wp\/v2\/media?parent=2599"}],"wp:term":[{"taxonomy":"product_brand","embeddable":true,"href":"https:\/\/neos-music.com\/en_us\/wp-json\/wp\/v2\/product_brand?post=2599"},{"taxonomy":"product_cat","embeddable":true,"href":"https:\/\/neos-music.com\/en_us\/wp-json\/wp\/v2\/product_cat?post=2599"},{"taxonomy":"product_tag","embeddable":true,"href":"https:\/\/neos-music.com\/en_us\/wp-json\/wp\/v2\/product_tag?post=2599"}],"curies":[{"name":"wp","href":"https:\/\/api.w.org\/{rel}","templated":true}]}}