{"id":2705,"date":"2017-10-20T14:33:24","date_gmt":"2017-10-20T14:33:24","guid":{"rendered":"https:\/\/neos-music.com\/?post_type=product&#038;p=2705"},"modified":"2023-05-25T09:46:32","modified_gmt":"2023-05-25T09:46:32","slug":"rebecca-saunders-bernhard-gander-martin-smolka-james-dillon-franck-bedrossian-martin-jaggi-georg-friedrich-haas-donaueschinger-musiktage-2016","status":"publish","type":"product","link":"https:\/\/neos-music.com\/en_us\/product\/rebecca-saunders-bernhard-gander-martin-smolka-james-dillon-franck-bedrossian-martin-jaggi-georg-friedrich-haas-donaueschinger-musiktage-2016\/","title":{"rendered":"Rebecca Saunders, Bernhard Gander, Martin Smolka, James Dillon, Franck Bedrossian, Martin Jaggi, Georg Friedrich Haas: Donaueschinger Musiktage 2016"},"content":{"rendered":"<p>Programm:<\/p>\n<table border=\"0\" width=\"100%\" rules=\"none\" cellspacing=\"0\" cellpadding=\"0\">\n<tbody>\n<tr>\n<td class=\"bigcontent2\">\n<div id=\"tracks\">\n<p><b>SACD 1<br \/>\n<\/b>total playing time: 74:32<\/p>\n<p><b><a class=\"arcoma_glossarylink\" href=\"https:\/\/neos-music.com\/output.php?content=Kuenstler\/Saunders_Rebecca.php&amp;treplace=english%2Cgerman\" target=\"_self\" rel=\"noopener\">Rebecca Saunders<\/a><\/b>\u00a0(*1967)<\/p>\n<p>[01]\u00a0<b>Skin<\/b>\u00a0for soprano and 13 instruments (2015\u2009\/16)<b>\u00a026:02<\/b><br \/>\n<i>World premiere<br \/>\nCo-commissioned by SWR, Huddersfield Contemporary Music Festival and Casa da M\u00fasica Porto<\/i><\/p>\n<p><b>Juliet Fraser<\/b>\u00a0soprano<\/p>\n<p><b><a class=\"arcoma_glossarylink\" href=\"https:\/\/neos-music.com\/output.php?content=Kuenstler\/Klangforum_Wien.php&amp;treplace=english%2Cgerman\" target=\"_self\" rel=\"noopener\">Klangforum Wien<\/a><\/b><br \/>\nVera Fischer \/ Eva Furrer, flutes \u00b7 Markus Deuter, oboe<br \/>\nBernhard Zachhuber \/ Olivier Vivares, clarinets \u00b7 Lorelei Dowling, bassoon<br \/>\nGerald Preinfalk, saxophone \u00b7 Christoph Walder, horn \u00b7 Anders Nyqvist, trumpets<br \/>\nKevin Fairbairn, trombone \u00b7 Anders Swane Lund, tuba<br \/>\nAnnette Bik \/ Sophie Schafleitner \/ Gunde J\u00e4ch-Micko, violins<br \/>\nDimitrios Polisoidis \/ Ulrich Mertin, viola \u00b7 Benedikt Leitner \/ Andreas Lindenbaum, cello<br \/>\nUlrich Fussenegger \/ Nikolaus Feinig, double bass \u00b7 Lukas Schiske \/ Bj\u00f6rn Wilker, percussion<br \/>\nYaron Deutsch, electric guitar \u00b7 Krassimir Chterev, accordion<br \/>\nFlorian M\u00fcller \/ Joonas Ahonen, piano<\/p>\n<p><b>Titus Engel<\/b>\u00a0conductor<\/p>\n<p>&nbsp;<\/p>\n<p><b>Bernahrd Gander<\/b>\u00a0(*1969)<\/p>\n<p>[02]\u00a0<b>Cold Cadaver with Thirteen Scary Scars<\/b>\u00a0for 21 instruments (2016)<b>\u00a023:24<\/b><br \/>\n<i>World premiere<br \/>\nCo-commissioned by SWR and Klangforum Wien<\/i><\/p>\n<p><b>Steamboat Switzerland<\/b><br \/>\nDominik Blum, hammond organ \/ piano \/ analogue electronics<br \/>\nMarino Pliakas, electric bass \/ acoustic guitar \/ electronics<br \/>\nLucas Niggli, Percussion<\/p>\n<p><b><a class=\"arcoma_glossarylink\" href=\"https:\/\/neos-music.com\/output.php?content=Kuenstler\/Klangforum_Wien.php&amp;treplace=english%2Cgerman\" target=\"_self\" rel=\"noopener\">Klangforum Wien<\/a><\/b><\/p>\n<p><b>Titus Engel<\/b>\u00a0conductor<\/p>\n<p>&nbsp;<\/p>\n<p><b><a class=\"arcoma_glossarylink\" href=\"https:\/\/neos-music.com\/output.php?content=Kuenstler\/Martin_Smolka.php&amp;treplace=english%2Cgerman\" target=\"_self\" rel=\"noopener\">Martin Smolka<\/a><\/b>\u00a0(*1959)<\/p>\n<p><b>a yell with misprints<\/b>\u00a0two movements for ensemble (2016)\u00a0<b>25:02<\/b><br \/>\n[03]<b>\u00a0I.<\/b>\u00a011:49<br \/>\n[04]\u00a0<b>II.<\/b>\u00a013:13<br \/>\n<i>World premiere<br \/>\nCommissioned by SWR<\/i><\/p>\n<p><b><a class=\"arcoma_glossarylink\" href=\"https:\/\/neos-music.com\/output.php?content=Kuenstler\/ensemble_recherche.php&amp;treplace=english%2Cgerman\" target=\"_self\" rel=\"noopener\">ensemble recherche<\/a><\/b><br \/>\nMartin Fahlenbock, flute \u00b7 Jaime Gonz\u00e1lez, oboe \u00b7 Shizuyo Oka, clarinet<br \/>\nChristian Dierstein, percussion \u00b7 Klaus Steffes-Holl\u00e4nder \/ Jean-Pierre Collot, piano<br \/>\nMelise Mellinger, violin \u00b7 Barbara Maurer, viola \u00b7 \u00c5sa \u00c5kerberg, Cello<\/p>\n<p>&nbsp;<\/p>\n<p>&nbsp;<\/p>\n<p><b>SACD 2<\/b><br \/>\ntotal playing time: 74:36<\/p>\n<p><b><a class=\"arcoma_glossarylink\" href=\"https:\/\/neos-music.com\/output.php?content=Kuenstler\/Dillon_James.php&amp;treplace=english%2Cgerman\" target=\"_self\" rel=\"noopener\">James Dillon<\/a><\/b>\u00a0(*1950)<\/p>\n<p>[01]\u00a0<b>The Gates<\/b>\u00a0for string quartet and orchestra (2016)\u00a0<b>32:33<\/b><br \/>\n<i>Dedicated to the memory of Armin K\u00f6hler<br \/>\nWorld premiere<br \/>\nCommissioned by SWR<\/i><\/p>\n<p><b><a class=\"arcoma_glossarylink\" href=\"https:\/\/neos-music.com\/output.php?content=Kuenstler\/Arditti_Quartett.php&amp;treplace=english%2Cgerman\" target=\"_self\" rel=\"noopener\">Arditti Quartet<\/a><br \/>\n<\/b>Irvine Arditti, violin \u00b7 Ashot Sarkissjan, violin<br \/>\nRalf Ehlers, viola \u00b7 Lucas Fels, Cello<\/p>\n<p><b>SWR Symphonieorchester<\/b><\/p>\n<p><b>Pierre-Andr\u00e9 Valade<\/b>\u00a0conductor<\/p>\n<p>&nbsp;<\/p>\n<p><b><a class=\"arcoma_glossarylink\" href=\"https:\/\/neos-music.com\/output.php?content=Kuenstler\/Bedrossian_Franck.php&amp;treplace=english%2Cgerman\" target=\"_self\" rel=\"noopener\">Franck Bedrossian<\/a><\/b>(*1971)<\/p>\n<p>[02]\u00a0<b>Twist<\/b>\u00a0for orchestra and electronics (2016)\u00a0<b>10:18<br \/>\n<\/b><i>World premiere<br \/>\nCo-commissioned by SWR and IRCAM-Centre Pompidou<\/i><\/p>\n<p><b>SWR Symphonieorchester<\/b><\/p>\n<p><b>Alejo P\u00e9rez<\/b>\u00a0conductor<\/p>\n<p><b>IRCAM<\/b><br \/>\nRobin Meier, computer music designer<br \/>\nLuca Bagnoli, sound engineer IRCAM<br \/>\nComputer design carried out at IRCAM-Centre Pompidou Studios<\/p>\n<p>&nbsp;<\/p>\n<p><b>Martin Jaggi<\/b>\u00a0(*1978)<\/p>\n<p>[03]\u00a0<b>Caral<\/b>\u00a0for orchestra (2016) 13:06<br \/>\n<i>World premiere<br \/>\nCommissioned by SWR<br \/>\nWith the kind support of Pro Helvetia, Schweizer Kulturstiftung<\/i><\/p>\n<p><b>SWR Symphonieorchester<\/b><\/p>\n<p><b>Pierre-Andr\u00e9 Valade<\/b>\u00a0conductor<\/p>\n<p>&nbsp;<\/p>\n<p><b><a class=\"arcoma_glossarylink\" href=\"https:\/\/neos-music.com\/output.php?content=Kuenstler\/Georg_Friedrich_Haas.php&amp;treplace=english%2Cgerman\" target=\"_self\" rel=\"noopener\">Georg Friedrich Haas<\/a><\/b>\u00a0(*1953)<br \/>\n[04]\u00a0<b>Konzert f\u00fcr Posaune und Orchester<\/b>\u00a0(2015\u2009\/16)\u00a0<b>18:35<br \/>\n<\/b><i>World premiere<br \/>\nCo-commissioned by SWR, Sinfonieorchester Basel, ORF Radio-Symphonieorchester Wien, Wien Modern and Wiener Konzerthaus<br \/>\nSupported by the Ernst von Siemens Musikstiftung<\/i><\/p>\n<p><b>Mike Svoboda<\/b>\u00a0trombone<\/p>\n<p><b>SWR Symphonieorchester<\/b><\/p>\n<p><b>Alejo P\u00e9rez<\/b>\u00a0conductor<\/p>\n<\/div>\n<\/td>\n<td><\/td>\n<\/tr>\n<\/tbody>\n<\/table>\n<p>&nbsp;<\/p>\n<p>Pressestimmen:<\/p>\n<p><img data-recalc-dims=\"1\" decoding=\"async\" src=\"https:\/\/i0.wp.com\/neos-music.com\/wp-content\/uploads\/2023\/05\/logo_mundoclasico2.gif?ssl=1\" alt=\"\" \/><\/p>\n<p>Am 18.8.2018 schrieb Paco Y\u00e1\u00f1ez:<\/p>\n<p><b>Or\u00e1culo Donaueschingen 2016<\/b><\/p>\n<p>Continuamos nuestro repaso estival a las \u00faltimas ediciones discogr\u00e1ficas que de los festivales de referencia en el \u00e1mbito de la nueva m\u00fasica en Alemania hemos recibido. Si hace siete d\u00edas conoc\u00edamos el doble compacto que recog\u00eda algunos de los platos fuertes escuchados en las Wittener Tage f\u00fcr neue Kammermusik del a\u00f1o 2017, hoy retrocedemos un a\u00f1o, pues al 2016 nos remite la selecci\u00f3n por NEOS realizada de los estrenos efectuados en el or\u00e1culo de las Donaueschinger Musiktage: una edici\u00f3n (como ya lo fuera la del 2015) m\u00e1s escueta de lo habitual en NEOS, pues tan s\u00f3lo incluye dos SACDs, si bien la selecci\u00f3n de partituras (en sus respectivos estrenos) parece muy acertada, adem\u00e1s de estar presentada con la habitual excelencia en cuanto a edici\u00f3n y calidad de sonido del sello muniqu\u00e9s.<\/p>\n<p>La primera partitura, por tanto, de tan juicioso compendio es Skin (2015-16), p\u00e1gina para soprano y trece instrumentos de una de las compositoras m\u00e1s importantes del siglo XXI, la brit\u00e1nica Rebecca Saunders (Londres, 1967). [&#8230;]<\/p>\n<p><a class=\"arcoma_editor_link\" href=\"https:\/\/www.mundoclasico.com\/articulo\/31216\/Or%C3%A1culo-Donaueschingen-2016\" target=\"_blank\" rel=\"noopener\"><i>Lesen Sie den kompletten Artikel hier.<\/i><\/a><\/p>\n<p>&nbsp;<\/p>\n<p><img data-recalc-dims=\"1\" decoding=\"async\" src=\"https:\/\/i0.wp.com\/neos-music.com\/wp-content\/uploads\/2023\/05\/logo_FonoForum-300.png?ssl=1\" alt=\"\" \/><\/p>\n<p>August 2018<\/p>\n<p>Gewohnt vielseitig pr\u00e4sentieren sich die Donaueschinger Musiktage 2016, die letztmalig vom 2014 verstorbenen Leiter Armin K\u00f6hler gepr\u00e4gt waren. Rebecca Saunders&#8216; &#8222;Skin&#8220; ist ein faszinierend ungreifbares, von Beckett und Joyce inspiriertes Sprach- und Klanggewebe, in dem sich Juliet Fraser mit schnurrenden Guturallauten vorantastet. Bernhard Ganders orchestraler Art-Rock von &#8222;Cold Cadaver with Thirteen Scary Scars&#8220; beginnt als irre Techno-Polka und gipfelt in plakativen Beethoven-Zitaten. Martin Smolkas &#8222;a yell within misprints&#8220; kommt wie der Alptraum einer Peking-Oper daher, mit schreienden Holzbl\u00e4sern und glissandierenden Gongs, die von choralartigen Klavierakkorden und sch\u00fctteren Streichertexturen abgel\u00f6st werden. Georg Friedrich Haas&#8216; Konzert f\u00fcr Posaune und Orchester hebt nicht nur an wie &#8222;Rheingold&#8220;, sondern irritiert insgesamt mit staatstragend romantischen Dreiklangspielen.<\/p>\n<p>Dirk Wieschollek<\/p>\n","protected":false},"excerpt":{"rendered":"<p>Programm: SACD 1 total playing time: 74:32 Rebecca Saunders\u00a0(*1967) [01]\u00a0Skin\u00a0for soprano and 13 instruments (2015\u2009\/16)\u00a026:02 World premiere Co-commissioned by SWR, Huddersfield Contemporary Music Festival and Casa da M\u00fasica Porto Juliet Fraser\u00a0soprano Klangforum Wien Vera Fischer \/ Eva Furrer, flutes \u00b7 Markus Deuter, oboe Bernhard Zachhuber \/ Olivier Vivares, clarinets \u00b7 Lorelei Dowling, bassoon Gerald Preinfalk, [&hellip;]<\/p>\n","protected":false},"featured_media":2706,"template":"","meta":{"site-sidebar-layout":"default","site-content-layout":"default","ast-site-content-layout":"default","site-content-style":"default","site-sidebar-style":"default","ast-global-header-display":"","ast-banner-title-visibility":"","ast-main-header-display":"","ast-hfb-above-header-display":"","ast-hfb-below-header-display":"","ast-hfb-mobile-header-display":"","site-post-title":"","ast-breadcrumbs-content":"","ast-featured-img":"","footer-sml-layout":"","theme-transparent-header-meta":"default","adv-header-id-meta":"","stick-header-meta":"","header-above-stick-meta":"","header-main-stick-meta":"","header-below-stick-meta":"","astra-migrate-meta-layouts":"default","ast-page-background-enabled":"default","ast-page-background-meta":{"desktop":{"background-color":"","background-image":"","background-repeat":"repeat","background-position":"center center","background-size":"auto","background-attachment":"scroll","background-type":"","background-media":"","overlay-type":"","overlay-color":"","overlay-opacity":"","overlay-gradient":""},"tablet":{"background-color":"","background-image":"","background-repeat":"repeat","background-position":"center center","background-size":"auto","background-attachment":"scroll","background-type":"","background-media":"","overlay-type":"","overlay-color":"","overlay-opacity":"","overlay-gradient":""},"mobile":{"background-color":"","background-image":"","background-repeat":"repeat","background-position":"center center","background-size":"auto","background-attachment":"scroll","background-type":"","background-media":"","overlay-type":"","overlay-color":"","overlay-opacity":"","overlay-gradient":""}},"ast-content-background-meta":{"desktop":{"background-color":"var(--ast-global-color-5)","background-image":"","background-repeat":"repeat","background-position":"center center","background-size":"auto","background-attachment":"scroll","background-type":"","background-media":"","overlay-type":"","overlay-color":"","overlay-opacity":"","overlay-gradient":""},"tablet":{"background-color":"var(--ast-global-color-5)","background-image":"","background-repeat":"repeat","background-position":"center center","background-size":"auto","background-attachment":"scroll","background-type":"","background-media":"","overlay-type":"","overlay-color":"","overlay-opacity":"","overlay-gradient":""},"mobile":{"background-color":"var(--ast-global-color-5)","background-image":"","background-repeat":"repeat","background-position":"center center","background-size":"auto","background-attachment":"scroll","background-type":"","background-media":"","overlay-type":"","overlay-color":"","overlay-opacity":"","overlay-gradient":""}}},"product_brand":[],"product_cat":[878,26],"product_tag":[],"class_list":{"0":"post-2705","1":"product","2":"type-product","3":"status-publish","4":"has-post-thumbnail","6":"product_cat-streichquartett","7":"product_cat-zeitgenossische-musik","8":"pa_artikelnummer-neos-11716-17","9":"pa_brand-neos-music","10":"pa_ean-266","11":"desktop-align-left","12":"tablet-align-left","13":"mobile-align-left","15":"first","16":"instock","17":"taxable","18":"shipping-taxable","19":"purchasable","20":"product-type-simple"},"yoast_head":"<!-- This site is optimized with the Yoast SEO plugin v27.5 - https:\/\/yoast.com\/product\/yoast-seo-wordpress\/ -->\n<title>Rebecca Saunders, Bernhard Gander, Martin Smolka, James Dillon, Franck Bedrossian, Martin Jaggi, Georg Friedrich Haas: Donaueschinger Musiktage 2016 - NEOS Music<\/title>\n<meta name=\"robots\" content=\"index, follow, max-snippet:-1, max-image-preview:large, max-video-preview:-1\" \/>\n<link rel=\"canonical\" href=\"https:\/\/neos-music.com\/en_us\/product\/rebecca-saunders-bernhard-gander-martin-smolka-james-dillon-franck-bedrossian-martin-jaggi-georg-friedrich-haas-donaueschinger-musiktage-2016\/\" \/>\n<meta property=\"og:locale\" content=\"en_US\" \/>\n<meta property=\"og:type\" content=\"article\" \/>\n<meta property=\"og:title\" content=\"Rebecca Saunders, Bernhard Gander, Martin Smolka, James Dillon, Franck Bedrossian, Martin Jaggi, Georg Friedrich Haas: Donaueschinger Musiktage 2016 - NEOS Music\" \/>\n<meta property=\"og:description\" content=\"Programm: SACD 1 total playing time: 74:32 Rebecca Saunders\u00a0(*1967) [01]\u00a0Skin\u00a0for soprano and 13 instruments (2015\u2009\/16)\u00a026:02 World premiere Co-commissioned by SWR, Huddersfield Contemporary Music Festival and Casa da M\u00fasica Porto Juliet Fraser\u00a0soprano Klangforum Wien Vera Fischer \/ Eva Furrer, flutes \u00b7 Markus Deuter, oboe Bernhard Zachhuber \/ Olivier Vivares, clarinets \u00b7 Lorelei Dowling, bassoon Gerald Preinfalk, [&hellip;]\" \/>\n<meta property=\"og:url\" content=\"https:\/\/neos-music.com\/en_us\/product\/rebecca-saunders-bernhard-gander-martin-smolka-james-dillon-franck-bedrossian-martin-jaggi-georg-friedrich-haas-donaueschinger-musiktage-2016\/\" \/>\n<meta property=\"og:site_name\" content=\"NEOS Music\" \/>\n<meta property=\"article:modified_time\" content=\"2023-05-25T09:46:32+00:00\" \/>\n<meta property=\"og:image\" content=\"https:\/\/neos-music.com\/wp-content\/uploads\/2022\/11\/NEOS_11716-17_DMT2016.jpeg\" \/>\n\t<meta property=\"og:image:width\" content=\"1649\" \/>\n\t<meta property=\"og:image:height\" content=\"1483\" \/>\n\t<meta property=\"og:image:type\" content=\"image\/jpeg\" \/>\n<meta name=\"twitter:card\" content=\"summary_large_image\" \/>\n<meta name=\"twitter:label1\" content=\"Est. reading time\" \/>\n\t<meta name=\"twitter:data1\" content=\"5 minutes\" \/>\n<script type=\"application\/ld+json\" class=\"yoast-schema-graph\">{\"@context\":\"https:\\\/\\\/schema.org\",\"@graph\":[{\"@type\":\"WebPage\",\"@id\":\"https:\\\/\\\/neos-music.com\\\/product\\\/rebecca-saunders-bernhard-gander-martin-smolka-james-dillon-franck-bedrossian-martin-jaggi-georg-friedrich-haas-donaueschinger-musiktage-2016\\\/\",\"url\":\"https:\\\/\\\/neos-music.com\\\/product\\\/rebecca-saunders-bernhard-gander-martin-smolka-james-dillon-franck-bedrossian-martin-jaggi-georg-friedrich-haas-donaueschinger-musiktage-2016\\\/\",\"name\":\"Rebecca Saunders, Bernhard Gander, Martin Smolka, James Dillon, Franck Bedrossian, Martin Jaggi, Georg Friedrich Haas: Donaueschinger Musiktage 2016 - NEOS Music\",\"isPartOf\":{\"@id\":\"https:\\\/\\\/neos-music.com\\\/#website\"},\"primaryImageOfPage\":{\"@id\":\"https:\\\/\\\/neos-music.com\\\/product\\\/rebecca-saunders-bernhard-gander-martin-smolka-james-dillon-franck-bedrossian-martin-jaggi-georg-friedrich-haas-donaueschinger-musiktage-2016\\\/#primaryimage\"},\"image\":{\"@id\":\"https:\\\/\\\/neos-music.com\\\/product\\\/rebecca-saunders-bernhard-gander-martin-smolka-james-dillon-franck-bedrossian-martin-jaggi-georg-friedrich-haas-donaueschinger-musiktage-2016\\\/#primaryimage\"},\"thumbnailUrl\":\"https:\\\/\\\/i0.wp.com\\\/neos-music.com\\\/wp-content\\\/uploads\\\/2022\\\/11\\\/NEOS_11716-17_DMT2016.jpeg?fit=1649%2C1483&ssl=1\",\"datePublished\":\"2017-10-20T14:33:24+00:00\",\"dateModified\":\"2023-05-25T09:46:32+00:00\",\"breadcrumb\":{\"@id\":\"https:\\\/\\\/neos-music.com\\\/product\\\/rebecca-saunders-bernhard-gander-martin-smolka-james-dillon-franck-bedrossian-martin-jaggi-georg-friedrich-haas-donaueschinger-musiktage-2016\\\/#breadcrumb\"},\"inLanguage\":\"en-US\",\"potentialAction\":[{\"@type\":\"ReadAction\",\"target\":[\"https:\\\/\\\/neos-music.com\\\/product\\\/rebecca-saunders-bernhard-gander-martin-smolka-james-dillon-franck-bedrossian-martin-jaggi-georg-friedrich-haas-donaueschinger-musiktage-2016\\\/\"]}]},{\"@type\":\"ImageObject\",\"inLanguage\":\"en-US\",\"@id\":\"https:\\\/\\\/neos-music.com\\\/product\\\/rebecca-saunders-bernhard-gander-martin-smolka-james-dillon-franck-bedrossian-martin-jaggi-georg-friedrich-haas-donaueschinger-musiktage-2016\\\/#primaryimage\",\"url\":\"https:\\\/\\\/i0.wp.com\\\/neos-music.com\\\/wp-content\\\/uploads\\\/2022\\\/11\\\/NEOS_11716-17_DMT2016.jpeg?fit=1649%2C1483&ssl=1\",\"contentUrl\":\"https:\\\/\\\/i0.wp.com\\\/neos-music.com\\\/wp-content\\\/uploads\\\/2022\\\/11\\\/NEOS_11716-17_DMT2016.jpeg?fit=1649%2C1483&ssl=1\",\"width\":1649,\"height\":1483},{\"@type\":\"BreadcrumbList\",\"@id\":\"https:\\\/\\\/neos-music.com\\\/product\\\/rebecca-saunders-bernhard-gander-martin-smolka-james-dillon-franck-bedrossian-martin-jaggi-georg-friedrich-haas-donaueschinger-musiktage-2016\\\/#breadcrumb\",\"itemListElement\":[{\"@type\":\"ListItem\",\"position\":1,\"name\":\"Startseite\",\"item\":\"https:\\\/\\\/neos-music.com\\\/\"},{\"@type\":\"ListItem\",\"position\":2,\"name\":\"Produkte\",\"item\":\"https:\\\/\\\/neos-music.com\\\/shop__trashed\\\/\"},{\"@type\":\"ListItem\",\"position\":3,\"name\":\"Rebecca Saunders, Bernhard Gander, Martin Smolka, James Dillon, Franck Bedrossian, Martin Jaggi, Georg Friedrich Haas: Donaueschinger Musiktage 2016\"}]},{\"@type\":\"WebSite\",\"@id\":\"https:\\\/\\\/neos-music.com\\\/#website\",\"url\":\"https:\\\/\\\/neos-music.com\\\/\",\"name\":\"NEOS Music\",\"description\":\"Dein Online Shop f\u00fcr zeitgen\u00f6ssische Musik, Jazz und Classics!\",\"publisher\":{\"@id\":\"https:\\\/\\\/neos-music.com\\\/#organization\"},\"potentialAction\":[{\"@type\":\"SearchAction\",\"target\":{\"@type\":\"EntryPoint\",\"urlTemplate\":\"https:\\\/\\\/neos-music.com\\\/?s={search_term_string}\"},\"query-input\":{\"@type\":\"PropertyValueSpecification\",\"valueRequired\":true,\"valueName\":\"search_term_string\"}}],\"inLanguage\":\"en-US\"},{\"@type\":\"Organization\",\"@id\":\"https:\\\/\\\/neos-music.com\\\/#organization\",\"name\":\"NEOS Music\",\"url\":\"https:\\\/\\\/neos-music.com\\\/\",\"logo\":{\"@type\":\"ImageObject\",\"inLanguage\":\"en-US\",\"@id\":\"https:\\\/\\\/neos-music.com\\\/#\\\/schema\\\/logo\\\/image\\\/\",\"url\":\"https:\\\/\\\/i0.wp.com\\\/neos-music.com\\\/wp-content\\\/uploads\\\/2025\\\/08\\\/NEOS-Logo-weiss.png?fit=800%2C203&ssl=1\",\"contentUrl\":\"https:\\\/\\\/i0.wp.com\\\/neos-music.com\\\/wp-content\\\/uploads\\\/2025\\\/08\\\/NEOS-Logo-weiss.png?fit=800%2C203&ssl=1\",\"width\":800,\"height\":203,\"caption\":\"NEOS Music\"},\"image\":{\"@id\":\"https:\\\/\\\/neos-music.com\\\/#\\\/schema\\\/logo\\\/image\\\/\"}}]}<\/script>\n<!-- \/ Yoast SEO plugin. -->","yoast_head_json":{"title":"Rebecca Saunders, Bernhard Gander, Martin Smolka, James Dillon, Franck Bedrossian, Martin Jaggi, Georg Friedrich Haas: Donaueschinger Musiktage 2016 - NEOS Music","robots":{"index":"index","follow":"follow","max-snippet":"max-snippet:-1","max-image-preview":"max-image-preview:large","max-video-preview":"max-video-preview:-1"},"canonical":"https:\/\/neos-music.com\/en_us\/product\/rebecca-saunders-bernhard-gander-martin-smolka-james-dillon-franck-bedrossian-martin-jaggi-georg-friedrich-haas-donaueschinger-musiktage-2016\/","og_locale":"en_US","og_type":"article","og_title":"Rebecca Saunders, Bernhard Gander, Martin Smolka, James Dillon, Franck Bedrossian, Martin Jaggi, Georg Friedrich Haas: Donaueschinger Musiktage 2016 - NEOS Music","og_description":"Programm: SACD 1 total playing time: 74:32 Rebecca Saunders\u00a0(*1967) [01]\u00a0Skin\u00a0for soprano and 13 instruments (2015\u2009\/16)\u00a026:02 World premiere Co-commissioned by SWR, Huddersfield Contemporary Music Festival and Casa da M\u00fasica Porto Juliet Fraser\u00a0soprano Klangforum Wien Vera Fischer \/ Eva Furrer, flutes \u00b7 Markus Deuter, oboe Bernhard Zachhuber \/ Olivier Vivares, clarinets \u00b7 Lorelei Dowling, bassoon Gerald Preinfalk, [&hellip;]","og_url":"https:\/\/neos-music.com\/en_us\/product\/rebecca-saunders-bernhard-gander-martin-smolka-james-dillon-franck-bedrossian-martin-jaggi-georg-friedrich-haas-donaueschinger-musiktage-2016\/","og_site_name":"NEOS Music","article_modified_time":"2023-05-25T09:46:32+00:00","og_image":[{"width":1649,"height":1483,"url":"https:\/\/neos-music.com\/wp-content\/uploads\/2022\/11\/NEOS_11716-17_DMT2016.jpeg","type":"image\/jpeg"}],"twitter_card":"summary_large_image","twitter_misc":{"Est. reading time":"5 minutes"},"schema":{"@context":"https:\/\/schema.org","@graph":[{"@type":"WebPage","@id":"https:\/\/neos-music.com\/product\/rebecca-saunders-bernhard-gander-martin-smolka-james-dillon-franck-bedrossian-martin-jaggi-georg-friedrich-haas-donaueschinger-musiktage-2016\/","url":"https:\/\/neos-music.com\/product\/rebecca-saunders-bernhard-gander-martin-smolka-james-dillon-franck-bedrossian-martin-jaggi-georg-friedrich-haas-donaueschinger-musiktage-2016\/","name":"Rebecca Saunders, Bernhard Gander, Martin Smolka, James Dillon, Franck Bedrossian, Martin Jaggi, Georg Friedrich Haas: Donaueschinger Musiktage 2016 - NEOS Music","isPartOf":{"@id":"https:\/\/neos-music.com\/#website"},"primaryImageOfPage":{"@id":"https:\/\/neos-music.com\/product\/rebecca-saunders-bernhard-gander-martin-smolka-james-dillon-franck-bedrossian-martin-jaggi-georg-friedrich-haas-donaueschinger-musiktage-2016\/#primaryimage"},"image":{"@id":"https:\/\/neos-music.com\/product\/rebecca-saunders-bernhard-gander-martin-smolka-james-dillon-franck-bedrossian-martin-jaggi-georg-friedrich-haas-donaueschinger-musiktage-2016\/#primaryimage"},"thumbnailUrl":"https:\/\/i0.wp.com\/neos-music.com\/wp-content\/uploads\/2022\/11\/NEOS_11716-17_DMT2016.jpeg?fit=1649%2C1483&ssl=1","datePublished":"2017-10-20T14:33:24+00:00","dateModified":"2023-05-25T09:46:32+00:00","breadcrumb":{"@id":"https:\/\/neos-music.com\/product\/rebecca-saunders-bernhard-gander-martin-smolka-james-dillon-franck-bedrossian-martin-jaggi-georg-friedrich-haas-donaueschinger-musiktage-2016\/#breadcrumb"},"inLanguage":"en-US","potentialAction":[{"@type":"ReadAction","target":["https:\/\/neos-music.com\/product\/rebecca-saunders-bernhard-gander-martin-smolka-james-dillon-franck-bedrossian-martin-jaggi-georg-friedrich-haas-donaueschinger-musiktage-2016\/"]}]},{"@type":"ImageObject","inLanguage":"en-US","@id":"https:\/\/neos-music.com\/product\/rebecca-saunders-bernhard-gander-martin-smolka-james-dillon-franck-bedrossian-martin-jaggi-georg-friedrich-haas-donaueschinger-musiktage-2016\/#primaryimage","url":"https:\/\/i0.wp.com\/neos-music.com\/wp-content\/uploads\/2022\/11\/NEOS_11716-17_DMT2016.jpeg?fit=1649%2C1483&ssl=1","contentUrl":"https:\/\/i0.wp.com\/neos-music.com\/wp-content\/uploads\/2022\/11\/NEOS_11716-17_DMT2016.jpeg?fit=1649%2C1483&ssl=1","width":1649,"height":1483},{"@type":"BreadcrumbList","@id":"https:\/\/neos-music.com\/product\/rebecca-saunders-bernhard-gander-martin-smolka-james-dillon-franck-bedrossian-martin-jaggi-georg-friedrich-haas-donaueschinger-musiktage-2016\/#breadcrumb","itemListElement":[{"@type":"ListItem","position":1,"name":"Startseite","item":"https:\/\/neos-music.com\/"},{"@type":"ListItem","position":2,"name":"Produkte","item":"https:\/\/neos-music.com\/shop__trashed\/"},{"@type":"ListItem","position":3,"name":"Rebecca Saunders, Bernhard Gander, Martin Smolka, James Dillon, Franck Bedrossian, Martin Jaggi, Georg Friedrich Haas: Donaueschinger Musiktage 2016"}]},{"@type":"WebSite","@id":"https:\/\/neos-music.com\/#website","url":"https:\/\/neos-music.com\/","name":"NEOS Music","description":"Dein Online Shop f\u00fcr zeitgen\u00f6ssische Musik, Jazz und Classics!","publisher":{"@id":"https:\/\/neos-music.com\/#organization"},"potentialAction":[{"@type":"SearchAction","target":{"@type":"EntryPoint","urlTemplate":"https:\/\/neos-music.com\/?s={search_term_string}"},"query-input":{"@type":"PropertyValueSpecification","valueRequired":true,"valueName":"search_term_string"}}],"inLanguage":"en-US"},{"@type":"Organization","@id":"https:\/\/neos-music.com\/#organization","name":"NEOS Music","url":"https:\/\/neos-music.com\/","logo":{"@type":"ImageObject","inLanguage":"en-US","@id":"https:\/\/neos-music.com\/#\/schema\/logo\/image\/","url":"https:\/\/i0.wp.com\/neos-music.com\/wp-content\/uploads\/2025\/08\/NEOS-Logo-weiss.png?fit=800%2C203&ssl=1","contentUrl":"https:\/\/i0.wp.com\/neos-music.com\/wp-content\/uploads\/2025\/08\/NEOS-Logo-weiss.png?fit=800%2C203&ssl=1","width":800,"height":203,"caption":"NEOS Music"},"image":{"@id":"https:\/\/neos-music.com\/#\/schema\/logo\/image\/"}}]}},"jetpack_sharing_enabled":true,"_links":{"self":[{"href":"https:\/\/neos-music.com\/en_us\/wp-json\/wp\/v2\/product\/2705","targetHints":{"allow":["GET"]}}],"collection":[{"href":"https:\/\/neos-music.com\/en_us\/wp-json\/wp\/v2\/product"}],"about":[{"href":"https:\/\/neos-music.com\/en_us\/wp-json\/wp\/v2\/types\/product"}],"version-history":[{"count":0,"href":"https:\/\/neos-music.com\/en_us\/wp-json\/wp\/v2\/product\/2705\/revisions"}],"wp:featuredmedia":[{"embeddable":true,"href":"https:\/\/neos-music.com\/en_us\/wp-json\/wp\/v2\/media\/2706"}],"wp:attachment":[{"href":"https:\/\/neos-music.com\/en_us\/wp-json\/wp\/v2\/media?parent=2705"}],"wp:term":[{"taxonomy":"product_brand","embeddable":true,"href":"https:\/\/neos-music.com\/en_us\/wp-json\/wp\/v2\/product_brand?post=2705"},{"taxonomy":"product_cat","embeddable":true,"href":"https:\/\/neos-music.com\/en_us\/wp-json\/wp\/v2\/product_cat?post=2705"},{"taxonomy":"product_tag","embeddable":true,"href":"https:\/\/neos-music.com\/en_us\/wp-json\/wp\/v2\/product_tag?post=2705"}],"curies":[{"name":"wp","href":"https:\/\/api.w.org\/{rel}","templated":true}]}}