{"id":2913,"date":"2013-10-18T14:08:07","date_gmt":"2013-10-18T14:08:07","guid":{"rendered":"https:\/\/neos-music.com\/?post_type=product&#038;p=2913"},"modified":"2022-11-18T14:09:38","modified_gmt":"2022-11-18T14:09:38","slug":"claus-steffen-mahnkopf-hommage-a-gyoergy-kurtag","status":"publish","type":"product","link":"https:\/\/neos-music.com\/en_us\/product\/claus-steffen-mahnkopf-hommage-a-gyoergy-kurtag\/","title":{"rendered":"Claus-Steffen Mahnkopf: Hommage \u00e0 Gy\u00f6rgy Kurt\u00e1g"},"content":{"rendered":"<p>Programm:<\/p>\n<p>[01]\u00a0<b>Hommage \u00e0 Gy\u00f6rgy Kurt\u00e1g<\/b>\u00a0for guitar and chamber orchestra [2000\u20132001] 63:23<\/p>\n<p><a class=\"arcoma_glossarylink\" href=\"https:\/\/neos-music.com\/output.php?content=Kuenstler\/Ruck_Juergen.php&amp;treplace=english%2Cgerman\" target=\"_self\" rel=\"noopener\">J\u00fcrgen Ruck<\/a>, guitar<br \/>\n<a class=\"arcoma_glossarylink\" href=\"https:\/\/neos-music.com\/output.php?content=Kuenstler\/OENM.php&amp;treplace=english%2Cgerman\" target=\"_self\" rel=\"noopener\">\u0153nm . \u00f6sterreichisches ensemble f\u00fcr neue musik<\/a><br \/>\n<a class=\"arcoma_glossarylink\" href=\"https:\/\/neos-music.com\/output.php?content=Kuenstler\/Kalitzke_Johannes.php&amp;treplace=english%2Cgerman\" target=\"_self\" rel=\"noopener\">Johannes Kalitzke<\/a>, conductor<\/p>\n<p>[02]\u00a0<b>Kurt\u00e1g-Duo<\/b>\u00a0for two guitars [2000] 14:24<\/p>\n<p>Elena C\u00e0soli and\u00a0<a class=\"arcoma_glossarylink\" href=\"https:\/\/neos-music.com\/output.php?content=Kuenstler\/Ruck_Juergen.php&amp;treplace=english%2Cgerman\" target=\"_self\" rel=\"noopener\">J\u00fcrgen Ruck<\/a>, guitar<\/p>\n<p>total time: 77:59<\/p>\n<p>Pressestimmen:<\/p>\n<p><img data-recalc-dims=\"1\" decoding=\"async\" src=\"https:\/\/i0.wp.com\/neos-music.com\/images\/news\/logo_FonoForum.gif?ssl=1\" \/><br \/>\n05\/14<\/p>\n<p>[&#8230;] Das &#8222;Kurt\u00e1g-Duo&#8220; (2000) filtert die Solopassagen aus der &#8222;Hommage&#8220; und setzt sie in einen Kontrast virtuos-aggressiver und introvertiert-zerbrechlicher Gitarrenparts. Die radikale Mikrotonalit\u00e4t verleiht diesem Dialog zweier Gitarren interessante Farben [&#8230;]<\/p>\n<p><i>Dirk Wieschollek<\/i><\/p>\n<p>Musik:\u00a0<img data-recalc-dims=\"1\" decoding=\"async\" src=\"https:\/\/i0.wp.com\/neos-music.com\/images\/news\/stars3.gif?ssl=1\" \/><br \/>\nKlang:\u00a0<img data-recalc-dims=\"1\" decoding=\"async\" src=\"https:\/\/i0.wp.com\/neos-music.com\/images\/news\/stars3.gif?ssl=1\" \/><\/p>\n<p><img data-recalc-dims=\"1\" decoding=\"async\" src=\"https:\/\/i0.wp.com\/neos-music.com\/images\/news\/logo_NeueZeitschriftMusik_NEU.jpg?ssl=1\" \/><\/p>\n<p>02.2014<\/p>\n<p>[&#8230;] Nach einer pers\u00f6nlichen Begegnung bei der Verleihung des Siemens-Musikpreises 1998 schrieb Mahnkopf die\u00a0<i>Hommage \u00e0 Gy\u00f6rgy Kurt\u00e1g<\/i>\u00a0(2000\/01), ein &#8222;Konzert&#8220; f\u00fcr den Gitarristen J\u00fcrgen Ruck, das nicht zuletzt Mahnkopfs Affinit\u00e4t zu Kurt\u00e1gs\u00a0<i>Grabstein f\u00fcr Stephan<\/i>\u00a0(f\u00fcr Gitarre und im Raum verteilte Instrumentengruppen) Ausdruck verlieh. Es wurde zu einer Art kompositorischem Mutterschiff f\u00fcr einen Zyklus von insgesamt neun miteinander verflochtenen St\u00fccken, die sich alle auf Kurt\u00e1g beziehen. [&#8230;]<\/p>\n<p><i>Dirk Wieschollek<\/i><\/p>\n<p>Musik:\u00a0<img data-recalc-dims=\"1\" decoding=\"async\" src=\"https:\/\/i0.wp.com\/neos-music.com\/images\/news\/stars3.gif?ssl=1\" \/><br \/>\nTechnik:\u00a0<img data-recalc-dims=\"1\" decoding=\"async\" src=\"https:\/\/i0.wp.com\/neos-music.com\/images\/news\/stars3.gif?ssl=1\" \/><br \/>\nBooklet:\u00a0\u00a0<img data-recalc-dims=\"1\" decoding=\"async\" src=\"https:\/\/i0.wp.com\/neos-music.com\/images\/news\/stars4.gif?ssl=1\" \/><\/p>\n","protected":false},"excerpt":{"rendered":"<p>Programm: [01]\u00a0Hommage \u00e0 Gy\u00f6rgy Kurt\u00e1g\u00a0for guitar and chamber orchestra [2000\u20132001] 63:23 J\u00fcrgen Ruck, guitar \u0153nm . \u00f6sterreichisches ensemble f\u00fcr neue musik Johannes Kalitzke, conductor [02]\u00a0Kurt\u00e1g-Duo\u00a0for two guitars [2000] 14:24 Elena C\u00e0soli and\u00a0J\u00fcrgen Ruck, guitar total time: 77:59 Pressestimmen: 05\/14 [&#8230;] Das &#8222;Kurt\u00e1g-Duo&#8220; (2000) filtert die Solopassagen aus der &#8222;Hommage&#8220; und setzt sie in einen Kontrast [&hellip;]<\/p>\n","protected":false},"featured_media":2914,"template":"","meta":{"site-sidebar-layout":"default","site-content-layout":"default","ast-site-content-layout":"default","site-content-style":"default","site-sidebar-style":"default","ast-global-header-display":"","ast-banner-title-visibility":"","ast-main-header-display":"","ast-hfb-above-header-display":"","ast-hfb-below-header-display":"","ast-hfb-mobile-header-display":"","site-post-title":"","ast-breadcrumbs-content":"","ast-featured-img":"","footer-sml-layout":"","theme-transparent-header-meta":"default","adv-header-id-meta":"","stick-header-meta":"","header-above-stick-meta":"","header-main-stick-meta":"","header-below-stick-meta":"","astra-migrate-meta-layouts":"default","ast-page-background-enabled":"default","ast-page-background-meta":{"desktop":{"background-color":"","background-image":"","background-repeat":"repeat","background-position":"center center","background-size":"auto","background-attachment":"scroll","background-type":"","background-media":"","overlay-type":"","overlay-color":"","overlay-opacity":"","overlay-gradient":""},"tablet":{"background-color":"","background-image":"","background-repeat":"repeat","background-position":"center center","background-size":"auto","background-attachment":"scroll","background-type":"","background-media":"","overlay-type":"","overlay-color":"","overlay-opacity":"","overlay-gradient":""},"mobile":{"background-color":"","background-image":"","background-repeat":"repeat","background-position":"center center","background-size":"auto","background-attachment":"scroll","background-type":"","background-media":"","overlay-type":"","overlay-color":"","overlay-opacity":"","overlay-gradient":""}},"ast-content-background-meta":{"desktop":{"background-color":"var(--ast-global-color-5)","background-image":"","background-repeat":"repeat","background-position":"center center","background-size":"auto","background-attachment":"scroll","background-type":"","background-media":"","overlay-type":"","overlay-color":"","overlay-opacity":"","overlay-gradient":""},"tablet":{"background-color":"var(--ast-global-color-5)","background-image":"","background-repeat":"repeat","background-position":"center center","background-size":"auto","background-attachment":"scroll","background-type":"","background-media":"","overlay-type":"","overlay-color":"","overlay-opacity":"","overlay-gradient":""},"mobile":{"background-color":"var(--ast-global-color-5)","background-image":"","background-repeat":"repeat","background-position":"center center","background-size":"auto","background-attachment":"scroll","background-type":"","background-media":"","overlay-type":"","overlay-color":"","overlay-opacity":"","overlay-gradient":""}}},"product_brand":[],"product_cat":[26],"product_tag":[],"class_list":{"0":"post-2913","1":"product","2":"type-product","3":"status-publish","4":"has-post-thumbnail","6":"product_cat-zeitgenossische-musik","7":"pa_artikelnummer-neos-11307","8":"pa_brand-neos-music","9":"pa_ean-464","10":"desktop-align-left","11":"tablet-align-left","12":"mobile-align-left","14":"first","15":"instock","16":"taxable","17":"shipping-taxable","18":"purchasable","19":"product-type-simple"},"yoast_head":"<!-- This site is optimized with the Yoast SEO plugin v27.5 - https:\/\/yoast.com\/product\/yoast-seo-wordpress\/ -->\n<title>Claus-Steffen Mahnkopf: Hommage \u00e0 Gy\u00f6rgy Kurt\u00e1g - NEOS Music<\/title>\n<meta name=\"robots\" content=\"index, follow, max-snippet:-1, max-image-preview:large, max-video-preview:-1\" \/>\n<link rel=\"canonical\" href=\"https:\/\/neos-music.com\/en_us\/product\/claus-steffen-mahnkopf-hommage-a-gyoergy-kurtag\/\" \/>\n<meta property=\"og:locale\" content=\"en_US\" \/>\n<meta property=\"og:type\" content=\"article\" \/>\n<meta property=\"og:title\" content=\"Claus-Steffen Mahnkopf: Hommage \u00e0 Gy\u00f6rgy Kurt\u00e1g - NEOS Music\" \/>\n<meta property=\"og:description\" content=\"Programm: [01]\u00a0Hommage \u00e0 Gy\u00f6rgy Kurt\u00e1g\u00a0for guitar and chamber orchestra [2000\u20132001] 63:23 J\u00fcrgen Ruck, guitar \u0153nm . \u00f6sterreichisches ensemble f\u00fcr neue musik Johannes Kalitzke, conductor [02]\u00a0Kurt\u00e1g-Duo\u00a0for two guitars [2000] 14:24 Elena C\u00e0soli and\u00a0J\u00fcrgen Ruck, guitar total time: 77:59 Pressestimmen: 05\/14 [&#8230;] Das &#8222;Kurt\u00e1g-Duo&#8220; (2000) filtert die Solopassagen aus der &#8222;Hommage&#8220; und setzt sie in einen Kontrast [&hellip;]\" \/>\n<meta property=\"og:url\" content=\"https:\/\/neos-music.com\/en_us\/product\/claus-steffen-mahnkopf-hommage-a-gyoergy-kurtag\/\" \/>\n<meta property=\"og:site_name\" content=\"NEOS Music\" \/>\n<meta property=\"article:modified_time\" content=\"2022-11-18T14:09:38+00:00\" \/>\n<meta property=\"og:image\" content=\"https:\/\/neos-music.com\/wp-content\/uploads\/2022\/11\/NEOS_11307_Mahnkopf.jpeg\" \/>\n\t<meta property=\"og:image:width\" content=\"1648\" \/>\n\t<meta property=\"og:image:height\" content=\"1482\" \/>\n\t<meta property=\"og:image:type\" content=\"image\/jpeg\" \/>\n<meta name=\"twitter:card\" content=\"summary_large_image\" \/>\n<meta name=\"twitter:label1\" content=\"Est. reading time\" \/>\n\t<meta name=\"twitter:data1\" content=\"1 minute\" \/>\n<script type=\"application\/ld+json\" class=\"yoast-schema-graph\">{\"@context\":\"https:\\\/\\\/schema.org\",\"@graph\":[{\"@type\":\"WebPage\",\"@id\":\"https:\\\/\\\/neos-music.com\\\/product\\\/claus-steffen-mahnkopf-hommage-a-gyoergy-kurtag\\\/\",\"url\":\"https:\\\/\\\/neos-music.com\\\/product\\\/claus-steffen-mahnkopf-hommage-a-gyoergy-kurtag\\\/\",\"name\":\"Claus-Steffen Mahnkopf: Hommage \u00e0 Gy\u00f6rgy Kurt\u00e1g - NEOS Music\",\"isPartOf\":{\"@id\":\"https:\\\/\\\/neos-music.com\\\/#website\"},\"primaryImageOfPage\":{\"@id\":\"https:\\\/\\\/neos-music.com\\\/product\\\/claus-steffen-mahnkopf-hommage-a-gyoergy-kurtag\\\/#primaryimage\"},\"image\":{\"@id\":\"https:\\\/\\\/neos-music.com\\\/product\\\/claus-steffen-mahnkopf-hommage-a-gyoergy-kurtag\\\/#primaryimage\"},\"thumbnailUrl\":\"https:\\\/\\\/i0.wp.com\\\/neos-music.com\\\/wp-content\\\/uploads\\\/2022\\\/11\\\/NEOS_11307_Mahnkopf.jpeg?fit=1648%2C1482&ssl=1\",\"datePublished\":\"2013-10-18T14:08:07+00:00\",\"dateModified\":\"2022-11-18T14:09:38+00:00\",\"breadcrumb\":{\"@id\":\"https:\\\/\\\/neos-music.com\\\/product\\\/claus-steffen-mahnkopf-hommage-a-gyoergy-kurtag\\\/#breadcrumb\"},\"inLanguage\":\"en-US\",\"potentialAction\":[{\"@type\":\"ReadAction\",\"target\":[\"https:\\\/\\\/neos-music.com\\\/product\\\/claus-steffen-mahnkopf-hommage-a-gyoergy-kurtag\\\/\"]}]},{\"@type\":\"ImageObject\",\"inLanguage\":\"en-US\",\"@id\":\"https:\\\/\\\/neos-music.com\\\/product\\\/claus-steffen-mahnkopf-hommage-a-gyoergy-kurtag\\\/#primaryimage\",\"url\":\"https:\\\/\\\/i0.wp.com\\\/neos-music.com\\\/wp-content\\\/uploads\\\/2022\\\/11\\\/NEOS_11307_Mahnkopf.jpeg?fit=1648%2C1482&ssl=1\",\"contentUrl\":\"https:\\\/\\\/i0.wp.com\\\/neos-music.com\\\/wp-content\\\/uploads\\\/2022\\\/11\\\/NEOS_11307_Mahnkopf.jpeg?fit=1648%2C1482&ssl=1\",\"width\":1648,\"height\":1482},{\"@type\":\"BreadcrumbList\",\"@id\":\"https:\\\/\\\/neos-music.com\\\/product\\\/claus-steffen-mahnkopf-hommage-a-gyoergy-kurtag\\\/#breadcrumb\",\"itemListElement\":[{\"@type\":\"ListItem\",\"position\":1,\"name\":\"Startseite\",\"item\":\"https:\\\/\\\/neos-music.com\\\/\"},{\"@type\":\"ListItem\",\"position\":2,\"name\":\"Produkte\",\"item\":\"https:\\\/\\\/neos-music.com\\\/shop__trashed\\\/\"},{\"@type\":\"ListItem\",\"position\":3,\"name\":\"Claus-Steffen Mahnkopf: Hommage \u00e0 Gy\u00f6rgy Kurt\u00e1g\"}]},{\"@type\":\"WebSite\",\"@id\":\"https:\\\/\\\/neos-music.com\\\/#website\",\"url\":\"https:\\\/\\\/neos-music.com\\\/\",\"name\":\"NEOS Music\",\"description\":\"Dein Online Shop f\u00fcr zeitgen\u00f6ssische Musik, Jazz und Classics!\",\"publisher\":{\"@id\":\"https:\\\/\\\/neos-music.com\\\/#organization\"},\"potentialAction\":[{\"@type\":\"SearchAction\",\"target\":{\"@type\":\"EntryPoint\",\"urlTemplate\":\"https:\\\/\\\/neos-music.com\\\/?s={search_term_string}\"},\"query-input\":{\"@type\":\"PropertyValueSpecification\",\"valueRequired\":true,\"valueName\":\"search_term_string\"}}],\"inLanguage\":\"en-US\"},{\"@type\":\"Organization\",\"@id\":\"https:\\\/\\\/neos-music.com\\\/#organization\",\"name\":\"NEOS Music\",\"url\":\"https:\\\/\\\/neos-music.com\\\/\",\"logo\":{\"@type\":\"ImageObject\",\"inLanguage\":\"en-US\",\"@id\":\"https:\\\/\\\/neos-music.com\\\/#\\\/schema\\\/logo\\\/image\\\/\",\"url\":\"https:\\\/\\\/i0.wp.com\\\/neos-music.com\\\/wp-content\\\/uploads\\\/2025\\\/08\\\/NEOS-Logo-weiss.png?fit=800%2C203&ssl=1\",\"contentUrl\":\"https:\\\/\\\/i0.wp.com\\\/neos-music.com\\\/wp-content\\\/uploads\\\/2025\\\/08\\\/NEOS-Logo-weiss.png?fit=800%2C203&ssl=1\",\"width\":800,\"height\":203,\"caption\":\"NEOS Music\"},\"image\":{\"@id\":\"https:\\\/\\\/neos-music.com\\\/#\\\/schema\\\/logo\\\/image\\\/\"}}]}<\/script>\n<!-- \/ Yoast SEO plugin. -->","yoast_head_json":{"title":"Claus-Steffen Mahnkopf: Hommage \u00e0 Gy\u00f6rgy Kurt\u00e1g - NEOS Music","robots":{"index":"index","follow":"follow","max-snippet":"max-snippet:-1","max-image-preview":"max-image-preview:large","max-video-preview":"max-video-preview:-1"},"canonical":"https:\/\/neos-music.com\/en_us\/product\/claus-steffen-mahnkopf-hommage-a-gyoergy-kurtag\/","og_locale":"en_US","og_type":"article","og_title":"Claus-Steffen Mahnkopf: Hommage \u00e0 Gy\u00f6rgy Kurt\u00e1g - NEOS Music","og_description":"Programm: [01]\u00a0Hommage \u00e0 Gy\u00f6rgy Kurt\u00e1g\u00a0for guitar and chamber orchestra [2000\u20132001] 63:23 J\u00fcrgen Ruck, guitar \u0153nm . \u00f6sterreichisches ensemble f\u00fcr neue musik Johannes Kalitzke, conductor [02]\u00a0Kurt\u00e1g-Duo\u00a0for two guitars [2000] 14:24 Elena C\u00e0soli and\u00a0J\u00fcrgen Ruck, guitar total time: 77:59 Pressestimmen: 05\/14 [&#8230;] Das &#8222;Kurt\u00e1g-Duo&#8220; (2000) filtert die Solopassagen aus der &#8222;Hommage&#8220; und setzt sie in einen Kontrast [&hellip;]","og_url":"https:\/\/neos-music.com\/en_us\/product\/claus-steffen-mahnkopf-hommage-a-gyoergy-kurtag\/","og_site_name":"NEOS Music","article_modified_time":"2022-11-18T14:09:38+00:00","og_image":[{"width":1648,"height":1482,"url":"https:\/\/neos-music.com\/wp-content\/uploads\/2022\/11\/NEOS_11307_Mahnkopf.jpeg","type":"image\/jpeg"}],"twitter_card":"summary_large_image","twitter_misc":{"Est. reading time":"1 minute"},"schema":{"@context":"https:\/\/schema.org","@graph":[{"@type":"WebPage","@id":"https:\/\/neos-music.com\/product\/claus-steffen-mahnkopf-hommage-a-gyoergy-kurtag\/","url":"https:\/\/neos-music.com\/product\/claus-steffen-mahnkopf-hommage-a-gyoergy-kurtag\/","name":"Claus-Steffen Mahnkopf: Hommage \u00e0 Gy\u00f6rgy Kurt\u00e1g - NEOS Music","isPartOf":{"@id":"https:\/\/neos-music.com\/#website"},"primaryImageOfPage":{"@id":"https:\/\/neos-music.com\/product\/claus-steffen-mahnkopf-hommage-a-gyoergy-kurtag\/#primaryimage"},"image":{"@id":"https:\/\/neos-music.com\/product\/claus-steffen-mahnkopf-hommage-a-gyoergy-kurtag\/#primaryimage"},"thumbnailUrl":"https:\/\/i0.wp.com\/neos-music.com\/wp-content\/uploads\/2022\/11\/NEOS_11307_Mahnkopf.jpeg?fit=1648%2C1482&ssl=1","datePublished":"2013-10-18T14:08:07+00:00","dateModified":"2022-11-18T14:09:38+00:00","breadcrumb":{"@id":"https:\/\/neos-music.com\/product\/claus-steffen-mahnkopf-hommage-a-gyoergy-kurtag\/#breadcrumb"},"inLanguage":"en-US","potentialAction":[{"@type":"ReadAction","target":["https:\/\/neos-music.com\/product\/claus-steffen-mahnkopf-hommage-a-gyoergy-kurtag\/"]}]},{"@type":"ImageObject","inLanguage":"en-US","@id":"https:\/\/neos-music.com\/product\/claus-steffen-mahnkopf-hommage-a-gyoergy-kurtag\/#primaryimage","url":"https:\/\/i0.wp.com\/neos-music.com\/wp-content\/uploads\/2022\/11\/NEOS_11307_Mahnkopf.jpeg?fit=1648%2C1482&ssl=1","contentUrl":"https:\/\/i0.wp.com\/neos-music.com\/wp-content\/uploads\/2022\/11\/NEOS_11307_Mahnkopf.jpeg?fit=1648%2C1482&ssl=1","width":1648,"height":1482},{"@type":"BreadcrumbList","@id":"https:\/\/neos-music.com\/product\/claus-steffen-mahnkopf-hommage-a-gyoergy-kurtag\/#breadcrumb","itemListElement":[{"@type":"ListItem","position":1,"name":"Startseite","item":"https:\/\/neos-music.com\/"},{"@type":"ListItem","position":2,"name":"Produkte","item":"https:\/\/neos-music.com\/shop__trashed\/"},{"@type":"ListItem","position":3,"name":"Claus-Steffen Mahnkopf: Hommage \u00e0 Gy\u00f6rgy Kurt\u00e1g"}]},{"@type":"WebSite","@id":"https:\/\/neos-music.com\/#website","url":"https:\/\/neos-music.com\/","name":"NEOS Music","description":"Dein Online Shop f\u00fcr zeitgen\u00f6ssische Musik, Jazz und Classics!","publisher":{"@id":"https:\/\/neos-music.com\/#organization"},"potentialAction":[{"@type":"SearchAction","target":{"@type":"EntryPoint","urlTemplate":"https:\/\/neos-music.com\/?s={search_term_string}"},"query-input":{"@type":"PropertyValueSpecification","valueRequired":true,"valueName":"search_term_string"}}],"inLanguage":"en-US"},{"@type":"Organization","@id":"https:\/\/neos-music.com\/#organization","name":"NEOS Music","url":"https:\/\/neos-music.com\/","logo":{"@type":"ImageObject","inLanguage":"en-US","@id":"https:\/\/neos-music.com\/#\/schema\/logo\/image\/","url":"https:\/\/i0.wp.com\/neos-music.com\/wp-content\/uploads\/2025\/08\/NEOS-Logo-weiss.png?fit=800%2C203&ssl=1","contentUrl":"https:\/\/i0.wp.com\/neos-music.com\/wp-content\/uploads\/2025\/08\/NEOS-Logo-weiss.png?fit=800%2C203&ssl=1","width":800,"height":203,"caption":"NEOS Music"},"image":{"@id":"https:\/\/neos-music.com\/#\/schema\/logo\/image\/"}}]}},"jetpack_sharing_enabled":true,"_links":{"self":[{"href":"https:\/\/neos-music.com\/en_us\/wp-json\/wp\/v2\/product\/2913","targetHints":{"allow":["GET"]}}],"collection":[{"href":"https:\/\/neos-music.com\/en_us\/wp-json\/wp\/v2\/product"}],"about":[{"href":"https:\/\/neos-music.com\/en_us\/wp-json\/wp\/v2\/types\/product"}],"version-history":[{"count":0,"href":"https:\/\/neos-music.com\/en_us\/wp-json\/wp\/v2\/product\/2913\/revisions"}],"wp:featuredmedia":[{"embeddable":true,"href":"https:\/\/neos-music.com\/en_us\/wp-json\/wp\/v2\/media\/2914"}],"wp:attachment":[{"href":"https:\/\/neos-music.com\/en_us\/wp-json\/wp\/v2\/media?parent=2913"}],"wp:term":[{"taxonomy":"product_brand","embeddable":true,"href":"https:\/\/neos-music.com\/en_us\/wp-json\/wp\/v2\/product_brand?post=2913"},{"taxonomy":"product_cat","embeddable":true,"href":"https:\/\/neos-music.com\/en_us\/wp-json\/wp\/v2\/product_cat?post=2913"},{"taxonomy":"product_tag","embeddable":true,"href":"https:\/\/neos-music.com\/en_us\/wp-json\/wp\/v2\/product_tag?post=2913"}],"curies":[{"name":"wp","href":"https:\/\/api.w.org\/{rel}","templated":true}]}}