{"id":3110,"date":"2010-04-30T16:53:11","date_gmt":"2010-04-30T16:53:11","guid":{"rendered":"https:\/\/neos-music.com\/?post_type=product&#038;p=3110"},"modified":"2024-10-28T15:03:03","modified_gmt":"2024-10-28T14:03:03","slug":"wolfgang-rihm-vigilia","status":"publish","type":"product","link":"https:\/\/neos-music.com\/en_us\/product\/wolfgang-rihm-vigilia\/","title":{"rendered":"Wolfgang Rihm: Vigilia"},"content":{"rendered":"<p>Infotext:<\/p>\n<div id=\"infotext\">\n<p align=\"justify\">Vigil ist der n\u00e4chtliche Teil der \u00fcber den ganzen Tag verteilten Stundengebete der katholischen Liturgie. Formal besteht eine Vigil aus einer Abfolge von Gebeten, Psalmen und Hymnen aus dem sogenannten gregorianischen Choral. Auch\u00a0<i>Vigilia<\/i>\u00a0gen\u00fcgt dem Prinzip der Reihungsform: sieben mal kommen alternierend Instrumental- und Vokalensemble zum Einsatz, bevor sie am Ende im \u203aMiserere\u2039 zusammen agieren. Der Charakter der Instrumental- und Vokals\u00e4tze ist verschieden. Die Satztechnik der gesungenen Teile l\u00e4sst immer wieder Erinnerungen an die Zeit der alten Vokalpolyphonie, aber auch der Madrigale des 16. Jahrhunderts wach werden. Vorherrschend sind die Prinzipien Melodie, Harmonie und Rhythmus. Bis auf wenige Ausnahmen gibt es keine dynamischen Verschreibungen.<\/p>\n<p align=\"justify\">Anders die Instrumentals\u00e4tze: sie stellen zu den Vokalteilen weniger eine Einf\u00fchrung oder einen Kommentar dar als vielmehr ein Spannungsfeld, in das die Vokals\u00e4tze eingebettet sind. Durch die vom \u00fcbrigen Ensemble r\u00e4umlich getrennte Position der Klarinette und des Horns wird dieses Spannungsfeld noch mehr erlebbar. Auch hier gibt es, wenn auch weniger als in den Vokals\u00e4tzen, Ankl\u00e4nge an Imitations- und Cantus-firmus-Techniken. Diese, \u203aSonata\u2039 genannten Instrumentals\u00e4tze sind jedoch in der f\u00fcr Rihm kennzeichnenden Weise gepr\u00e4gt durch \u00e4u\u00dferste dynamische Gegens\u00e4tze. Die gesungenen Texte sind lateinisch und entstammen dem biblischen Karfreitagsgeschehen bzw. dessen liturgisch-mystischem Umfeld.<\/p>\n<p align=\"justify\"><i>Vigilia<\/i>\u00a0widmet sich der Betrachtung des Kreuztodes Jesu, was durch die Metaphorik des N\u00e4chtlichen noch verst\u00e4rkt wird. Vigilia evoziert die gr\u00fcbelnde, besinnliche Betrachtung.\u00a0<i>Vigilia<\/i>\u00a0versteht sich nicht als liturgische Gebrauchs- oder Kunstmusik, sondern zeigt vielmehr die Stellung eines Menschen, der sich \u2013 obwohl intellektuell-agnostisch \u2013 auf einem kulturellen Terrain befindet, das zutiefst christlich gepr\u00e4gt ist.\u00a0<i>Vigilia<\/i>\u00a0wurde in solistischer S\u00e4ngerbesetzung mehrmals aufgef\u00fchrt. Die vorliegende Fassung, in der jede Gesangsstimme chorisch von je vier S\u00e4ngern besetzt ist, geht auf meine Anregung zur\u00fcck, der Wolfgang Rihm zustimmen konnte.<\/p>\n<p align=\"right\"><i>Rupert Huber<\/i><\/p>\n<p>&nbsp;<\/p>\n<\/div>\n<p>Programm:<\/p>\n<p><b>Wolfgang Rihm<\/b>\u00a0(*1952)<\/p>\n<p><b>Vigilia<\/b><br \/>\nfor six voices and ensemble (2006)<\/p>\n<p>[01]\u00a0<b>Sonata I<\/b>\u00a005:05<br \/>\n<span id=\"flash1\"><\/span><br \/>\n[02]\u00a0<b>Motetus I<\/b>\u00a002:29<br \/>\n[03]\u00a0<b>Sonata II<\/b>\u00a001:03<br \/>\n[04]\u00a0<b>Motetus II<\/b>\u00a003:45<br \/>\n<span id=\"flash2\"><\/span><br \/>\n[05]\u00a0<b>Sonata III<\/b>\u00a002:13<br \/>\n[06]\u00a0<b>Motetus III<\/b>\u00a003:22<br \/>\n[07]\u00a0<b>Sonata IV<\/b>\u00a002:21<br \/>\n[08]\u00a0<b>Motetus IV<\/b>\u00a004:44<br \/>\n<span id=\"flash3\"><\/span><br \/>\n[09]\u00a0<b>Sonata V<\/b>\u00a002:35<br \/>\n[10]\u00a0<b>Motetus V<\/b>\u00a004:02<br \/>\n[11]\u00a0<b>Sonata VI<\/b>\u00a002:43<br \/>\n<span id=\"flash4\"><\/span><br \/>\n[12]\u00a0<b>Motetus VI<\/b>\u00a002:29<br \/>\n[13]\u00a0<b>Sonata VII<\/b>\u00a003:47<br \/>\n[14]\u00a0<b>Motetus VII<\/b>\u00a005:08<br \/>\n[15]<b>\u00a0Miserere<\/b>\u00a016:06<br \/>\n<span id=\"flash5\"><\/span><\/p>\n<p>total time 61:53<\/p>\n<p><b><a class=\"arcoma_glossarylink\" href=\"https:\/\/neos-music.com\/output.php?content=Kuenstler\/ChorWerk_Ruhr.php&amp;treplace=english%2Cgerman\" target=\"_self\" rel=\"noopener\">ChorWerk Ruhr<\/a><br \/>\n<a class=\"arcoma_glossarylink\" href=\"https:\/\/neos-music.com\/output.php?content=Kuenstler\/Ensemble_Modern.php&amp;treplace=english%2Cgerman\" target=\"_self\" rel=\"noopener\">Ensemble Modern<\/a><br \/>\n<a class=\"arcoma_glossarylink\" href=\"https:\/\/neos-music.com\/output.php?content=Kuenstler\/Rupert_Huber.php&amp;treplace=english%2Cgerman\" target=\"_self\" rel=\"noopener\">Rupert Huber<\/a>, conductor<\/b><\/p>\n<p>&nbsp;<\/p>\n<p><b>ChorWerk Ruhr<br \/>\n<\/b><i>soprano<br \/>\n<\/i>Irmela Br\u00fcnger &#8211; Helena G\u00fcnther &#8211; Christina K\u00fchne &#8211; Anja St\u00e4bler<\/p>\n<p><i>alto<\/i><br \/>\nChristina R\u00f6ckelein &#8211; Wolfgang Simons &#8211; Kerstin St\u00f6cker &#8211; Beate Westerkamp<\/p>\n<p><i>tenor 1<br \/>\n<\/i>Rolf Ehlers &#8211; Matthias Klosinski &#8211; J\u00f6rg Krause &#8211; Marco Schweizer<\/p>\n<p><i>tenor 2<br \/>\n<\/i>Jens Eggert &#8211; Bruno Michalke &#8211; David Rohr &#8211; Thomas Vogel<\/p>\n<p><i>baritone<\/i><br \/>\nBernd Horbach &#8211; Martin Lindsay &#8211; Leon Malaver-Grisales &#8211; Christian Walter<\/p>\n<p><i>bass<\/i><br \/>\nThomas Demmler &#8211; Magnus-Cosmas Piontek &#8211; Lucas Singer &#8211; Bruno Vargas<\/p>\n<p>&nbsp;<\/p>\n<p><b>Ensemble Modern<\/b><\/p>\n<p><i>clarinet:\u00a0<\/i>\u00a0Nina Jan\u00dfen<br \/>\n<i>horn:\u00a0<\/i>\u00a0Saar Berger<br \/>\n<i>trombone 1:<\/i>\u00a0Uwe Dierksen<br \/>\n<i>trombone 2:<\/i>\u00a0Michael B\u00fcttler<br \/>\n<i>tuba:<\/i>\u00a0Jozsef Juhasz<br \/>\n<i>percussion:<\/i>\u00a0Rumi Ogawa<br \/>\n<i>organ:<\/i>\u00a0Francesco Filidei<br \/>\n<i>viola:<\/i>\u00a0Werner Dickel<br \/>\n<i>violoncello:<\/i>\u00a0Jan-Filip Tupa<br \/>\n<i>double bass:<\/i>\u00a0Peter Schlier<\/p>\n<p>Pressestimmen:<\/p>\n<p><img data-recalc-dims=\"1\" decoding=\"async\" src=\"https:\/\/i0.wp.com\/neos-music.com\/images\/news\/logo_FonoForum.gif?ssl=1\" \/><br \/>\n10\/2010<\/p>\n<p><img data-recalc-dims=\"1\" decoding=\"async\" src=\"https:\/\/i0.wp.com\/neos-music.com\/images\/news\/10817_FonoForum_092010.jpg?ssl=1\" \/><br \/>\n<img data-recalc-dims=\"1\" decoding=\"async\" src=\"https:\/\/i0.wp.com\/neos-music.com\/images\/news\/logo_diapason.jpg?ssl=1\" \/><br \/>\n09\/2010<\/p>\n<p><img data-recalc-dims=\"1\" decoding=\"async\" src=\"https:\/\/i0.wp.com\/neos-music.com\/images\/news\/10817_Diapason.jpg?ssl=1\" \/><\/p>\n<p><img data-recalc-dims=\"1\" decoding=\"async\" src=\"https:\/\/i0.wp.com\/neos-music.com\/images\/news\/Diverdi-Logo013.jpg?ssl=1\" \/><br \/>\n06\/2010<\/p>\n<p><img data-recalc-dims=\"1\" decoding=\"async\" src=\"https:\/\/i0.wp.com\/neos-music.com\/images\/news\/10817_Diverdi_06_2010.jpg?ssl=1\" \/><\/p>\n<p><img data-recalc-dims=\"1\" decoding=\"async\" src=\"https:\/\/i0.wp.com\/neos-music.com\/images\/news\/logo_Klangspuren.jpg?ssl=1\" \/><br \/>\n05\/2010<\/p>\n<p><img data-recalc-dims=\"1\" decoding=\"async\" src=\"https:\/\/i0.wp.com\/neos-music.com\/images\/news\/10817_Vigilia_Rihm.jpg?ssl=1\" \/><\/p>\n","protected":false},"excerpt":{"rendered":"<p>Infotext: Vigil ist der n\u00e4chtliche Teil der \u00fcber den ganzen Tag verteilten Stundengebete der katholischen Liturgie. Formal besteht eine Vigil aus einer Abfolge von Gebeten, Psalmen und Hymnen aus dem sogenannten gregorianischen Choral. Auch\u00a0Vigilia\u00a0gen\u00fcgt dem Prinzip der Reihungsform: sieben mal kommen alternierend Instrumental- und Vokalensemble zum Einsatz, bevor sie am Ende im \u203aMiserere\u2039 zusammen agieren. [&hellip;]<\/p>\n","protected":false},"featured_media":3111,"template":"","meta":{"site-sidebar-layout":"default","site-content-layout":"default","ast-site-content-layout":"default","site-content-style":"default","site-sidebar-style":"default","ast-global-header-display":"","ast-banner-title-visibility":"","ast-main-header-display":"","ast-hfb-above-header-display":"","ast-hfb-below-header-display":"","ast-hfb-mobile-header-display":"","site-post-title":"","ast-breadcrumbs-content":"","ast-featured-img":"","footer-sml-layout":"","theme-transparent-header-meta":"default","adv-header-id-meta":"","stick-header-meta":"","header-above-stick-meta":"","header-main-stick-meta":"","header-below-stick-meta":"","astra-migrate-meta-layouts":"default","ast-page-background-enabled":"default","ast-page-background-meta":{"desktop":{"background-color":"","background-image":"","background-repeat":"repeat","background-position":"center center","background-size":"auto","background-attachment":"scroll","background-type":"","background-media":"","overlay-type":"","overlay-color":"","overlay-opacity":"","overlay-gradient":""},"tablet":{"background-color":"","background-image":"","background-repeat":"repeat","background-position":"center center","background-size":"auto","background-attachment":"scroll","background-type":"","background-media":"","overlay-type":"","overlay-color":"","overlay-opacity":"","overlay-gradient":""},"mobile":{"background-color":"","background-image":"","background-repeat":"repeat","background-position":"center center","background-size":"auto","background-attachment":"scroll","background-type":"","background-media":"","overlay-type":"","overlay-color":"","overlay-opacity":"","overlay-gradient":""}},"ast-content-background-meta":{"desktop":{"background-color":"var(--ast-global-color-5)","background-image":"","background-repeat":"repeat","background-position":"center center","background-size":"auto","background-attachment":"scroll","background-type":"","background-media":"","overlay-type":"","overlay-color":"","overlay-opacity":"","overlay-gradient":""},"tablet":{"background-color":"var(--ast-global-color-5)","background-image":"","background-repeat":"repeat","background-position":"center center","background-size":"auto","background-attachment":"scroll","background-type":"","background-media":"","overlay-type":"","overlay-color":"","overlay-opacity":"","overlay-gradient":""},"mobile":{"background-color":"var(--ast-global-color-5)","background-image":"","background-repeat":"repeat","background-position":"center center","background-size":"auto","background-attachment":"scroll","background-type":"","background-media":"","overlay-type":"","overlay-color":"","overlay-opacity":"","overlay-gradient":""}}},"product_brand":[],"product_cat":[26],"product_tag":[],"class_list":{"0":"post-3110","1":"product","2":"type-product","3":"status-publish","4":"has-post-thumbnail","6":"product_cat-zeitgenossische-musik","7":"pa_artikelnummer-neos-10817","8":"pa_brand-neos-music","9":"pa_ean-655","10":"desktop-align-left","11":"tablet-align-left","12":"mobile-align-left","14":"first","15":"outofstock","16":"taxable","17":"shipping-taxable","18":"purchasable","19":"product-type-simple"},"yoast_head":"<!-- This site is optimized with the Yoast SEO plugin v27.5 - https:\/\/yoast.com\/product\/yoast-seo-wordpress\/ -->\n<title>Wolfgang Rihm: Vigilia - NEOS Music<\/title>\n<meta name=\"robots\" content=\"index, follow, max-snippet:-1, max-image-preview:large, max-video-preview:-1\" \/>\n<link rel=\"canonical\" href=\"https:\/\/neos-music.com\/en_us\/product\/wolfgang-rihm-vigilia\/\" \/>\n<meta property=\"og:locale\" content=\"en_US\" \/>\n<meta property=\"og:type\" content=\"article\" \/>\n<meta property=\"og:title\" content=\"Wolfgang Rihm: Vigilia - NEOS Music\" \/>\n<meta property=\"og:description\" content=\"Infotext: Vigil ist der n\u00e4chtliche Teil der \u00fcber den ganzen Tag verteilten Stundengebete der katholischen Liturgie. Formal besteht eine Vigil aus einer Abfolge von Gebeten, Psalmen und Hymnen aus dem sogenannten gregorianischen Choral. Auch\u00a0Vigilia\u00a0gen\u00fcgt dem Prinzip der Reihungsform: sieben mal kommen alternierend Instrumental- und Vokalensemble zum Einsatz, bevor sie am Ende im \u203aMiserere\u2039 zusammen agieren. [&hellip;]\" \/>\n<meta property=\"og:url\" content=\"https:\/\/neos-music.com\/en_us\/product\/wolfgang-rihm-vigilia\/\" \/>\n<meta property=\"og:site_name\" content=\"NEOS Music\" \/>\n<meta property=\"article:modified_time\" content=\"2024-10-28T14:03:03+00:00\" \/>\n<meta property=\"og:image\" content=\"https:\/\/neos-music.com\/wp-content\/uploads\/2022\/11\/NEOS_10817_Rihm.jpeg\" \/>\n\t<meta property=\"og:image:width\" content=\"1647\" \/>\n\t<meta property=\"og:image:height\" content=\"1483\" \/>\n\t<meta property=\"og:image:type\" content=\"image\/jpeg\" \/>\n<meta name=\"twitter:card\" content=\"summary_large_image\" \/>\n<meta name=\"twitter:label1\" content=\"Est. reading time\" \/>\n\t<meta name=\"twitter:data1\" content=\"2 minutes\" \/>\n<script type=\"application\/ld+json\" class=\"yoast-schema-graph\">{\"@context\":\"https:\\\/\\\/schema.org\",\"@graph\":[{\"@type\":\"WebPage\",\"@id\":\"https:\\\/\\\/neos-music.com\\\/product\\\/wolfgang-rihm-vigilia\\\/\",\"url\":\"https:\\\/\\\/neos-music.com\\\/product\\\/wolfgang-rihm-vigilia\\\/\",\"name\":\"Wolfgang Rihm: Vigilia - NEOS Music\",\"isPartOf\":{\"@id\":\"https:\\\/\\\/neos-music.com\\\/#website\"},\"primaryImageOfPage\":{\"@id\":\"https:\\\/\\\/neos-music.com\\\/product\\\/wolfgang-rihm-vigilia\\\/#primaryimage\"},\"image\":{\"@id\":\"https:\\\/\\\/neos-music.com\\\/product\\\/wolfgang-rihm-vigilia\\\/#primaryimage\"},\"thumbnailUrl\":\"https:\\\/\\\/i0.wp.com\\\/neos-music.com\\\/wp-content\\\/uploads\\\/2022\\\/11\\\/NEOS_10817_Rihm.jpeg?fit=1647%2C1483&ssl=1\",\"datePublished\":\"2010-04-30T16:53:11+00:00\",\"dateModified\":\"2024-10-28T14:03:03+00:00\",\"breadcrumb\":{\"@id\":\"https:\\\/\\\/neos-music.com\\\/product\\\/wolfgang-rihm-vigilia\\\/#breadcrumb\"},\"inLanguage\":\"en-US\",\"potentialAction\":[{\"@type\":\"ReadAction\",\"target\":[\"https:\\\/\\\/neos-music.com\\\/product\\\/wolfgang-rihm-vigilia\\\/\"]}]},{\"@type\":\"ImageObject\",\"inLanguage\":\"en-US\",\"@id\":\"https:\\\/\\\/neos-music.com\\\/product\\\/wolfgang-rihm-vigilia\\\/#primaryimage\",\"url\":\"https:\\\/\\\/i0.wp.com\\\/neos-music.com\\\/wp-content\\\/uploads\\\/2022\\\/11\\\/NEOS_10817_Rihm.jpeg?fit=1647%2C1483&ssl=1\",\"contentUrl\":\"https:\\\/\\\/i0.wp.com\\\/neos-music.com\\\/wp-content\\\/uploads\\\/2022\\\/11\\\/NEOS_10817_Rihm.jpeg?fit=1647%2C1483&ssl=1\",\"width\":1647,\"height\":1483},{\"@type\":\"BreadcrumbList\",\"@id\":\"https:\\\/\\\/neos-music.com\\\/product\\\/wolfgang-rihm-vigilia\\\/#breadcrumb\",\"itemListElement\":[{\"@type\":\"ListItem\",\"position\":1,\"name\":\"Startseite\",\"item\":\"https:\\\/\\\/neos-music.com\\\/\"},{\"@type\":\"ListItem\",\"position\":2,\"name\":\"Produkte\",\"item\":\"https:\\\/\\\/neos-music.com\\\/shop__trashed\\\/\"},{\"@type\":\"ListItem\",\"position\":3,\"name\":\"Wolfgang Rihm: Vigilia\"}]},{\"@type\":\"WebSite\",\"@id\":\"https:\\\/\\\/neos-music.com\\\/#website\",\"url\":\"https:\\\/\\\/neos-music.com\\\/\",\"name\":\"NEOS Music\",\"description\":\"Dein Online Shop f\u00fcr zeitgen\u00f6ssische Musik, Jazz und Classics!\",\"publisher\":{\"@id\":\"https:\\\/\\\/neos-music.com\\\/#organization\"},\"potentialAction\":[{\"@type\":\"SearchAction\",\"target\":{\"@type\":\"EntryPoint\",\"urlTemplate\":\"https:\\\/\\\/neos-music.com\\\/?s={search_term_string}\"},\"query-input\":{\"@type\":\"PropertyValueSpecification\",\"valueRequired\":true,\"valueName\":\"search_term_string\"}}],\"inLanguage\":\"en-US\"},{\"@type\":\"Organization\",\"@id\":\"https:\\\/\\\/neos-music.com\\\/#organization\",\"name\":\"NEOS Music\",\"url\":\"https:\\\/\\\/neos-music.com\\\/\",\"logo\":{\"@type\":\"ImageObject\",\"inLanguage\":\"en-US\",\"@id\":\"https:\\\/\\\/neos-music.com\\\/#\\\/schema\\\/logo\\\/image\\\/\",\"url\":\"https:\\\/\\\/i0.wp.com\\\/neos-music.com\\\/wp-content\\\/uploads\\\/2025\\\/08\\\/NEOS-Logo-weiss.png?fit=800%2C203&ssl=1\",\"contentUrl\":\"https:\\\/\\\/i0.wp.com\\\/neos-music.com\\\/wp-content\\\/uploads\\\/2025\\\/08\\\/NEOS-Logo-weiss.png?fit=800%2C203&ssl=1\",\"width\":800,\"height\":203,\"caption\":\"NEOS Music\"},\"image\":{\"@id\":\"https:\\\/\\\/neos-music.com\\\/#\\\/schema\\\/logo\\\/image\\\/\"}}]}<\/script>\n<!-- \/ Yoast SEO plugin. -->","yoast_head_json":{"title":"Wolfgang Rihm: Vigilia - NEOS Music","robots":{"index":"index","follow":"follow","max-snippet":"max-snippet:-1","max-image-preview":"max-image-preview:large","max-video-preview":"max-video-preview:-1"},"canonical":"https:\/\/neos-music.com\/en_us\/product\/wolfgang-rihm-vigilia\/","og_locale":"en_US","og_type":"article","og_title":"Wolfgang Rihm: Vigilia - NEOS Music","og_description":"Infotext: Vigil ist der n\u00e4chtliche Teil der \u00fcber den ganzen Tag verteilten Stundengebete der katholischen Liturgie. Formal besteht eine Vigil aus einer Abfolge von Gebeten, Psalmen und Hymnen aus dem sogenannten gregorianischen Choral. Auch\u00a0Vigilia\u00a0gen\u00fcgt dem Prinzip der Reihungsform: sieben mal kommen alternierend Instrumental- und Vokalensemble zum Einsatz, bevor sie am Ende im \u203aMiserere\u2039 zusammen agieren. [&hellip;]","og_url":"https:\/\/neos-music.com\/en_us\/product\/wolfgang-rihm-vigilia\/","og_site_name":"NEOS Music","article_modified_time":"2024-10-28T14:03:03+00:00","og_image":[{"width":1647,"height":1483,"url":"https:\/\/neos-music.com\/wp-content\/uploads\/2022\/11\/NEOS_10817_Rihm.jpeg","type":"image\/jpeg"}],"twitter_card":"summary_large_image","twitter_misc":{"Est. reading time":"2 minutes"},"schema":{"@context":"https:\/\/schema.org","@graph":[{"@type":"WebPage","@id":"https:\/\/neos-music.com\/product\/wolfgang-rihm-vigilia\/","url":"https:\/\/neos-music.com\/product\/wolfgang-rihm-vigilia\/","name":"Wolfgang Rihm: Vigilia - NEOS Music","isPartOf":{"@id":"https:\/\/neos-music.com\/#website"},"primaryImageOfPage":{"@id":"https:\/\/neos-music.com\/product\/wolfgang-rihm-vigilia\/#primaryimage"},"image":{"@id":"https:\/\/neos-music.com\/product\/wolfgang-rihm-vigilia\/#primaryimage"},"thumbnailUrl":"https:\/\/i0.wp.com\/neos-music.com\/wp-content\/uploads\/2022\/11\/NEOS_10817_Rihm.jpeg?fit=1647%2C1483&ssl=1","datePublished":"2010-04-30T16:53:11+00:00","dateModified":"2024-10-28T14:03:03+00:00","breadcrumb":{"@id":"https:\/\/neos-music.com\/product\/wolfgang-rihm-vigilia\/#breadcrumb"},"inLanguage":"en-US","potentialAction":[{"@type":"ReadAction","target":["https:\/\/neos-music.com\/product\/wolfgang-rihm-vigilia\/"]}]},{"@type":"ImageObject","inLanguage":"en-US","@id":"https:\/\/neos-music.com\/product\/wolfgang-rihm-vigilia\/#primaryimage","url":"https:\/\/i0.wp.com\/neos-music.com\/wp-content\/uploads\/2022\/11\/NEOS_10817_Rihm.jpeg?fit=1647%2C1483&ssl=1","contentUrl":"https:\/\/i0.wp.com\/neos-music.com\/wp-content\/uploads\/2022\/11\/NEOS_10817_Rihm.jpeg?fit=1647%2C1483&ssl=1","width":1647,"height":1483},{"@type":"BreadcrumbList","@id":"https:\/\/neos-music.com\/product\/wolfgang-rihm-vigilia\/#breadcrumb","itemListElement":[{"@type":"ListItem","position":1,"name":"Startseite","item":"https:\/\/neos-music.com\/"},{"@type":"ListItem","position":2,"name":"Produkte","item":"https:\/\/neos-music.com\/shop__trashed\/"},{"@type":"ListItem","position":3,"name":"Wolfgang Rihm: Vigilia"}]},{"@type":"WebSite","@id":"https:\/\/neos-music.com\/#website","url":"https:\/\/neos-music.com\/","name":"NEOS Music","description":"Dein Online Shop f\u00fcr zeitgen\u00f6ssische Musik, Jazz und Classics!","publisher":{"@id":"https:\/\/neos-music.com\/#organization"},"potentialAction":[{"@type":"SearchAction","target":{"@type":"EntryPoint","urlTemplate":"https:\/\/neos-music.com\/?s={search_term_string}"},"query-input":{"@type":"PropertyValueSpecification","valueRequired":true,"valueName":"search_term_string"}}],"inLanguage":"en-US"},{"@type":"Organization","@id":"https:\/\/neos-music.com\/#organization","name":"NEOS Music","url":"https:\/\/neos-music.com\/","logo":{"@type":"ImageObject","inLanguage":"en-US","@id":"https:\/\/neos-music.com\/#\/schema\/logo\/image\/","url":"https:\/\/i0.wp.com\/neos-music.com\/wp-content\/uploads\/2025\/08\/NEOS-Logo-weiss.png?fit=800%2C203&ssl=1","contentUrl":"https:\/\/i0.wp.com\/neos-music.com\/wp-content\/uploads\/2025\/08\/NEOS-Logo-weiss.png?fit=800%2C203&ssl=1","width":800,"height":203,"caption":"NEOS Music"},"image":{"@id":"https:\/\/neos-music.com\/#\/schema\/logo\/image\/"}}]}},"jetpack_sharing_enabled":true,"_links":{"self":[{"href":"https:\/\/neos-music.com\/en_us\/wp-json\/wp\/v2\/product\/3110","targetHints":{"allow":["GET"]}}],"collection":[{"href":"https:\/\/neos-music.com\/en_us\/wp-json\/wp\/v2\/product"}],"about":[{"href":"https:\/\/neos-music.com\/en_us\/wp-json\/wp\/v2\/types\/product"}],"version-history":[{"count":1,"href":"https:\/\/neos-music.com\/en_us\/wp-json\/wp\/v2\/product\/3110\/revisions"}],"predecessor-version":[{"id":8782,"href":"https:\/\/neos-music.com\/en_us\/wp-json\/wp\/v2\/product\/3110\/revisions\/8782"}],"wp:featuredmedia":[{"embeddable":true,"href":"https:\/\/neos-music.com\/en_us\/wp-json\/wp\/v2\/media\/3111"}],"wp:attachment":[{"href":"https:\/\/neos-music.com\/en_us\/wp-json\/wp\/v2\/media?parent=3110"}],"wp:term":[{"taxonomy":"product_brand","embeddable":true,"href":"https:\/\/neos-music.com\/en_us\/wp-json\/wp\/v2\/product_brand?post=3110"},{"taxonomy":"product_cat","embeddable":true,"href":"https:\/\/neos-music.com\/en_us\/wp-json\/wp\/v2\/product_cat?post=3110"},{"taxonomy":"product_tag","embeddable":true,"href":"https:\/\/neos-music.com\/en_us\/wp-json\/wp\/v2\/product_tag?post=3110"}],"curies":[{"name":"wp","href":"https:\/\/api.w.org\/{rel}","templated":true}]}}