{"id":3230,"date":"2008-06-01T13:44:58","date_gmt":"2008-06-01T13:44:58","guid":{"rendered":"https:\/\/neos-music.com\/?post_type=product&#038;p=3230"},"modified":"2023-01-13T23:17:33","modified_gmt":"2023-01-13T23:17:33","slug":"ludwig-van-beethoven-symphony-no-3-eroica","status":"publish","type":"product","link":"https:\/\/neos-music.com\/en_us\/product\/ludwig-van-beethoven-symphony-no-3-eroica\/","title":{"rendered":"Ludwig van Beethoven: Symphony No. 3 &#8222;Eroica&#8220;"},"content":{"rendered":"<p>Infotext:<\/p>\n<table border=\"0\" width=\"100%\" rules=\"none\" cellspacing=\"0\" cellpadding=\"0\">\n<tbody>\n<tr>\n<td class=\"bigcontent2\">\n<div id=\"infotext\">\n<p><b>RICHARD WAGNER \u00dcBER BEETHOVENS \u00bbHEROISCHE SYMPHONIE\u00ab<\/b><\/p>\n<p>Diese h\u00f6chst bedeutsame Tondichtung \u2013 die dritte Symphonie des Meisters, und das Werk, mit welchem er zuerst seine ganz eigenth\u00fcmliche Richtung einschlug \u2013 ist in vielen Beziehungen nicht so leicht zu verstehen, als es ihre Benennung vermuthen lie\u00dfe, und zwar gerade weil der Titel \u00bbheroische Symphonie\u00ab unwillk\u00fcrlich verleitet, eine Folge heldenhafter Beziehungen in einem gewissen historisch dramatischen Sinne durch Tonbildungen dargestellt sehen zu wollen. Wer mit einer solchen Erwartung sich zum Verst\u00e4ndnisse dieses Werkes anl\u00e4\u00dft, wird zun\u00e4chst verwirrt und endlich entt\u00e4uscht werden, ohne in Wahrheit zu einem Genusse gelangt zu sein.<\/p>\n<p>Wenn ich mir daher erlaube, die Ansicht, die ich mir selbst von dem dichterischen Inhalte dieser Tonsch\u00f6pfung gewonnen habe, so gedr\u00e4ngt wie m\u00f6glich hier mitzutheilen, so geschieht die\u00df in dem aufrichtigen Glauben, manchen Zuh\u00f6rern der bevorstehenden Auff\u00fchrung der \u00bbheroischen Symphonie\u00ab ein Verst\u00e4ndni\u00df zu erleichtern, das sie selbst sich nur bei \u00f6fter wiederholter Anh\u00f6rung besonders lebenvoller Auff\u00fchrungen des Werkes w\u00fcrden verschaffen k\u00f6nnen.<\/p>\n<p>Zun\u00e4chst ist die Bezeichnung \u00bbheroisch\u00ab im weitesten Sinne zu nehmen und keinesweges nur etwa als auf einen milit\u00e4rischen Helden bez\u00fcglich aufzufassen. Begreifen wir unter \u00bbHeld\u00ab \u00fcberhaupt den ganzen, vollen Menschen, dem alle rein menschlichen Empfindungen \u2013 der Liebe, des Schmerzes und der Kraft \u2013 nach h\u00f6chster F\u00fclle und St\u00e4rke zu eigen sind, so erfassen wir den richtigen Gegenstand, den der K\u00fcnstler in den ergreifend sprechenden T\u00f6nen seines Werkes sich uns mittheilen l\u00e4\u00dft.<\/p>\n<p>Den k\u00fcnstlerischen Raum dieses Werkes f\u00fcllen all\u2019 die mannigfaltigen, m\u00e4chtig sich durchdringenden Empfindungen einer starken, vollkommenen Individualit\u00e4t an, der nichts Menschliches fremd ist, sondern die alles wahrhaft Menschliche in sich enth\u00e4lt und in der Weise \u00e4u\u00dfert, da\u00df sie, nach aufrichtigster Kundgebung aller edlen Leidenschaften, zu einem, die gef\u00fchlvollste Weichheit mit der energischesten Kraft verm\u00e4hlenden, Abschlu\u00df ihrer Natur gelangt. Der Fortschritt zu diesem Abschlusse ist die heroische Richtung in diesem Kunstwerke.<\/p>\n<p>Der erste Satz umfa\u00dft, wie in einem gl\u00fchenden Brennpunkte, alle Empfindungen einer reichen menschlichen Natur im rastlosesten, jugendlich th\u00e4tigsten Affekte. Wonne und Wehe, Luft und Leid, Anmuth und Wehmuth, Sinnen und Sehnen, Schmachten und Schwelgen, K\u00fchnheit, Trotz und ein unb\u00e4ndiges Selbstgef\u00fchl, wechseln und durchdringen sich so dicht und unmittelbar, da\u00df, w\u00e4hrend wir alle diese Empfindungen mitf\u00fchlen, keine einzelne von der anderen sich merklich losl\u00f6sen kann, sondern unsere Theilnahme sich immer nur dem Einen zuwenden mu\u00df, der sich uns eben als allempfindungsf\u00e4higer Mensch mittheilt.<\/p>\n<p>Doch gehen alle diese Empfindungen von einer Hauptf\u00e4higkeit aus, und diese ist die Kraft. Diese Kraft, durch alle Empfindungseindr\u00fccke unendlich gesteigert und zur \u00c4u\u00dferung der \u00dcberf\u00fclle ihres Wesens getrieben, ist der bewegende Hauptdrang dieses Tonst\u00fcckes: sie ballt sich \u2013 gegen die Mitte des Satzes \u2013 bis zu vernichtender Gewalt zusammen, und in ihrer trotzigsten Kundgebung glauben wir einen Weltzermalmer vor uns zu sehen, einen Titanen, der mit den G\u00f6ttern ringt.<\/p>\n<p>Diese zerschmetternde Kraft, die uns mit Entz\u00fccken und Grauen zugleich erf\u00fcllt, dr\u00e4ngte nach einer tragischen Katastrophe hin, deren ernste Bedeutung unserem Gef\u00fchle im zweiten Satze der Symphonie sich kundgiebt. Der Tondichter kleidet diese Kundgebung in das musikalische Gewand eines Trauermarsches. Eine durch tiefen Schmerz geb\u00e4ndigte, in feierlicher Trauer bewegte Empfindung theilt sich uns in ergreifender Tonsprache mit: eine ernste m\u00e4nnliche Wehmuth l\u00e4\u00dft sich aus der Klage zur weichen R\u00fchrung, zur Erinnerung, zur Thr\u00e4ne der Liebe, zur innigen Erhebung, zum begeisterten Ausrufe an.<\/p>\n<p>Aus dem Schmerze entkeimt eine neue Kraft, die uns mit erhabener W\u00e4rme erf\u00fcllt: als Nahrung dieser Kraft suchen wir unwillk\u00fcrlich wieder den Schmerz auf; wir geben uns ihm hin bis zum Vergehen im Seufzer; aber gerade hier raffen wir abermals unsere vollste Kraft zusammen: wir wollen nicht erliegen, sondern ertragen. Der Trauer wehren wir nicht, aber wir selbst tragen sie nun auf dem starken Wogen eines muthigen m\u00e4nnlichen Herzens. Wem w\u00e4re es m\u00f6glich, in Worten die unendlich mannigfaltigen, aber eben unaussprechlichen Empfindungen zu schildern, die vom Schmerz bis zur h\u00f6chsten Erhebung, und von der Erhebung bis zur weichsten Wehmuth, bis zum letzten Aufgehen in ein unendliches Gedenken, sich ber\u00fchren? Nur der Tondichter vermochte die\u00df in diesem wunderbaren St\u00fccke.<\/p>\n<p>Die Kraft, der \u2013 durch den eignen tiefen Schmerz geb\u00e4ndigt \u2013 der vernichtende \u00dcbermuth genommen ist, zeigt uns der dritte Satz nun in ihrer muthigen Heiterkeit. Das wilde Ungest\u00fcm in ihr hat sich zur frischen, munteren Th\u00e4tigkeit gestaltet; wir haben jetzt den liebensw\u00fcrdigen, frohen Menschen vor uns, der wohl und wonnig durch die Gefilde der Natur dahinschreitet, l\u00e4chelnd \u00fcber die Fluren blickt, aus Waldh\u00f6hen die lustigen Jagdh\u00f6rner erschallen l\u00e4\u00dft; und was er bei alledem empfindet, das theilt uns der Meister in dem r\u00fcstig heiteren Tonbilde mit, das l\u00e4\u00dft er uns von jenen Jagdh\u00f6rnern endlich selbst sagen, die der sch\u00f6nen, fr\u00f6hlichen, doch auch weichgef\u00fchlvollen Erregung des Menschen selber den musikalischen Ausdruck geben.<\/p>\n<p>In diesem dritten Satze zeigt uns der Tondichter den empfindungsvollen Menschen von der Seite, welche derjenigen entgegengesetzt ist, von der er ihn uns im vorangehenden zweiten Satze zeigte: dort der tief und kr\u00e4ftig leidende, \u2013 hier der froh und heiter th\u00e4tige Mensch.<\/p>\n<p>Diese beiden Seiten fa\u00dft der Meister nun in dem vierten \u2013 letzten \u2013 Satze zusammen, um uns endlich den ganzen, harmonisch mit sich einigen Menschen in den Empfindungen zu zeigen, in denen selbst das Gedenken des Leidens sich zu Trieben edler Th\u00e4tigkeit gestaltet. Dieser Schlu\u00dfsatz ist das nun gewonnene, klare und verdeutlichende Gegenbild des ersten Satzes.<\/p>\n<p>Wie wir dort alle menschlichen Empfindungen in den unendlich mannigfaltigsten \u00c4u\u00dferungen bald sich durchdringen, bald heftig verschiedenartig sich von sich absto\u00dfen sahen, so einigt sich hier diese mannigfaltige Unterschiedenheit zu einem, alle diese Empfindungen harmonisch in sich fassenden Abschlusse, der sich in wohlthuender, plastischer Gestalt uns darstellt.<\/p>\n<p>Diese Gestalt h\u00e4lt der Meister zun\u00e4chst in einem h\u00f6chst einfachen Thema fest, welches sicher und bestimmt sich vor uns hinstellt, und der unendlichsten Entwickelung, von der zartesten Feinheit bis zur h\u00f6chsten Kraft, f\u00e4hig wird. Um dieses Thema, welches wir als die feste m\u00e4nnliche Individualit\u00e4t betrachten k\u00f6nnen, winden und schmiegen sich vom Anfange des Satzes herein all\u2019 die zarteren und weicheren Empfindungen, die sich bis zur Kundgebung des reinen weiblichen Elementes entwickeln, welches endlich an dem \u2013 durch das ganze Tonst\u00fcck energisch dahinschreitenden \u2013 m\u00e4nnlichen Hauptthema in immer gesteigerter mannigfaltiger Theilnahme sich als die \u00fcberw\u00e4ltigende Macht der Liebe offenbart.<\/p>\n<p>Diese Macht bricht an dem Schlusse des Satzes sich volle, breite Bahn in das Herz. Die rastlose Bewegung h\u00e4lt an, und in edler, gef\u00fchlvoller Ruhe spricht sich die Liebe aus, weich und z\u00e4rtlich beginnend, bis zum entz\u00fcckenden Hochgef\u00fchle sich steigernd, endlich das ganze m\u00e4nnliche Herz bis auf seinen tiefsten Grund einnehmend. Hier ist es, wo noch einmal dieses Herz das Gedenken des Lebensschmerzes \u00e4u\u00dfert: hoch schwillt die liebeer f\u00fcllte Brust, \u2013 die Brust, die in ihrer Wonne auch das Weh\u2019 umfa\u00dft, wie Wonne und Weh\u2019, als rein menschliches Gef\u00fchl, ein und dasselbe stud.<\/p>\n<p>Noch einmal zuckt das Herz, und es quillt die reiche Thr\u00e4ne edler Menschlichkeit; doch aus dem Entz\u00fccken der Wehmuth bricht k\u00fchn der Jubel der Kraft hervor, \u2013 der Kraft, die sich der Liebe verm\u00e4hlte, und in der nun der ganze, volle Mensch uns jauchzend das Bekenntni\u00df seiner G\u00f6ttlichkeit zuruft.<\/p>\n<p>Nur in des Meisters Tonsprache war aber das Unaussprechliche kundzuthun, was das Wort hier eben nur in h\u00f6chster Befangenheit andeuten konnte.<\/p>\n<p>(Aus dem Programmheft eines Konzerts am 25. Februar 1851 in Z\u00fcrich)<\/p>\n<\/div>\n<\/td>\n<td><\/td>\n<\/tr>\n<\/tbody>\n<\/table>\n<p>Programm:<\/p>\n<table border=\"0\" width=\"100%\" rules=\"none\" cellspacing=\"0\" cellpadding=\"0\">\n<tbody>\n<tr>\n<td class=\"bigcontent2\">\n<div id=\"tracks\">\n<p><b>Symphonie No. 3 &#8222;Eroica&#8220;<br \/>\n<\/b>in Es-Dur op. 55 (1803)<\/p>\n<p><b>1804: Uraufgef\u00fchrt von Beethoven mit 28 Musikern im Palais Lobkowitz in Wien<br \/>\n2003: Aufgenommen mit 28 Musikern im Palais Lobkowitz in Wien<\/b><\/p>\n<p>[01] 16:26\u00a0<b>Allegro con brio\u00a0<\/b><br \/>\n[02] 11:11\u00a0<b>Marcia funebre: Adagio assai<br \/>\n<span id=\"flash1\"><\/span><br \/>\n<\/b><br \/>\n[03] 05:51\u00a0<b>Scherzo: Allegro vivace\u00a0<\/b><br \/>\n[04] 10:48\u00a0<b>Finale: Allegro molto<br \/>\n<span id=\"flash2\"><\/span><\/b><\/p>\n<p>total time 44:16<\/p>\n<p><b>Ensemble28<\/b><br \/>\nGraham O&#8217;Sullivan\/Annie Laflamme, Fl\u00f6te &#8211; Molly Marsh\/Julia Moretti, Oboe<br \/>\nAndreas Fink\/Herbert Faltynek, Klarinette &#8211; L\u00e1szl\u00f3 Feriencsik\/Birgit Marckhgott, Fagott<br \/>\nHermann Ebner\/Andreas Hengl\/Elisabeth Hollensteiner, Horn<br \/>\nHarald Stahara\/Reinhard Schimpl, Trompete &#8211; Josef Hoffelner, Kesselpauken<br \/>\nIlia Korol (Leiter)\/Piroska B\u00e1tori\/Ingrid Janikovi\u00e8ov\u00e1\/Peter Mich\u00e3lik, 1. Geige<br \/>\nAndrej Jablokov\/Alexander Jablokov\/Barbara Krigovsk\u00e1\/Milo\u0161 Valent, 2. Geige<br \/>\nJohanna Gamerith\/Peter \u0160est\u00e1k, Viola\u00a0&#8211; Edda Breit\/Elisabeth Taschner, Violoncello<br \/>\nMari\u00e1n Buj\u00f2\u00e1k\/J\u00e1n Krigovsky, Bass<\/p>\n<p><b><a class=\"arcoma_glossarylink\" href=\"https:\/\/neos-music.com\/output.php?content=Kuenstler\/Daniel_Grossmann.php&amp;treplace=english%2Cgerman\" target=\"_self\" rel=\"noopener\">Daniel Grossmann<\/a><\/b>, Dirigent<\/p>\n<\/div>\n<\/td>\n<td><\/td>\n<\/tr>\n<\/tbody>\n<\/table>\n<p>Pressestimmen:<\/p>\n<table border=\"0\" width=\"100%\" rules=\"none\" cellspacing=\"0\" cellpadding=\"0\">\n<tbody>\n<tr>\n<td class=\"bigcontent2\">\n<div id=\"press\">\n<p><img data-recalc-dims=\"1\" decoding=\"async\" src=\"https:\/\/i0.wp.com\/neos-music.com\/images\/news\/logo_Applaus_Kultur_Magazin.jpg?ssl=1\" \/><br \/>\n10.2008<\/p>\n<p><img data-recalc-dims=\"1\" decoding=\"async\" src=\"https:\/\/i0.wp.com\/neos-music.com\/images\/news\/30802_Applaus1008.jpg?ssl=1\" \/><\/p>\n<p><img data-recalc-dims=\"1\" decoding=\"async\" src=\"https:\/\/i0.wp.com\/neos-music.com\/images\/news\/Diverdi-Logo013.jpg?ssl=1\" \/><br \/>\n08.2008<\/p>\n<p><img data-recalc-dims=\"1\" decoding=\"async\" src=\"https:\/\/i0.wp.com\/neos-music.com\/images\/news\/30802_Diverdi.jpg?ssl=1\" \/><\/p>\n<\/div>\n<\/td>\n<td><\/td>\n<\/tr>\n<\/tbody>\n<\/table>\n<p><a title=\"ZIP-Archiv document, 2,4 MB\" href=\"https:\/\/neos-music.com\/downloads\/album-infos\/NEOS_30802.zip\" target=\"_blank\" rel=\"noopener\">Infopaket f\u00fcr Presse und Vertriebe\u00a0\u00bb<\/a><br \/>\n(ZIP-Archiv, 2,4 MB)<\/p>\n","protected":false},"excerpt":{"rendered":"<p>Infotext: RICHARD WAGNER \u00dcBER BEETHOVENS \u00bbHEROISCHE SYMPHONIE\u00ab Diese h\u00f6chst bedeutsame Tondichtung \u2013 die dritte Symphonie des Meisters, und das Werk, mit welchem er zuerst seine ganz eigenth\u00fcmliche Richtung einschlug \u2013 ist in vielen Beziehungen nicht so leicht zu verstehen, als es ihre Benennung vermuthen lie\u00dfe, und zwar gerade weil der Titel \u00bbheroische Symphonie\u00ab unwillk\u00fcrlich verleitet, [&hellip;]<\/p>\n","protected":false},"featured_media":3231,"template":"","meta":{"site-sidebar-layout":"default","site-content-layout":"default","ast-site-content-layout":"default","site-content-style":"default","site-sidebar-style":"default","ast-global-header-display":"","ast-banner-title-visibility":"","ast-main-header-display":"","ast-hfb-above-header-display":"","ast-hfb-below-header-display":"","ast-hfb-mobile-header-display":"","site-post-title":"","ast-breadcrumbs-content":"","ast-featured-img":"","footer-sml-layout":"","theme-transparent-header-meta":"default","adv-header-id-meta":"","stick-header-meta":"","header-above-stick-meta":"","header-main-stick-meta":"","header-below-stick-meta":"","astra-migrate-meta-layouts":"default","ast-page-background-enabled":"default","ast-page-background-meta":{"desktop":{"background-color":"","background-image":"","background-repeat":"repeat","background-position":"center center","background-size":"auto","background-attachment":"scroll","background-type":"","background-media":"","overlay-type":"","overlay-color":"","overlay-opacity":"","overlay-gradient":""},"tablet":{"background-color":"","background-image":"","background-repeat":"repeat","background-position":"center center","background-size":"auto","background-attachment":"scroll","background-type":"","background-media":"","overlay-type":"","overlay-color":"","overlay-opacity":"","overlay-gradient":""},"mobile":{"background-color":"","background-image":"","background-repeat":"repeat","background-position":"center center","background-size":"auto","background-attachment":"scroll","background-type":"","background-media":"","overlay-type":"","overlay-color":"","overlay-opacity":"","overlay-gradient":""}},"ast-content-background-meta":{"desktop":{"background-color":"var(--ast-global-color-5)","background-image":"","background-repeat":"repeat","background-position":"center center","background-size":"auto","background-attachment":"scroll","background-type":"","background-media":"","overlay-type":"","overlay-color":"","overlay-opacity":"","overlay-gradient":""},"tablet":{"background-color":"var(--ast-global-color-5)","background-image":"","background-repeat":"repeat","background-position":"center center","background-size":"auto","background-attachment":"scroll","background-type":"","background-media":"","overlay-type":"","overlay-color":"","overlay-opacity":"","overlay-gradient":""},"mobile":{"background-color":"var(--ast-global-color-5)","background-image":"","background-repeat":"repeat","background-position":"center center","background-size":"auto","background-attachment":"scroll","background-type":"","background-media":"","overlay-type":"","overlay-color":"","overlay-opacity":"","overlay-gradient":""}}},"product_brand":[],"product_cat":[25,883],"product_tag":[],"class_list":{"0":"post-3230","1":"product","2":"type-product","3":"status-publish","4":"has-post-thumbnail","6":"product_cat-klassische-musik","7":"product_cat-orchester","8":"pa_artikelnummer-neos-30802","9":"pa_brand-neos-music","10":"pa_ean-772","11":"desktop-align-left","12":"tablet-align-left","13":"mobile-align-left","15":"first","16":"instock","17":"taxable","18":"shipping-taxable","19":"purchasable","20":"product-type-simple"},"yoast_head":"<!-- This site is optimized with the Yoast SEO plugin v27.4 - https:\/\/yoast.com\/product\/yoast-seo-wordpress\/ -->\n<title>Ludwig van Beethoven: Symphony No. 3 &quot;Eroica&quot; - NEOS Music<\/title>\n<meta name=\"robots\" content=\"index, follow, max-snippet:-1, max-image-preview:large, max-video-preview:-1\" \/>\n<link rel=\"canonical\" href=\"https:\/\/neos-music.com\/en_us\/product\/ludwig-van-beethoven-symphony-no-3-eroica\/\" \/>\n<meta property=\"og:locale\" content=\"en_US\" \/>\n<meta property=\"og:type\" content=\"article\" \/>\n<meta property=\"og:title\" content=\"Ludwig van Beethoven: Symphony No. 3 &quot;Eroica&quot; - NEOS Music\" \/>\n<meta property=\"og:description\" content=\"Infotext: RICHARD WAGNER \u00dcBER BEETHOVENS \u00bbHEROISCHE SYMPHONIE\u00ab Diese h\u00f6chst bedeutsame Tondichtung \u2013 die dritte Symphonie des Meisters, und das Werk, mit welchem er zuerst seine ganz eigenth\u00fcmliche Richtung einschlug \u2013 ist in vielen Beziehungen nicht so leicht zu verstehen, als es ihre Benennung vermuthen lie\u00dfe, und zwar gerade weil der Titel \u00bbheroische Symphonie\u00ab unwillk\u00fcrlich verleitet, [&hellip;]\" \/>\n<meta property=\"og:url\" content=\"https:\/\/neos-music.com\/en_us\/product\/ludwig-van-beethoven-symphony-no-3-eroica\/\" \/>\n<meta property=\"og:site_name\" content=\"NEOS Music\" \/>\n<meta property=\"article:modified_time\" content=\"2023-01-13T23:17:33+00:00\" \/>\n<meta property=\"og:image\" content=\"https:\/\/neos-music.com\/wp-content\/uploads\/2022\/11\/NEOS_30802_Beethoven_Eroica.jpeg\" \/>\n\t<meta property=\"og:image:width\" content=\"1647\" \/>\n\t<meta property=\"og:image:height\" content=\"1482\" \/>\n\t<meta property=\"og:image:type\" content=\"image\/jpeg\" \/>\n<meta name=\"twitter:card\" content=\"summary_large_image\" \/>\n<meta name=\"twitter:label1\" content=\"Est. reading time\" \/>\n\t<meta name=\"twitter:data1\" content=\"7 minutes\" \/>\n<script type=\"application\/ld+json\" class=\"yoast-schema-graph\">{\"@context\":\"https:\\\/\\\/schema.org\",\"@graph\":[{\"@type\":\"WebPage\",\"@id\":\"https:\\\/\\\/neos-music.com\\\/product\\\/ludwig-van-beethoven-symphony-no-3-eroica\\\/\",\"url\":\"https:\\\/\\\/neos-music.com\\\/product\\\/ludwig-van-beethoven-symphony-no-3-eroica\\\/\",\"name\":\"Ludwig van Beethoven: Symphony No. 3 \\\"Eroica\\\" - NEOS Music\",\"isPartOf\":{\"@id\":\"https:\\\/\\\/neos-music.com\\\/#website\"},\"primaryImageOfPage\":{\"@id\":\"https:\\\/\\\/neos-music.com\\\/product\\\/ludwig-van-beethoven-symphony-no-3-eroica\\\/#primaryimage\"},\"image\":{\"@id\":\"https:\\\/\\\/neos-music.com\\\/product\\\/ludwig-van-beethoven-symphony-no-3-eroica\\\/#primaryimage\"},\"thumbnailUrl\":\"https:\\\/\\\/i0.wp.com\\\/neos-music.com\\\/wp-content\\\/uploads\\\/2022\\\/11\\\/NEOS_30802_Beethoven_Eroica.jpeg?fit=1647%2C1482&ssl=1\",\"datePublished\":\"2008-06-01T13:44:58+00:00\",\"dateModified\":\"2023-01-13T23:17:33+00:00\",\"breadcrumb\":{\"@id\":\"https:\\\/\\\/neos-music.com\\\/product\\\/ludwig-van-beethoven-symphony-no-3-eroica\\\/#breadcrumb\"},\"inLanguage\":\"en-US\",\"potentialAction\":[{\"@type\":\"ReadAction\",\"target\":[\"https:\\\/\\\/neos-music.com\\\/product\\\/ludwig-van-beethoven-symphony-no-3-eroica\\\/\"]}]},{\"@type\":\"ImageObject\",\"inLanguage\":\"en-US\",\"@id\":\"https:\\\/\\\/neos-music.com\\\/product\\\/ludwig-van-beethoven-symphony-no-3-eroica\\\/#primaryimage\",\"url\":\"https:\\\/\\\/i0.wp.com\\\/neos-music.com\\\/wp-content\\\/uploads\\\/2022\\\/11\\\/NEOS_30802_Beethoven_Eroica.jpeg?fit=1647%2C1482&ssl=1\",\"contentUrl\":\"https:\\\/\\\/i0.wp.com\\\/neos-music.com\\\/wp-content\\\/uploads\\\/2022\\\/11\\\/NEOS_30802_Beethoven_Eroica.jpeg?fit=1647%2C1482&ssl=1\",\"width\":1647,\"height\":1482},{\"@type\":\"BreadcrumbList\",\"@id\":\"https:\\\/\\\/neos-music.com\\\/product\\\/ludwig-van-beethoven-symphony-no-3-eroica\\\/#breadcrumb\",\"itemListElement\":[{\"@type\":\"ListItem\",\"position\":1,\"name\":\"Startseite\",\"item\":\"https:\\\/\\\/neos-music.com\\\/\"},{\"@type\":\"ListItem\",\"position\":2,\"name\":\"Produkte\",\"item\":\"https:\\\/\\\/neos-music.com\\\/shop__trashed\\\/\"},{\"@type\":\"ListItem\",\"position\":3,\"name\":\"Ludwig van Beethoven: Symphony No. 3 &#8220;Eroica&#8221;\"}]},{\"@type\":\"WebSite\",\"@id\":\"https:\\\/\\\/neos-music.com\\\/#website\",\"url\":\"https:\\\/\\\/neos-music.com\\\/\",\"name\":\"NEOS Music\",\"description\":\"Dein Online Shop f\u00fcr zeitgen\u00f6ssische Musik, Jazz und Classics!\",\"publisher\":{\"@id\":\"https:\\\/\\\/neos-music.com\\\/#organization\"},\"potentialAction\":[{\"@type\":\"SearchAction\",\"target\":{\"@type\":\"EntryPoint\",\"urlTemplate\":\"https:\\\/\\\/neos-music.com\\\/?s={search_term_string}\"},\"query-input\":{\"@type\":\"PropertyValueSpecification\",\"valueRequired\":true,\"valueName\":\"search_term_string\"}}],\"inLanguage\":\"en-US\"},{\"@type\":\"Organization\",\"@id\":\"https:\\\/\\\/neos-music.com\\\/#organization\",\"name\":\"NEOS Music\",\"url\":\"https:\\\/\\\/neos-music.com\\\/\",\"logo\":{\"@type\":\"ImageObject\",\"inLanguage\":\"en-US\",\"@id\":\"https:\\\/\\\/neos-music.com\\\/#\\\/schema\\\/logo\\\/image\\\/\",\"url\":\"https:\\\/\\\/i0.wp.com\\\/neos-music.com\\\/wp-content\\\/uploads\\\/2025\\\/08\\\/NEOS-Logo-weiss.png?fit=800%2C203&ssl=1\",\"contentUrl\":\"https:\\\/\\\/i0.wp.com\\\/neos-music.com\\\/wp-content\\\/uploads\\\/2025\\\/08\\\/NEOS-Logo-weiss.png?fit=800%2C203&ssl=1\",\"width\":800,\"height\":203,\"caption\":\"NEOS Music\"},\"image\":{\"@id\":\"https:\\\/\\\/neos-music.com\\\/#\\\/schema\\\/logo\\\/image\\\/\"}}]}<\/script>\n<!-- \/ Yoast SEO plugin. -->","yoast_head_json":{"title":"Ludwig van Beethoven: Symphony No. 3 \"Eroica\" - NEOS Music","robots":{"index":"index","follow":"follow","max-snippet":"max-snippet:-1","max-image-preview":"max-image-preview:large","max-video-preview":"max-video-preview:-1"},"canonical":"https:\/\/neos-music.com\/en_us\/product\/ludwig-van-beethoven-symphony-no-3-eroica\/","og_locale":"en_US","og_type":"article","og_title":"Ludwig van Beethoven: Symphony No. 3 \"Eroica\" - NEOS Music","og_description":"Infotext: RICHARD WAGNER \u00dcBER BEETHOVENS \u00bbHEROISCHE SYMPHONIE\u00ab Diese h\u00f6chst bedeutsame Tondichtung \u2013 die dritte Symphonie des Meisters, und das Werk, mit welchem er zuerst seine ganz eigenth\u00fcmliche Richtung einschlug \u2013 ist in vielen Beziehungen nicht so leicht zu verstehen, als es ihre Benennung vermuthen lie\u00dfe, und zwar gerade weil der Titel \u00bbheroische Symphonie\u00ab unwillk\u00fcrlich verleitet, [&hellip;]","og_url":"https:\/\/neos-music.com\/en_us\/product\/ludwig-van-beethoven-symphony-no-3-eroica\/","og_site_name":"NEOS Music","article_modified_time":"2023-01-13T23:17:33+00:00","og_image":[{"width":1647,"height":1482,"url":"https:\/\/neos-music.com\/wp-content\/uploads\/2022\/11\/NEOS_30802_Beethoven_Eroica.jpeg","type":"image\/jpeg"}],"twitter_card":"summary_large_image","twitter_misc":{"Est. reading time":"7 minutes"},"schema":{"@context":"https:\/\/schema.org","@graph":[{"@type":"WebPage","@id":"https:\/\/neos-music.com\/product\/ludwig-van-beethoven-symphony-no-3-eroica\/","url":"https:\/\/neos-music.com\/product\/ludwig-van-beethoven-symphony-no-3-eroica\/","name":"Ludwig van Beethoven: Symphony No. 3 \"Eroica\" - NEOS Music","isPartOf":{"@id":"https:\/\/neos-music.com\/#website"},"primaryImageOfPage":{"@id":"https:\/\/neos-music.com\/product\/ludwig-van-beethoven-symphony-no-3-eroica\/#primaryimage"},"image":{"@id":"https:\/\/neos-music.com\/product\/ludwig-van-beethoven-symphony-no-3-eroica\/#primaryimage"},"thumbnailUrl":"https:\/\/i0.wp.com\/neos-music.com\/wp-content\/uploads\/2022\/11\/NEOS_30802_Beethoven_Eroica.jpeg?fit=1647%2C1482&ssl=1","datePublished":"2008-06-01T13:44:58+00:00","dateModified":"2023-01-13T23:17:33+00:00","breadcrumb":{"@id":"https:\/\/neos-music.com\/product\/ludwig-van-beethoven-symphony-no-3-eroica\/#breadcrumb"},"inLanguage":"en-US","potentialAction":[{"@type":"ReadAction","target":["https:\/\/neos-music.com\/product\/ludwig-van-beethoven-symphony-no-3-eroica\/"]}]},{"@type":"ImageObject","inLanguage":"en-US","@id":"https:\/\/neos-music.com\/product\/ludwig-van-beethoven-symphony-no-3-eroica\/#primaryimage","url":"https:\/\/i0.wp.com\/neos-music.com\/wp-content\/uploads\/2022\/11\/NEOS_30802_Beethoven_Eroica.jpeg?fit=1647%2C1482&ssl=1","contentUrl":"https:\/\/i0.wp.com\/neos-music.com\/wp-content\/uploads\/2022\/11\/NEOS_30802_Beethoven_Eroica.jpeg?fit=1647%2C1482&ssl=1","width":1647,"height":1482},{"@type":"BreadcrumbList","@id":"https:\/\/neos-music.com\/product\/ludwig-van-beethoven-symphony-no-3-eroica\/#breadcrumb","itemListElement":[{"@type":"ListItem","position":1,"name":"Startseite","item":"https:\/\/neos-music.com\/"},{"@type":"ListItem","position":2,"name":"Produkte","item":"https:\/\/neos-music.com\/shop__trashed\/"},{"@type":"ListItem","position":3,"name":"Ludwig van Beethoven: Symphony No. 3 &#8220;Eroica&#8221;"}]},{"@type":"WebSite","@id":"https:\/\/neos-music.com\/#website","url":"https:\/\/neos-music.com\/","name":"NEOS Music","description":"Dein Online Shop f\u00fcr zeitgen\u00f6ssische Musik, Jazz und Classics!","publisher":{"@id":"https:\/\/neos-music.com\/#organization"},"potentialAction":[{"@type":"SearchAction","target":{"@type":"EntryPoint","urlTemplate":"https:\/\/neos-music.com\/?s={search_term_string}"},"query-input":{"@type":"PropertyValueSpecification","valueRequired":true,"valueName":"search_term_string"}}],"inLanguage":"en-US"},{"@type":"Organization","@id":"https:\/\/neos-music.com\/#organization","name":"NEOS Music","url":"https:\/\/neos-music.com\/","logo":{"@type":"ImageObject","inLanguage":"en-US","@id":"https:\/\/neos-music.com\/#\/schema\/logo\/image\/","url":"https:\/\/i0.wp.com\/neos-music.com\/wp-content\/uploads\/2025\/08\/NEOS-Logo-weiss.png?fit=800%2C203&ssl=1","contentUrl":"https:\/\/i0.wp.com\/neos-music.com\/wp-content\/uploads\/2025\/08\/NEOS-Logo-weiss.png?fit=800%2C203&ssl=1","width":800,"height":203,"caption":"NEOS Music"},"image":{"@id":"https:\/\/neos-music.com\/#\/schema\/logo\/image\/"}}]}},"jetpack_sharing_enabled":true,"_links":{"self":[{"href":"https:\/\/neos-music.com\/en_us\/wp-json\/wp\/v2\/product\/3230","targetHints":{"allow":["GET"]}}],"collection":[{"href":"https:\/\/neos-music.com\/en_us\/wp-json\/wp\/v2\/product"}],"about":[{"href":"https:\/\/neos-music.com\/en_us\/wp-json\/wp\/v2\/types\/product"}],"version-history":[{"count":0,"href":"https:\/\/neos-music.com\/en_us\/wp-json\/wp\/v2\/product\/3230\/revisions"}],"wp:featuredmedia":[{"embeddable":true,"href":"https:\/\/neos-music.com\/en_us\/wp-json\/wp\/v2\/media\/3231"}],"wp:attachment":[{"href":"https:\/\/neos-music.com\/en_us\/wp-json\/wp\/v2\/media?parent=3230"}],"wp:term":[{"taxonomy":"product_brand","embeddable":true,"href":"https:\/\/neos-music.com\/en_us\/wp-json\/wp\/v2\/product_brand?post=3230"},{"taxonomy":"product_cat","embeddable":true,"href":"https:\/\/neos-music.com\/en_us\/wp-json\/wp\/v2\/product_cat?post=3230"},{"taxonomy":"product_tag","embeddable":true,"href":"https:\/\/neos-music.com\/en_us\/wp-json\/wp\/v2\/product_tag?post=3230"}],"curies":[{"name":"wp","href":"https:\/\/api.w.org\/{rel}","templated":true}]}}