{"id":8252,"date":"2024-03-22T12:15:19","date_gmt":"2024-03-22T11:15:19","guid":{"rendered":"https:\/\/neos-music.com\/?post_type=product&#038;p=8252"},"modified":"2026-01-28T20:10:38","modified_gmt":"2026-01-28T19:10:38","slug":"musica-antigua","status":"publish","type":"product","link":"https:\/\/neos-music.com\/en_us\/product\/musica-antigua\/","title":{"rendered":"<span class=\"notranslate\">M\u00fasica antigua<\/span>"},"content":{"rendered":"<p data-start=\"314\" data-end=\"395\"><strong>M\u00daSICA ANTIGUA \u2013 Early music from Las Palmas de Gran Canaria Cathedral<\/strong><\/p>\n<p data-start=\"397\" data-end=\"933\">Las Palmas de Gran Canaria's Santa Ana Cathedral is not only an architectural testament to centuries of construction history, but also an important musical center in the Atlantic region. Since the late 15th century, it has had its own music ensemble, whose repertoire is reflected in the cathedral's archives, which have been preserved to this day. The oldest sources date back to the early 16th century and document a rich, largely unknown tradition of sacred music in the Canary Islands.<\/p>\n<p data-start=\"935\" data-end=\"1463\" class=\"translation-block\">This recording focuses on the <em>Villancico<\/em>, a form of song that originated in folk music and developed between the 16th and 18th centuries into one of the most important musical genres of the Iberian Baroque. The villancico flourished particularly in Las Palmas Cathedral: it combined religious content with regional, linguistic, and cultural influences, also incorporating elements of African and American musical traditions\u2014a reflection of the islands' global connections.<\/p>\n<p data-start=\"1465\" data-end=\"1980\" class=\"translation-block\">The works recorded here were composed by three chapel masters of the cathedral: Francisco Hern\u00e1ndez, Diego Dur\u00f3n, and Joaqu\u00edn Garc\u00eda. While Hern\u00e1ndez is one of the earliest figures, known only fragmentarily, Dur\u00f3n shaped the musical life of the cathedral for more than five decades with a wealth of colorful villancicos. Garc\u00eda continued this tradition in the 18th century, opening it up to Italian influences, new instruments, and modern forms such as recitative and aria.<\/p>\n<p data-start=\"1982\" data-end=\"2312\" class=\"translation-block\">The vocal repertoire is complemented by organ music from 17th-century Spain, represented by works by Sebasti\u00e1n Aguilera de Heredia and Pablo Bruna, two central figures of the Aragonese organ school. Their music exemplifies the high craftsmanship and expressive quality of Iberian keyboard music of that period.<\/p>\n<p data-start=\"2314\" data-end=\"2713\" class=\"translation-block\">Since its founding, the Capilla del Real de Las Palmas has been dedicated to rediscovering and bringing this musical heritage to life. With historical performance practice, scientific curiosity, and sonic presence, the ensemble brings the music of Santa Ana Cathedral back to life\u2014as part of a multifaceted cultural history between Europe, Africa, and the New World.<\/p>","protected":false},"excerpt":{"rendered":"<p>2 CDs<\/p>","protected":false},"featured_media":8256,"template":"","meta":{"site-sidebar-layout":"default","site-content-layout":"default","ast-site-content-layout":"default","site-content-style":"default","site-sidebar-style":"default","ast-global-header-display":"","ast-banner-title-visibility":"","ast-main-header-display":"","ast-hfb-above-header-display":"","ast-hfb-below-header-display":"","ast-hfb-mobile-header-display":"","site-post-title":"","ast-breadcrumbs-content":"","ast-featured-img":"","footer-sml-layout":"","theme-transparent-header-meta":"default","adv-header-id-meta":"","stick-header-meta":"","header-above-stick-meta":"","header-main-stick-meta":"","header-below-stick-meta":"","astra-migrate-meta-layouts":"set","ast-page-background-enabled":"default","ast-page-background-meta":{"desktop":{"background-color":"","background-image":"","background-repeat":"repeat","background-position":"center center","background-size":"auto","background-attachment":"scroll","background-type":"","background-media":"","overlay-type":"","overlay-color":"","overlay-opacity":"","overlay-gradient":""},"tablet":{"background-color":"","background-image":"","background-repeat":"repeat","background-position":"center center","background-size":"auto","background-attachment":"scroll","background-type":"","background-media":"","overlay-type":"","overlay-color":"","overlay-opacity":"","overlay-gradient":""},"mobile":{"background-color":"","background-image":"","background-repeat":"repeat","background-position":"center center","background-size":"auto","background-attachment":"scroll","background-type":"","background-media":"","overlay-type":"","overlay-color":"","overlay-opacity":"","overlay-gradient":""}},"ast-content-background-meta":{"desktop":{"background-color":"var(--ast-global-color-5)","background-image":"","background-repeat":"repeat","background-position":"center center","background-size":"auto","background-attachment":"scroll","background-type":"","background-media":"","overlay-type":"","overlay-color":"","overlay-opacity":"","overlay-gradient":""},"tablet":{"background-color":"var(--ast-global-color-5)","background-image":"","background-repeat":"repeat","background-position":"center center","background-size":"auto","background-attachment":"scroll","background-type":"","background-media":"","overlay-type":"","overlay-color":"","overlay-opacity":"","overlay-gradient":""},"mobile":{"background-color":"var(--ast-global-color-5)","background-image":"","background-repeat":"repeat","background-position":"center center","background-size":"auto","background-attachment":"scroll","background-type":"","background-media":"","overlay-type":"","overlay-color":"","overlay-opacity":"","overlay-gradient":""}}},"product_brand":[],"product_cat":[25],"product_tag":[876],"class_list":{"0":"post-8252","1":"product","2":"type-product","3":"status-publish","4":"has-post-thumbnail","6":"product_cat-klassische-musik","7":"product_tag-neuveroeffentlichungen","8":"desktop-align-left","9":"tablet-align-left","10":"mobile-align-left","12":"first","13":"instock","14":"taxable","15":"shipping-taxable","16":"purchasable","17":"product-type-simple"},"yoast_head":"<!-- This site is optimized with the Yoast SEO plugin v27.4 - https:\/\/yoast.com\/product\/yoast-seo-wordpress\/ -->\n<title>M\u00fasica antigua - NEOS Music<\/title>\n<meta name=\"description\" content=\"Die Kathedrale von Las Palmas de Gran Canaria verf\u00fcgte von Anfang an \u00fcber eine eigene Musikkapelle. Die verschiedenen Kapellmeister, die hier ihr Amt aus\u00fcbten, stellten einen Werkkatalog zusammen, aus dem das heutige Musikarchiv der Kathedrale der Kanarischen Inseln hervorging.\" \/>\n<meta name=\"robots\" content=\"index, follow, max-snippet:-1, max-image-preview:large, max-video-preview:-1\" \/>\n<link rel=\"canonical\" href=\"https:\/\/neos-music.com\/en_us\/product\/musica-antigua\/\" \/>\n<meta property=\"og:locale\" content=\"en_US\" \/>\n<meta property=\"og:type\" content=\"article\" \/>\n<meta property=\"og:title\" content=\"M\u00fasica antigua - NEOS Music\" \/>\n<meta property=\"og:description\" content=\"Die Kathedrale von Las Palmas de Gran Canaria verf\u00fcgte von Anfang an \u00fcber eine eigene Musikkapelle. Die verschiedenen Kapellmeister, die hier ihr Amt aus\u00fcbten, stellten einen Werkkatalog zusammen, aus dem das heutige Musikarchiv der Kathedrale der Kanarischen Inseln hervorging.\" \/>\n<meta property=\"og:url\" content=\"https:\/\/neos-music.com\/en_us\/product\/musica-antigua\/\" \/>\n<meta property=\"og:site_name\" content=\"NEOS Music\" \/>\n<meta property=\"article:modified_time\" content=\"2026-01-28T19:10:38+00:00\" \/>\n<meta property=\"og:image\" content=\"https:\/\/neos-music.com\/wp-content\/uploads\/2024\/03\/NEOS-32401-02-Musica-antigua-Cover.jpg\" \/>\n\t<meta property=\"og:image:width\" content=\"1648\" \/>\n\t<meta property=\"og:image:height\" content=\"1484\" \/>\n\t<meta property=\"og:image:type\" content=\"image\/jpeg\" \/>\n<meta name=\"twitter:card\" content=\"summary_large_image\" \/>\n<meta name=\"twitter:label1\" content=\"Est. reading time\" \/>\n\t<meta name=\"twitter:data1\" content=\"2 minutes\" \/>\n<script type=\"application\/ld+json\" class=\"yoast-schema-graph\">{\"@context\":\"https:\\\/\\\/schema.org\",\"@graph\":[{\"@type\":\"WebPage\",\"@id\":\"https:\\\/\\\/neos-music.com\\\/product\\\/musica-antigua\\\/\",\"url\":\"https:\\\/\\\/neos-music.com\\\/product\\\/musica-antigua\\\/\",\"name\":\"M\u00fasica antigua - NEOS Music\",\"isPartOf\":{\"@id\":\"https:\\\/\\\/neos-music.com\\\/#website\"},\"primaryImageOfPage\":{\"@id\":\"https:\\\/\\\/neos-music.com\\\/product\\\/musica-antigua\\\/#primaryimage\"},\"image\":{\"@id\":\"https:\\\/\\\/neos-music.com\\\/product\\\/musica-antigua\\\/#primaryimage\"},\"thumbnailUrl\":\"https:\\\/\\\/i0.wp.com\\\/neos-music.com\\\/wp-content\\\/uploads\\\/2024\\\/03\\\/NEOS-32401-02-Musica-antigua-Cover.jpg?fit=1648%2C1484&ssl=1\",\"datePublished\":\"2024-03-22T11:15:19+00:00\",\"dateModified\":\"2026-01-28T19:10:38+00:00\",\"description\":\"Die Kathedrale von Las Palmas de Gran Canaria verf\u00fcgte von Anfang an \u00fcber eine eigene Musikkapelle. Die verschiedenen Kapellmeister, die hier ihr Amt aus\u00fcbten, stellten einen Werkkatalog zusammen, aus dem das heutige Musikarchiv der Kathedrale der Kanarischen Inseln hervorging.\",\"breadcrumb\":{\"@id\":\"https:\\\/\\\/neos-music.com\\\/product\\\/musica-antigua\\\/#breadcrumb\"},\"inLanguage\":\"en-US\",\"potentialAction\":[{\"@type\":\"ReadAction\",\"target\":[\"https:\\\/\\\/neos-music.com\\\/product\\\/musica-antigua\\\/\"]}]},{\"@type\":\"ImageObject\",\"inLanguage\":\"en-US\",\"@id\":\"https:\\\/\\\/neos-music.com\\\/product\\\/musica-antigua\\\/#primaryimage\",\"url\":\"https:\\\/\\\/i0.wp.com\\\/neos-music.com\\\/wp-content\\\/uploads\\\/2024\\\/03\\\/NEOS-32401-02-Musica-antigua-Cover.jpg?fit=1648%2C1484&ssl=1\",\"contentUrl\":\"https:\\\/\\\/i0.wp.com\\\/neos-music.com\\\/wp-content\\\/uploads\\\/2024\\\/03\\\/NEOS-32401-02-Musica-antigua-Cover.jpg?fit=1648%2C1484&ssl=1\",\"width\":1648,\"height\":1484},{\"@type\":\"BreadcrumbList\",\"@id\":\"https:\\\/\\\/neos-music.com\\\/product\\\/musica-antigua\\\/#breadcrumb\",\"itemListElement\":[{\"@type\":\"ListItem\",\"position\":1,\"name\":\"Startseite\",\"item\":\"https:\\\/\\\/neos-music.com\\\/\"},{\"@type\":\"ListItem\",\"position\":2,\"name\":\"Produkte\",\"item\":\"https:\\\/\\\/neos-music.com\\\/shop__trashed\\\/\"},{\"@type\":\"ListItem\",\"position\":3,\"name\":\"M\u00fasica antigua\"}]},{\"@type\":\"WebSite\",\"@id\":\"https:\\\/\\\/neos-music.com\\\/#website\",\"url\":\"https:\\\/\\\/neos-music.com\\\/\",\"name\":\"NEOS Music\",\"description\":\"Dein Online Shop f\u00fcr zeitgen\u00f6ssische Musik, Jazz und Classics!\",\"publisher\":{\"@id\":\"https:\\\/\\\/neos-music.com\\\/#organization\"},\"potentialAction\":[{\"@type\":\"SearchAction\",\"target\":{\"@type\":\"EntryPoint\",\"urlTemplate\":\"https:\\\/\\\/neos-music.com\\\/?s={search_term_string}\"},\"query-input\":{\"@type\":\"PropertyValueSpecification\",\"valueRequired\":true,\"valueName\":\"search_term_string\"}}],\"inLanguage\":\"en-US\"},{\"@type\":\"Organization\",\"@id\":\"https:\\\/\\\/neos-music.com\\\/#organization\",\"name\":\"NEOS Music\",\"url\":\"https:\\\/\\\/neos-music.com\\\/\",\"logo\":{\"@type\":\"ImageObject\",\"inLanguage\":\"en-US\",\"@id\":\"https:\\\/\\\/neos-music.com\\\/#\\\/schema\\\/logo\\\/image\\\/\",\"url\":\"https:\\\/\\\/i0.wp.com\\\/neos-music.com\\\/wp-content\\\/uploads\\\/2025\\\/08\\\/NEOS-Logo-weiss.png?fit=800%2C203&ssl=1\",\"contentUrl\":\"https:\\\/\\\/i0.wp.com\\\/neos-music.com\\\/wp-content\\\/uploads\\\/2025\\\/08\\\/NEOS-Logo-weiss.png?fit=800%2C203&ssl=1\",\"width\":800,\"height\":203,\"caption\":\"NEOS Music\"},\"image\":{\"@id\":\"https:\\\/\\\/neos-music.com\\\/#\\\/schema\\\/logo\\\/image\\\/\"}}]}<\/script>\n<!-- \/ Yoast SEO plugin. -->","yoast_head_json":{"title":"M\u00fasica antigua - NEOS Music","description":"Die Kathedrale von Las Palmas de Gran Canaria verf\u00fcgte von Anfang an \u00fcber eine eigene Musikkapelle. Die verschiedenen Kapellmeister, die hier ihr Amt aus\u00fcbten, stellten einen Werkkatalog zusammen, aus dem das heutige Musikarchiv der Kathedrale der Kanarischen Inseln hervorging.","robots":{"index":"index","follow":"follow","max-snippet":"max-snippet:-1","max-image-preview":"max-image-preview:large","max-video-preview":"max-video-preview:-1"},"canonical":"https:\/\/neos-music.com\/en_us\/product\/musica-antigua\/","og_locale":"en_US","og_type":"article","og_title":"M\u00fasica antigua - NEOS Music","og_description":"Die Kathedrale von Las Palmas de Gran Canaria verf\u00fcgte von Anfang an \u00fcber eine eigene Musikkapelle. Die verschiedenen Kapellmeister, die hier ihr Amt aus\u00fcbten, stellten einen Werkkatalog zusammen, aus dem das heutige Musikarchiv der Kathedrale der Kanarischen Inseln hervorging.","og_url":"https:\/\/neos-music.com\/en_us\/product\/musica-antigua\/","og_site_name":"NEOS Music","article_modified_time":"2026-01-28T19:10:38+00:00","og_image":[{"width":1648,"height":1484,"url":"https:\/\/neos-music.com\/wp-content\/uploads\/2024\/03\/NEOS-32401-02-Musica-antigua-Cover.jpg","type":"image\/jpeg"}],"twitter_card":"summary_large_image","twitter_misc":{"Est. reading time":"2 minutes"},"schema":{"@context":"https:\/\/schema.org","@graph":[{"@type":"WebPage","@id":"https:\/\/neos-music.com\/product\/musica-antigua\/","url":"https:\/\/neos-music.com\/product\/musica-antigua\/","name":"M\u00fasica antigua - NEOS Music","isPartOf":{"@id":"https:\/\/neos-music.com\/#website"},"primaryImageOfPage":{"@id":"https:\/\/neos-music.com\/product\/musica-antigua\/#primaryimage"},"image":{"@id":"https:\/\/neos-music.com\/product\/musica-antigua\/#primaryimage"},"thumbnailUrl":"https:\/\/i0.wp.com\/neos-music.com\/wp-content\/uploads\/2024\/03\/NEOS-32401-02-Musica-antigua-Cover.jpg?fit=1648%2C1484&ssl=1","datePublished":"2024-03-22T11:15:19+00:00","dateModified":"2026-01-28T19:10:38+00:00","description":"Die Kathedrale von Las Palmas de Gran Canaria verf\u00fcgte von Anfang an \u00fcber eine eigene Musikkapelle. Die verschiedenen Kapellmeister, die hier ihr Amt aus\u00fcbten, stellten einen Werkkatalog zusammen, aus dem das heutige Musikarchiv der Kathedrale der Kanarischen Inseln hervorging.","breadcrumb":{"@id":"https:\/\/neos-music.com\/product\/musica-antigua\/#breadcrumb"},"inLanguage":"en-US","potentialAction":[{"@type":"ReadAction","target":["https:\/\/neos-music.com\/product\/musica-antigua\/"]}]},{"@type":"ImageObject","inLanguage":"en-US","@id":"https:\/\/neos-music.com\/product\/musica-antigua\/#primaryimage","url":"https:\/\/i0.wp.com\/neos-music.com\/wp-content\/uploads\/2024\/03\/NEOS-32401-02-Musica-antigua-Cover.jpg?fit=1648%2C1484&ssl=1","contentUrl":"https:\/\/i0.wp.com\/neos-music.com\/wp-content\/uploads\/2024\/03\/NEOS-32401-02-Musica-antigua-Cover.jpg?fit=1648%2C1484&ssl=1","width":1648,"height":1484},{"@type":"BreadcrumbList","@id":"https:\/\/neos-music.com\/product\/musica-antigua\/#breadcrumb","itemListElement":[{"@type":"ListItem","position":1,"name":"Startseite","item":"https:\/\/neos-music.com\/"},{"@type":"ListItem","position":2,"name":"Produkte","item":"https:\/\/neos-music.com\/shop__trashed\/"},{"@type":"ListItem","position":3,"name":"M\u00fasica antigua"}]},{"@type":"WebSite","@id":"https:\/\/neos-music.com\/#website","url":"https:\/\/neos-music.com\/","name":"NEOS Music","description":"Dein Online Shop f\u00fcr zeitgen\u00f6ssische Musik, Jazz und Classics!","publisher":{"@id":"https:\/\/neos-music.com\/#organization"},"potentialAction":[{"@type":"SearchAction","target":{"@type":"EntryPoint","urlTemplate":"https:\/\/neos-music.com\/?s={search_term_string}"},"query-input":{"@type":"PropertyValueSpecification","valueRequired":true,"valueName":"search_term_string"}}],"inLanguage":"en-US"},{"@type":"Organization","@id":"https:\/\/neos-music.com\/#organization","name":"NEOS Music","url":"https:\/\/neos-music.com\/","logo":{"@type":"ImageObject","inLanguage":"en-US","@id":"https:\/\/neos-music.com\/#\/schema\/logo\/image\/","url":"https:\/\/i0.wp.com\/neos-music.com\/wp-content\/uploads\/2025\/08\/NEOS-Logo-weiss.png?fit=800%2C203&ssl=1","contentUrl":"https:\/\/i0.wp.com\/neos-music.com\/wp-content\/uploads\/2025\/08\/NEOS-Logo-weiss.png?fit=800%2C203&ssl=1","width":800,"height":203,"caption":"NEOS Music"},"image":{"@id":"https:\/\/neos-music.com\/#\/schema\/logo\/image\/"}}]}},"jetpack_sharing_enabled":true,"_links":{"self":[{"href":"https:\/\/neos-music.com\/en_us\/wp-json\/wp\/v2\/product\/8252","targetHints":{"allow":["GET"]}}],"collection":[{"href":"https:\/\/neos-music.com\/en_us\/wp-json\/wp\/v2\/product"}],"about":[{"href":"https:\/\/neos-music.com\/en_us\/wp-json\/wp\/v2\/types\/product"}],"version-history":[{"count":8,"href":"https:\/\/neos-music.com\/en_us\/wp-json\/wp\/v2\/product\/8252\/revisions"}],"predecessor-version":[{"id":10318,"href":"https:\/\/neos-music.com\/en_us\/wp-json\/wp\/v2\/product\/8252\/revisions\/10318"}],"wp:featuredmedia":[{"embeddable":true,"href":"https:\/\/neos-music.com\/en_us\/wp-json\/wp\/v2\/media\/8256"}],"wp:attachment":[{"href":"https:\/\/neos-music.com\/en_us\/wp-json\/wp\/v2\/media?parent=8252"}],"wp:term":[{"taxonomy":"product_brand","embeddable":true,"href":"https:\/\/neos-music.com\/en_us\/wp-json\/wp\/v2\/product_brand?post=8252"},{"taxonomy":"product_cat","embeddable":true,"href":"https:\/\/neos-music.com\/en_us\/wp-json\/wp\/v2\/product_cat?post=8252"},{"taxonomy":"product_tag","embeddable":true,"href":"https:\/\/neos-music.com\/en_us\/wp-json\/wp\/v2\/product_tag?post=8252"}],"curies":[{"name":"wp","href":"https:\/\/api.w.org\/{rel}","templated":true}]}}